{"id":1924,"date":"2021-01-06T14:46:19","date_gmt":"2021-01-06T13:46:19","guid":{"rendered":"http:\/\/www.lenquetedessens.dealersdescience.com\/?page_id=1924"},"modified":"2021-03-17T20:13:16","modified_gmt":"2021-03-17T19:13:16","slug":"ours","status":"publish","type":"page","link":"https:\/\/www.lenquetedessens.dealersdescience.com\/index.php\/ours\/","title":{"rendered":"Ours"},"content":{"rendered":"\n<div class=\"wp-block-cover alignfull\"><img decoding=\"async\" width=\"2560\" height=\"1024\" class=\"wp-block-cover__image-background wp-image-3418\" alt=\"\" src=\"https:\/\/www.lenquetedessens.dealersdescience.com\/wp-content\/uploads\/2021\/01\/banniere_generale-scaled.jpg\" data-object-fit=\"cover\" srcset=\"https:\/\/www.lenquetedessens.dealersdescience.com\/wp-content\/uploads\/2021\/01\/banniere_generale-scaled.jpg 2560w, https:\/\/www.lenquetedessens.dealersdescience.com\/wp-content\/uploads\/2021\/01\/banniere_generale-300x120.jpg 300w, https:\/\/www.lenquetedessens.dealersdescience.com\/wp-content\/uploads\/2021\/01\/banniere_generale-1024x410.jpg 1024w, https:\/\/www.lenquetedessens.dealersdescience.com\/wp-content\/uploads\/2021\/01\/banniere_generale-768x307.jpg 768w, https:\/\/www.lenquetedessens.dealersdescience.com\/wp-content\/uploads\/2021\/01\/banniere_generale-1536x614.jpg 1536w, https:\/\/www.lenquetedessens.dealersdescience.com\/wp-content\/uploads\/2021\/01\/banniere_generale-2048x819.jpg 2048w\" sizes=\"(max-width: 2560px) 100vw, 2560px\" \/><div class=\"wp-block-cover__inner-container is-layout-flow wp-block-cover-is-layout-flow\">\n<h1 class=\"has-text-align-center wp-block-heading\"><\/h1>\n\n\n\n<h3 class=\"has-text-align-center wp-block-heading\"><\/h3>\n<\/div><\/div>\n\n\n\n<div style=\"height:45px\" aria-hidden=\"true\" class=\"wp-block-spacer\"><\/div>\n\n\n\n<h1 class=\"has-text-align-center has-text-color wp-block-heading\" style=\"color:#1b2c31\">Exposition num\u00e9rique<\/h1>\n\n\n\n<h2 class=\"has-text-align-center has-text-color wp-block-heading\" style=\"color:#0a4bc1\">Donner sens <\/h2>\n\n\n\n<h3 class=\"has-text-align-center has-text-color wp-block-heading\" style=\"color:#e09e2e\">Ours de l&rsquo;exposition<\/h3>\n\n\n\n<div style=\"height:45px\" aria-hidden=\"true\" class=\"wp-block-spacer\"><\/div>\n\n\n\n<style>\n\t#hotspot-926 .hotspots-image-container,\n\t#hotspot-926 .leaflet-container {\n\t\tbackground: #efefef\t}\n\n\t#hotspot-926 .hotspots-placeholder {\n\t\tbackground: #2E2D29;\n\t\tborder: 0 #2E2D29 solid;\n\t\tcolor: #DFEBE5;\n\t}\n\n\t#hotspot-926 .hotspot-title {\n\t\tcolor: #1b2c31;\n\t}\n\n\t\t\t#hotspot-926 .hotspot-default {\n\t\t\tstroke-width: 2;\n\t\t\tfill: #ffffff;\n\t\t\tfill-opacity: 0;\n\t\t\tstroke: #ffffff;\n\t\t\tstroke-opacity: 0;\n\t\t}\n\t\t#hotspot-926 .hotspot-default:hover,\n\t\t#hotspot-926 .hotspot-default:focus-visible,\n\t\t#hotspot-926 .hotspot-default.hotspot-active {\n\t\t\tfill: #cfdffc;\n\t\t\tfill-opacity: 0.71;\n\t\t\tstroke: #0a4bc1;\n\t\t\tstroke-opacity: 1.01;\n\t\t}\n\t\t#hotspot-926 .leaflet-tooltip,\n\t#hotspot-926 .leaflet-rrose-content-wrapper {\n\t\tbackground: #2E2D29;\n\t\tborder-color: #2E2D29;\n\t\tcolor: #DFEBE5;\n\t}\n\n\t#hotspot-926 a.leaflet-rrose-close-button {\n\t\tcolor: #1b2c31;\n\t}\n\n\t#hotspot-926 .leaflet-rrose-tip {\n\t\tbackground: #2E2D29;\n\t}\n\n\t#hotspot-926 .leaflet-popup-scrolled {\n\t\tborder-bottom-color: #DFEBE5;\n\t\tborder-top-color: #DFEBE5;\n\t}\n\n\t#hotspot-926 .leaflet-tooltip-top:before {\n\t\tborder-top-color: #2E2D29;\n\t}\n\n\t#hotspot-926 .leaflet-tooltip-bottom:before {\n\t\tborder-bottom-color: #2E2D29;\n\t}\n\t#hotspot-926 .leaflet-tooltip-left:before {\n\t\tborder-left-color: #2E2D29;\n\t}\n\t#hotspot-926 .leaflet-tooltip-right:before {\n\t\tborder-right-color: #2E2D29;\n\t}\n<\/style>\n\n\t\n\t<div class=\"hotspots-container links-only layout-left event-click\" id=\"hotspot-926\" data-layout=\"left\" data-trigger=\"click\">\n\t\t<div class=\"hotspots-interaction\">\n\t\t\t<div class=\"hotspots-image-container\">\n\t<img\n\t\twidth=\"2560\"\n\t\theight=\"966\"\n\t\tsrc=\"https:\/\/www.lenquetedessens.dealersdescience.com\/wp-content\/uploads\/2020\/12\/Expo_num-Image-scaled.jpg\"\n\t\talt=\"Image d&#039;entr\u00e9e dans l&#039;exposition &quot;Donner sens&quot;. Une pi\u00e8ce tr\u00e8s claire dans laquelle sont dispos\u00e9s plusieurs objets classiques dans un salon mais aussi des objets plus insolites : la V\u00e9nus de Laussel, le livre &quot;Ils \u00e9taient dix&quot;, une affiche &quot;Mouliex lib\u00e8re la femme&quot; et une robe de la collection Weedrobes.\"\n\t\tclass=\"hotspots-image skip-lazy\"\n\t\tusemap=\"#hotspots-image-926\"\n\t\tdata-image-title=\"Image d&rsquo;accueil\"\n\t\tdata-image-description=\"\"\n\t\tdata-event-trigger=\"click\"\n\t\tdata-always-visible=\"false\"\n\t\tdata-id=\"926\"\n\t\tdata-no-lazy=\"1\"\n\t\tdata-lazy-src=\"\"\n\t\tdata-lazy=\"false\"\n\t\tloading=\"eager\"\n\t\tdata-skip-lazy=\"1\"\n\t\t>\n<\/div>\t\t<\/div>\n\t\t<map name=\"hotspots-image-926\" class=\"hotspots-map\">\n\t\t\t\t\t\t\t\t\t\t\t<area\n\t\t\t\t\tshape=\"polygon\"\n\t\t\t\t\tcoords=\"638,447,632,447,625,451,615,455,607,459,598,461,591,463,582,463,575,466,566,470,558,474,550,477,543,481,539,487,536,494,535,503,535,510,537,521,540,530,541,544,544,557,546,570,549,581,552,587,553,596,556,604,561,608,564,617,567,626,573,636,577,641,583,646,591,649,597,649,607,649,613,653,619,655,628,656,637,656,646,655,653,651,660,649,670,645,677,643,680,636,682,628,685,620,689,613,690,604,693,598,693,587,693,580,689,570,686,563,684,554,681,544,677,533,674,526,669,515,664,506,662,500,661,494,653,488,648,472,648,465,646,454\"\n\t\t\t\t\thref=\"https:\/\/www.lenquetedessens.dealersdescience.com\/index.php\/exposition-numerique-venus-de-laussel-en-quete-de-sens\/\"\n\t\t\t\t\trel=\"\"\n\t\t\t\t\ttitle=\"V\u00e9nus de Laussel : en qu\u00eate de sens\"\n\t\t\t\t\talt=\"V\u00e9nus de Laussel : en qu\u00eate de sens\"\n\t\t\t\t\tdata-action=\"url\"\n\t\t\t\t\tdata-color-scheme=\"\"\n\t\t\t\t\ttarget=\"\"\n\t\t\t\t\tclass=\"url-area\"\n\t\t\t\t\t>\n\t\t\t\t\t\t\t\t\t\t\t<area\n\t\t\t\t\tshape=\"polygon\"\n\t\t\t\t\tcoords=\"1210,671,1368,626,1542,707,1538,778,1363,847,1214,738\"\n\t\t\t\t\thref=\"https:\/\/www.lenquetedessens.dealersdescience.com\/index.php\/exposition-numerique-le-sens-du-mot-en-n-debat-actuel-d-un-mot-du-passe\/\"\n\t\t\t\t\trel=\"\"\n\t\t\t\t\ttitle=\"Le sens du mot en N\"\n\t\t\t\t\talt=\"Le sens du mot en N\"\n\t\t\t\t\tdata-action=\"url\"\n\t\t\t\t\tdata-color-scheme=\"\"\n\t\t\t\t\ttarget=\"\"\n\t\t\t\t\tclass=\"url-area\"\n\t\t\t\t\t>\n\t\t\t\t\t\t\t\t\t\t\t<area\n\t\t\t\t\tshape=\"polygon\"\n\t\t\t\t\tcoords=\"1967,152,1960,155,1959,163,1950,165,1947,159,1939,162,1933,172,1931,178,1936,182,1928,191,1920,198,1917,206,1919,213,1914,219,1906,227,1906,234,1910,240,1918,243,1921,250,1925,256,1932,263,1938,268,1935,277,1936,288,1934,294,1926,300,1915,309,1908,311,1902,320,1898,326,1893,330,1887,335,1886,351,1878,352,1870,358,1867,365,1867,371,1867,378,1862,383,1858,390,1852,398,1847,404,1861,399,1857,409,1853,415,1850,421,1847,427,1845,435,1843,451,1841,458,1839,464,1835,472,1833,479,1832,486,1825,497,1820,502,1816,509,1804,512,1793,514,1787,512,1779,512,1769,512,1762,516,1751,519,1743,524,1736,526,1733,532,1739,540,1749,540,1755,543,1764,545,1762,551,1755,554,1761,561,1762,568,1757,572,1751,578,1744,581,1736,583,1727,589,1720,597,1717,603,1715,611,1712,621,1706,628,1713,632,1715,638,1708,639,1701,640,1706,646,1706,652,1706,660,1697,668,1690,669,1695,675,1701,681,1706,687,1701,693,1699,702,1709,708,1711,717,1721,720,1716,727,1719,736,1726,746,1731,752,1737,747,1746,747,1746,753,1747,761,1753,765,1758,770,1761,780,1764,793,1766,820,1769,843,1771,863,1776,880,1778,901,1775,916,1774,926,1765,930,1747,934,1746,940,1722,935,1713,941,1731,944,1762,944,1782,938,1783,944,1779,950,1771,955,1757,965,2048,965,2057,949,2065,951,2073,954,2077,959,2074,965,2084,965,2092,958,2096,965,2118,965,2136,883,2149,964,2172,966,2173,959,2180,959,2189,957,2197,955,2206,954,2217,957,2223,966,2235,965,2235,950,2244,950,2250,953,2257,956,2265,959,2270,946,2265,941,2259,934,2252,927,2251,917,2256,910,2261,905,2263,898,2266,889,2264,882,2266,872,2266,860,2266,849,2263,833,2263,820,2260,790,2257,746,2258,726,2257,714,2266,721,2271,712,2270,702,2270,694,2282,688,2285,679,2287,673,2278,664,2277,654,2271,650,2269,643,2266,634,2261,630,2261,623,2266,615,2267,607,2262,601,2254,598,2248,595,2245,588,2238,580,2240,571,2238,564,2233,560,2220,550,2224,541,2219,539,2209,550,2202,556,2195,542,2191,537,2189,531,2183,529,2172,532,2166,528,2152,524,2154,517,2145,517,2137,519,2132,515,2135,508,2130,499,2123,479,2131,476,2138,473,2148,474,2157,482,2161,476,2161,462,2156,457,2149,454,2147,448,2153,446,2153,439,2144,431,2136,427,2126,433,2119,436,2121,422,2118,408,2116,397,2109,388,2104,381,2098,378,2104,372,2090,356,2081,351,2074,346,2071,340,2066,333,2062,326,2066,321,2061,315,2057,306,2048,303,2040,305,2035,297,2029,296,2022,292,2016,297,2010,295,2004,298,2002,291,2007,285,2013,282,2024,277,2028,267,2029,258,2034,252,2041,243,2036,235,2035,224,2043,227,2048,222,2049,214,2044,206,2051,192,2048,185,2036,179,2029,174,2022,174,2018,169,2018,162,2010,158,1999,154,1993,152,1990,160,1979,154,1972,156\"\n\t\t\t\t\thref=\"https:\/\/www.lenquetedessens.dealersdescience.com\/index.php\/exposition-numerique-art-et-sensibilisation-ecologique\/\"\n\t\t\t\t\trel=\"\"\n\t\t\t\t\ttitle=\"Art et sensibilisation \u00e9cologique\"\n\t\t\t\t\talt=\"Art et sensibilisation \u00e9cologique\"\n\t\t\t\t\tdata-action=\"url\"\n\t\t\t\t\tdata-color-scheme=\"\"\n\t\t\t\t\ttarget=\"\"\n\t\t\t\t\tclass=\"url-area\"\n\t\t\t\t\t>\n\t\t\t\t\t\t\t\t\t\t\t<area\n\t\t\t\t\tshape=\"polygon\"\n\t\t\t\t\tcoords=\"1096,190,1097,395,745,402,744,162\"\n\t\t\t\t\thref=\"https:\/\/www.lenquetedessens.dealersdescience.com\/index.php\/exposition-numerique-le-sens-de-la-publicite-construction-d-un-stereotype\/\"\n\t\t\t\t\trel=\"\"\n\t\t\t\t\ttitle=\"Le sens dans la publicit\u00e9\"\n\t\t\t\t\talt=\"Le sens dans la publicit\u00e9\"\n\t\t\t\t\tdata-action=\"url\"\n\t\t\t\t\tdata-color-scheme=\"\"\n\t\t\t\t\ttarget=\"\"\n\t\t\t\t\tclass=\"url-area\"\n\t\t\t\t\t>\n\t\t\t\t\t<\/map>\n\n\t\t\n\t\t\t\t\t\t\t\t\t\t\t\t\t\t\t<\/div>\n\n\n\n\n<p>Image initiale <a href=\"https:\/\/unsplash.com\/@jonathanborba\">\u00a9 Jonathan BORBA<\/a>. D\u00e9tournement \u00a9 Cl\u00e9mence CASANOVA.<\/p>\n\n\n\n<div style=\"height:45px\" aria-hidden=\"true\" class=\"wp-block-spacer\"><\/div>\n\n\n\n<h3 class=\"has-text-color wp-block-heading\" style=\"color:#e09e2e\">Remerciements<\/h3>\n\n\n\n<p>Ces travaux ont \u00e9t\u00e9 r\u00e9alis\u00e9s dans un cadre scolaire. Nous voudrions remercier Jessica de Bideran, David Gamet et Boris Urbas pour leur encadrement et leur exp\u00e9rience.&nbsp;<\/p>\n\n\n\n<h3 class=\"has-text-color wp-block-heading\" style=\"color:#e09e2e\">Auteur\u00b7rices des textes<\/h3>\n\n\n\n<p>Les \u00e9tudiant\u00b7es du master Information et m\u00e9diation scientifique et technique, parcours M\u00e9diation des sciences (UFR Sciences des Territoires et de la Communication) sont concepteur\u00b7rices et r\u00e9alisateur\u00b7rices de l&rsquo;exposition virtuelle <em>Donner Sens<\/em>.<\/p>\n\n\n\n<p>Co-habilit\u00e9 par l\u2019Universit\u00e9 Bordeaux Montaigne et l\u2019universit\u00e9 de Bordeaux, le master Information et m\u00e9diation scientifique et technique a pour ambition d\u2019\u00e9tudier la science, son discours, ses concepts, ses relations avec la soci\u00e9t\u00e9, dans leurs dimensions historiques, philosophiques, sociologiques, \u00e9thiques et communicationnelles.<\/p>\n\n\n\n<ul class=\"wp-block-list\"><li>Page principale : Coline Dabestani, Lina Greffet, Elie Stecyna, Gwendal Surzur, Aurore Valex&nbsp;;<\/li><li>Axe artistique : Cl\u00e9mence Casanova, Coline Dabestani, Nina Gasking, Ana Hiquet-Sanchez, Lucile Landais ;<\/li><li>Axe historique : No\u00eblle Krajcman, Justine Renno, Gwendal Surzur, Aurore Valex ;<\/li><li>Axe linguistique : Johanna Bermudes, Kimberly Bonnel, Elie Stecyna, Aksel Tourte ;<\/li><li>Axe s\u00e9miologique : Typhaine Coste, Nathan Florent, Lina Greffet, N\u00e9ph\u00e9lie Godin.<\/li><\/ul>\n\n\n\n<h3 class=\"has-text-color wp-block-heading\" style=\"color:#e09e2e\">Encadrement<\/h3>\n\n\n\n<ul class=\"wp-block-list\"><li>Responsable scientifique : Boris Urbas ;<\/li><li>Responsable exposition num\u00e9rique : Jessica de Bideran ;<\/li><li>Graphisme et cr\u00e9ation du site web de l\u2019\u00e9v\u00e9nement : M\u00e9lanie Toto ;<\/li><li>R\u00e9alisation audiovisuelle : David Gamet.<\/li><\/ul>\n\n\n\n<h3 class=\"has-text-color wp-block-heading\" style=\"color:#e09e2e\">Personnes interview\u00e9es<\/h3>\n\n\n\n<ul class=\"wp-block-list\"><li>\u00c9lara Bertho, docteure en litt\u00e9rature, charg\u00e9e de recherche CNRS au Laboratoire <em>Les Afriques dans le monde<\/em> (Sciences Po Bordeaux, CNRS, Universit\u00e9 Bordeaux Montaigne, IRD, universit\u00e9 de Bordeaux).<\/li><li>Deborah Bowman, doctorante qui r\u00e9alise sa th\u00e8se sur l\u2019art \u00e9cologique au laboratoire<em> M\u00e9diation Informations Communication Arts<\/em> (Universit\u00e9 Bordeaux Montaigne) et professeure d\u2019art \u00e0 l\u2019\u00c9cole Sup\u00e9rieure des Beaux-Arts de Bordeaux.<\/li><li>Vincent Mistrot, attach\u00e9 de conservation pour les p\u00e9riodes pr\u00e9historique et protohistorique au Mus\u00e9e d&rsquo;Aquitaine, mairie de Bordeaux.<\/li><li>Quentin Villeneuve, doctorant au laboratoire <em>De la Pr\u00e9histoire \u00e0 l&rsquo;Actuel : Culture, Environnement et Anthropologie<\/em> (PACEA), universit\u00e9 de Bordeaux.<\/li><\/ul>\n\n\n\n<h3 class=\"has-text-color wp-block-heading\" style=\"color:#e09e2e\">Relecture des textes<\/h3>\n\n\n\n<p>Jessica de Bideran, Boris Urbas, et tous\u00b7tes les \u00e9tudiant\u00b7es du master M\u00e9diation des sciences.<\/p>\n\n\n\n<h3 class=\"has-text-color wp-block-heading\" style=\"color:#e09e2e\">Gestion des droits et recherches iconographiques<\/h3>\n\n\n\n<p>Ces travaux ont \u00e9t\u00e9 r\u00e9alis\u00e9s dans un cadre scolaire. Les documents cr\u00e9\u00e9s par l&rsquo;Association Dealers de Science dans le cadre de cette exposition et plus g\u00e9n\u00e9ralement dans le cadre de tous les travaux p\u00e9dagogiques sont sous licence CC-BY-SA (\u00a9 Dealers de science).<\/p>\n\n\n\n<h3 class=\"has-text-color wp-block-heading\" style=\"color:#e09e2e\">Conception et d\u00e9veloppement du site<\/h3>\n\n\n\n<p>Cl\u00e9mence Casanova et M\u00e9lanie Toto.<\/p>\n\n\n\n<p>Avec la participation des autres \u00e9tudiant\u00b7es du master M\u00e9diation des sciences.<\/p>\n\n\n\n<div style=\"height:45px\" aria-hidden=\"true\" class=\"wp-block-spacer\"><\/div>\n\n\n\n<div class=\"wp-block-cover\" style=\"min-height:300px;aspect-ratio:unset;\"><img decoding=\"async\" width=\"2560\" height=\"1024\" class=\"wp-block-cover__image-background wp-image-3418\" alt=\"\" src=\"https:\/\/www.lenquetedessens.dealersdescience.com\/wp-content\/uploads\/2021\/01\/banniere_generale-scaled.jpg\" data-object-fit=\"cover\" srcset=\"https:\/\/www.lenquetedessens.dealersdescience.com\/wp-content\/uploads\/2021\/01\/banniere_generale-scaled.jpg 2560w, https:\/\/www.lenquetedessens.dealersdescience.com\/wp-content\/uploads\/2021\/01\/banniere_generale-300x120.jpg 300w, https:\/\/www.lenquetedessens.dealersdescience.com\/wp-content\/uploads\/2021\/01\/banniere_generale-1024x410.jpg 1024w, https:\/\/www.lenquetedessens.dealersdescience.com\/wp-content\/uploads\/2021\/01\/banniere_generale-768x307.jpg 768w, https:\/\/www.lenquetedessens.dealersdescience.com\/wp-content\/uploads\/2021\/01\/banniere_generale-1536x614.jpg 1536w, https:\/\/www.lenquetedessens.dealersdescience.com\/wp-content\/uploads\/2021\/01\/banniere_generale-2048x819.jpg 2048w\" sizes=\"(max-width: 2560px) 100vw, 2560px\" \/><div class=\"wp-block-cover__inner-container is-layout-flow wp-block-cover-is-layout-flow\">\n<p class=\"has-text-align-center has-large-font-size\"><\/p>\n<\/div><\/div>\n\n\n\n<div style=\"height:45px\" aria-hidden=\"true\" class=\"wp-block-spacer\"><\/div>\n\n\n\n<h1 class=\"has-text-align-center has-text-color wp-block-heading\" style=\"color:#1b2c31\">Journal<\/h1>\n\n\n\n<h2 class=\"has-text-align-center has-text-color wp-block-heading\" style=\"color:#0a4bc1\">Sensationnel<\/h2>\n\n\n\n<h3 class=\"has-text-align-center has-text-color wp-block-heading\" style=\"color:#e09e2e\">Ours de la parution<\/h3>\n\n\n\n<h3 class=\"has-text-color wp-block-heading\" style=\"color:#e09e2e\">Remerciements<\/h3>\n\n\n\n<p>Ces travaux ont \u00e9t\u00e9 r\u00e9alis\u00e9s dans un cadre scolaire. Nous voudrions remercier H\u00e9lo\u00efse Morel, Alice Bomboy et Boris Urbas pour leur encadrement et leur exp\u00e9rience.&nbsp;<\/p>\n\n\n\n<h3 class=\"has-text-color wp-block-heading\" style=\"color:#e09e2e\">Comit\u00e9 de r\u00e9daction<\/h3>\n\n\n\n<p>R\u00e9dactrice en chef : H\u00e9lo\u00efse Morel ;<br>R\u00e9dacteur\u00b7trices adjoint\u00b7es : Coline Dabestani et Elie Stecyna ;<br>Directeur de publication : Boris Urbas.<\/p>\n\n\n\n<h3 class=\"has-text-color wp-block-heading\" style=\"color:#e09e2e\">Auteur\u00b7rices des textes<\/h3>\n\n\n\n<p>Les \u00e9tudiant\u00b7es du master Information et m\u00e9diation scientifique et technique, parcours M\u00e9diation des sciences (UFR Sciences des Territoires et de la Communication) sont r\u00e9dacteur\u00b7rices et photographes des articles et des reportages photo.<\/p>\n\n\n\n<p>Co-habilit\u00e9 par l\u2019Universit\u00e9 Bordeaux Montaigne et l\u2019universit\u00e9 de Bordeaux, le master Information et m\u00e9diation scientifique et technique a pour ambition d\u2019\u00e9tudier la science, son discours, ses concepts, ses relations avec la soci\u00e9t\u00e9, dans leurs dimensions historiques, philosophiques, sociologiques, \u00e9thiques et communicationnelles.<\/p>\n\n\n\n<h3 class=\"has-text-color wp-block-heading\" style=\"color:#e09e2e\">Encadrement<\/h3>\n\n\n\n<ul class=\"wp-block-list\"><li>Responsable scientifique : Boris Urbas ;<\/li><li>Responsable journal : H\u00e9lo\u00efse Morel ;<\/li><li>Responsable iconographique : Alice Bomboy ;<\/li><li>Graphisme et cr\u00e9ation du site web de l\u2019\u00e9v\u00e9nement : M\u00e9lanie Toto.<\/li><\/ul>\n\n\n\n<h3 class=\"has-text-color wp-block-heading\" style=\"color:#e09e2e\">Personnes interview\u00e9es<\/h3>\n\n\n\n<ul class=\"wp-block-list\"><li>V\u00e9ronique B\u00e9land, artiste pluridisciplinaire.&nbsp;<\/li><li>Amel Bengrine-Joret, psychomotricienne en milieu hospitalier.&nbsp;&nbsp;<\/li><li>Olivier Collignon, enseignant chercheur au Crossmodal Perception and Plasticity laboratory (Universit\u00e9 catholique de Louvain en Belgique).<\/li><li>Marie-Luce G\u00e9lard, anthropologue sp\u00e9cialiste du Maghreb et du milieu saharien et ma\u00eetre de conf\u00e9rences au Centre d\u2019anthropologie culturelle (Universit\u00e9 de Paris).<\/li><li>Matthieu Guemann, post-doctorant en neurophysiologie \u00e0 l\u2019Institut de Neurosciences Cognitives et Int\u00e9gratives d\u2019Aquitaine (CNRS, Universit\u00e9 de Bordeaux).<\/li><li>Marion Haza-Pery, ma\u00eetresse de conf\u00e9rences en psychopathologie clinique au laboratoire Clinique de l&rsquo;Acte et PsychoSexualit\u00e9 (universit\u00e9 de Poitiers). Sp\u00e9cialiste de l&rsquo;adolescence.<\/li><li>Jean Fran\u00e7ois Korobelnik, chef de service ophtalmologique au CHU de Bordeaux et enseignant chercheur au coll\u00e8ge sant\u00e9 de l&rsquo;universit\u00e9 de Bordeaux. Il est responsable de l&rsquo;unit\u00e9 \u00ab r\u00e9tine, uv\u00e9ites, neuro-ophtalmologie \u00bb du CHU de Bordeaux.&nbsp;<\/li><li>Sylvie Lautissier, orthophoniste et charg\u00e9e d&rsquo;enseignement au service des implants cochl\u00e9aires du Centre Hospitalier Universitaire de Bordeaux (CHU Pellegrin) et au Centre de l&rsquo;Audition et du Langage \u00e0 M\u00e9rignac.<\/li><li>Philippe Meyzie, ma\u00eetre de conf\u00e9rences en histoire moderne au Centre d\u2019\u00c9tude des Mondes Modernes et Contemporains (Universit\u00e9 Bordeaux Montaigne)<\/li><li>Cl\u00e9ment Moreau, psychologue clinicien.<\/li><li>Serge Picaud, directeur de recherche Inserm, directeur de l&rsquo;Institut de la vision (Sorbonne Universit\u00e9, Inserm, CNRS). Responsable de l&rsquo;\u00e9quipe traitement de l&rsquo;information visuelle dans la r\u00e9tine : codage et restauration visuelle.&nbsp; &nbsp;&nbsp;&nbsp;<\/li><li>Pascal Ravassard, chercheur post-doctoral dans l&rsquo;\u00e9quipe Olfaction &amp; m\u00e9moire de l&rsquo;Institut interdisciplinaire de neurosciences (IINS) (Universit\u00e9 de Bordeaux, CNRS).&nbsp;&nbsp;&nbsp;&nbsp;<\/li><li>Ana Ribeiro, chor\u00e9graphe et danseuse, enseignante \u00e0 l\u2019universit\u00e9 de Bordeaux.&nbsp;&nbsp;&nbsp;&nbsp;<\/li><li>Freddie-Jeanne Richard, ma\u00eetre de conf\u00e9rences au laboratoire Ecologie et BioIogie des Interactions (universit\u00e9 de Poitiers, CNRS).<\/li><li>Lisa Roux, chercheuse \u00e0 l\u2019Institut interdisciplinaire de neurosciences (IINS) (CNRS, universit\u00e9 de Bordeaux).<\/li><li>Fabrice Sarlegna, charg\u00e9 de recherches CNRS \u00e0 l&rsquo;Institut des Sciences du Mouvement (Aix-Marseille Universit\u00e9, CNRS).&nbsp;<\/li><li>Emmanuelle Sauvage, ma\u00eetre de conf\u00e9rences en Management Interculturel (IAE Bordeaux).<\/li><li>Charles St\u00e9panoff, ethnologue, ma\u00eetre de conf\u00e9rences \u00e0 l&rsquo;Ecole pratique des hautes \u00e9tudes (chaire \u00ab Religions de l\u2019Asie septentrionale et de l\u2019Arctique \u00bb) et membre du&nbsp; Laboratoire d\u2019anthropologie sociale (Coll\u00e8ge de France, CNRS, EHESS).&nbsp;<\/li><li>\u00c9tienne Th\u00e9venin, ma\u00eetre de conf\u00e9rences en histoire contemporaine au Centre de Recherche Universitaire Lorrain d\u2019Histoire (Universit\u00e9 de Lorraine).<\/li><\/ul>\n\n\n\n<h3 class=\"has-text-color wp-block-heading\" style=\"color:#e09e2e\">Relecture des textes<\/h3>\n\n\n\n<p>H\u00e9lo\u00efse Morel, Coline Dabestani, Elie Stecyna, Boris Urbas, et tous\u00b7tes les \u00e9tudiant\u00b7es du master M\u00e9diation des sciences.<\/p>\n\n\n\n<h3 class=\"has-text-color wp-block-heading\" style=\"color:#e09e2e\">Gestion des droits et recherches iconographiques<\/h3>\n\n\n\n<p>Ces travaux ont \u00e9t\u00e9 r\u00e9alis\u00e9s dans un cadre scolaire. Les documents cr\u00e9\u00e9s par l&rsquo;Association Dealers de Science dans le cadre de ce journal et plus g\u00e9n\u00e9ralement dans le cadre de tous les travaux p\u00e9dagogiques sont sous licence CC-BY-SA (\u00a9 Dealers de science).<\/p>\n\n\n\n<h3 class=\"has-text-color wp-block-heading\" style=\"color:#e09e2e\">Conception et d\u00e9veloppement du site<\/h3>\n\n\n\n<p>Cl\u00e9mence Casanova et M\u00e9lanie Toto.<\/p>\n\n\n\n<p>Avec la participation des autres \u00e9tudiant\u00b7es du master M\u00e9diation des sciences.<\/p>\n\n\n\n<div style=\"height:45px\" aria-hidden=\"true\" class=\"wp-block-spacer\"><\/div>\n\n\n\n<div class=\"wp-block-cover\" style=\"min-height:300px;aspect-ratio:unset;\"><img decoding=\"async\" width=\"2560\" height=\"1024\" class=\"wp-block-cover__image-background wp-image-3418\" alt=\"\" src=\"https:\/\/www.lenquetedessens.dealersdescience.com\/wp-content\/uploads\/2021\/01\/banniere_generale-scaled.jpg\" data-object-fit=\"cover\" srcset=\"https:\/\/www.lenquetedessens.dealersdescience.com\/wp-content\/uploads\/2021\/01\/banniere_generale-scaled.jpg 2560w, https:\/\/www.lenquetedessens.dealersdescience.com\/wp-content\/uploads\/2021\/01\/banniere_generale-300x120.jpg 300w, https:\/\/www.lenquetedessens.dealersdescience.com\/wp-content\/uploads\/2021\/01\/banniere_generale-1024x410.jpg 1024w, https:\/\/www.lenquetedessens.dealersdescience.com\/wp-content\/uploads\/2021\/01\/banniere_generale-768x307.jpg 768w, https:\/\/www.lenquetedessens.dealersdescience.com\/wp-content\/uploads\/2021\/01\/banniere_generale-1536x614.jpg 1536w, https:\/\/www.lenquetedessens.dealersdescience.com\/wp-content\/uploads\/2021\/01\/banniere_generale-2048x819.jpg 2048w\" sizes=\"(max-width: 2560px) 100vw, 2560px\" \/><div class=\"wp-block-cover__inner-container is-layout-flow wp-block-cover-is-layout-flow\">\n<p class=\"has-text-align-center has-large-font-size\"><\/p>\n<\/div><\/div>\n\n\n\n<div style=\"height:45px\" aria-hidden=\"true\" class=\"wp-block-spacer\"><\/div>\n\n\n\n<h1 class=\"has-text-align-center has-text-color wp-block-heading\" style=\"color:#1b2c31\">Portraits de chercheur\u00b7es<\/h1>\n\n\n\n<h2 class=\"has-text-align-center has-text-color wp-block-heading\" style=\"color:#0a4bc1\">Chercheur\u00b7e : un m\u00e9tier qui fait sens<\/h2>\n\n\n\n<h3 class=\"has-text-align-center has-text-color wp-block-heading\" style=\"color:#e09e2e\">Ours des articles<\/h3>\n\n\n\n<h3 class=\"has-text-color wp-block-heading\" style=\"color:#e09e2e\">Remerciements<\/h3>\n\n\n\n<p>Ces travaux ont \u00e9t\u00e9 r\u00e9alis\u00e9s dans un cadre scolaire. Nous voudrions remercier Laurence Chevillot, Alice Bomboy et Boris Urbas pour leur encadrement et leur exp\u00e9rience.&nbsp;<\/p>\n\n\n\n<h3 class=\"has-text-color wp-block-heading\" style=\"color:#e09e2e\">Auteur\u00b7rices des textes<\/h3>\n\n\n\n<p>Les \u00e9tudiant\u00b7es du master Information et m\u00e9diation scientifique et technique, parcours M\u00e9diation des sciences (UFR Sciences des Territoires et de la Communication) sont r\u00e9dacteur\u00b7rices des portraits.<\/p>\n\n\n\n<p>Co-habilit\u00e9 par l\u2019Universit\u00e9 Bordeaux Montaigne et l\u2019universit\u00e9 de Bordeaux, le master Information et m\u00e9diation scientifique et technique a pour ambition d\u2019\u00e9tudier la science, son discours, ses concepts, ses relations avec la soci\u00e9t\u00e9, dans leurs dimensions historiques, philosophiques, sociologiques, \u00e9thiques et communicationnelles.<\/p>\n\n\n\n<h3 class=\"has-text-color wp-block-heading\" style=\"color:#e09e2e\">Encadrement<\/h3>\n\n\n\n<ul class=\"wp-block-list\"><li>Responsable scientifique : Boris Urbas ;<\/li><li>Responsable portraits : Laurence Chevillot ;<\/li><li>Responsable iconographique : Alice Bomboy ;<\/li><li>Graphisme et cr\u00e9ation du site web de l\u2019\u00e9v\u00e9nement : M\u00e9lanie Toto.<\/li><\/ul>\n\n\n\n<h3 class=\"has-text-color wp-block-heading\" style=\"color:#e09e2e\">Personnes interview\u00e9es<\/h3>\n\n\n\n<ul class=\"wp-block-list\"><li>Marie-Line Andreola, directrice de recherche CNRS au laboratoire de Microbiologie Fondamentale et Pathog\u00e9nicit\u00e9 (universit\u00e9 de Bordeaux, CNRS). Responsable de l&rsquo;\u00e9quipe Replication, variability and mobility of viral and bacterial genomes.&nbsp;<\/li><li>Pr Beno\u00eet Arveiler, responsable du laboratoire de g\u00e9n\u00e9tique mol\u00e9culaire du CHU de Bordeaux.<\/li><li>Xavier Aubriot, ma\u00eetre de conf\u00e9rences au laboratoire \u00c9cologie, Syst\u00e9matique, \u00c9volution (Universit\u00e9 Paris-Saclay, CNRS, AgroParisTech).<\/li><li>Adalgisa Battistelli, professeure de psychologie du travail et des organisations \u00e0 l&rsquo;Universit\u00e9 de Bordeaux.<\/li><li>Abdelhamid Benazzouz, directeur de recherche Inserm \u00e0 l&rsquo;Institut des maladies neurod\u00e9g\u00e9n\u00e9ratives de Bordeaux (universit\u00e9 de Bordeaux, CNRS, Inserm, CHU de Bordeaux, CEA). Chef d\u2019\u00e9quipe : \u00ab neurochimie, stimulation c\u00e9r\u00e9brale profonde et maladie de Parkinson \u00bb.<\/li><li>St\u00e9phanie Bioulac, &nbsp;praticien Hospitalier. P\u00f4le Universitaire de P\u00e9dopsychiatrie (Pr Bouvard, Bordeaux), Centre Hospitalier Charles Perrens. Responsable du Service Universitaire d\u2019Hospitalisation pour Enfants et Adolescents, Centre Jean Abadie, CHU, Bordeaux.<\/li><li>Val\u00e9rie Caillet, ma\u00eetre de conf\u00e9rences en sociologie de l\u2019\u00e9ducation au Centre \u00c9mile Durkheim (universit\u00e9 de Bordeaux, CNRS, Sciences Po Bordeaux).<\/li><li>Bruno Corbara, ma\u00eetre de conf\u00e9rence au laboratoire Microorganismes : G\u00e9nome et Environnement (Universit\u00e9 Clermont Auvergne, CNRS). Directeur de publication de la revue Esp\u00e8ces.<\/li><li>Ulysse Delabre, ma\u00eetre de conf\u00e9rence en physique au Laboratoire Ondes et Mati\u00e8re d&rsquo;Aquitaine (universit\u00e9 de Bordeaux, CNRS).<\/li><li>Gautier Depambour, doctorant en histoire de la physique au laboratoire SPHere (Universit\u00e9 de Paris, Universit\u00e9 Paris 1 Panth\u00e9on-Sorbonne, CNRS).<\/li><li>&nbsp;S\u00e9bastien Genvo, professeur des universit\u00e9s au Centre de recherche sur les m\u00e9diations (Universit\u00e9 de Lorraine).<\/li><li>Brice Goglin, directeur de recherche Inria au centre Inria Bordeaux &#8211; Sud-Ouest.<\/li><li>Mathilde Monperrus, chercheuse en chimie analytique \u00e0 l&rsquo;Institut Pluridisciplinaire de Recherche pour l\u2019Environnement et les Mat\u00e9riaux (Universit\u00e9 de Pau et des Pays de l\u2019Adour, CNRS).<\/li><li>V\u00e9ronique Pallet, enseignante-chercheuse Bordeaux INP, vice-pr\u00e9sidente charg\u00e9e de la recherche et du transfert de Bordeaux INP et directrice adjointe du laboratoire NutriNeuro, Bordeaux Neurocampus (universit\u00e9 de Bordeaux, INRIA, Bordeaux INP).<\/li><li>Alice Pellet-Mary, charg\u00e9e de recherche CNRS \u00e0 l\u2019Institut de Math\u00e9matiques de Bordeaux (Universit\u00e9 de Bordeaux, CNRS, Bordeaux INP). Membre de l\u2019\u00e9quipe-projet Inria LFANT (Inria, CNRS, universit\u00e9 de Bordeaux).&nbsp;&nbsp;&nbsp;&nbsp;<\/li><li>Morgane Robert, paysagiste DPLG. Doctorante au laboratoire Passages (Universit\u00e9 Bordeaux Montaigne, universit\u00e9 de Bordeaux, CNRS, ENSAP).<\/li><li>Lisl Weynans, ma\u00eetre de conf\u00e9rence \u00e0 l&rsquo;Institut de Math\u00e9matiques de Bordeaux (universit\u00e9 de Bordeaux, CNRS). Membre de l&rsquo;\u00c9quipe-Projet Carmen (INRIA, Bordeaux Sud-Ouest).<\/li><\/ul>\n\n\n\n<h3 class=\"has-text-color wp-block-heading\" style=\"color:#e09e2e\">Relecture des textes<\/h3>\n\n\n\n<p>Laurence Chevillot, Boris Urbas, et tous\u00b7tes les \u00e9tudiant\u00b7es du master M\u00e9diation des sciences.<\/p>\n\n\n\n<h3 class=\"has-text-color wp-block-heading\" style=\"color:#e09e2e\">Gestion des droits et recherches iconographiques<\/h3>\n\n\n\n<p>Ces travaux ont \u00e9t\u00e9 r\u00e9alis\u00e9s dans un cadre scolaire. Les documents cr\u00e9\u00e9s par l&rsquo;Association Dealers de Science dans le cadre de ces portraits et plus g\u00e9n\u00e9ralement dans le cadre de tous les travaux p\u00e9dagogiques sont sous licence CC-BY-SA (\u00a9 Dealers de science).<\/p>\n\n\n\n<h3 class=\"has-text-color wp-block-heading\" style=\"color:#e09e2e\">Conception et d\u00e9veloppement du site<\/h3>\n\n\n\n<p>Cl\u00e9mence Casanova et M\u00e9lanie Toto.<\/p>\n\n\n\n<p>Avec la participation des autres \u00e9tudiant\u00b7es du master M\u00e9diation des sciences.<\/p>\n","protected":false},"excerpt":{"rendered":"<p>Exposition num\u00e9rique Donner sens Ours de l&rsquo;exposition Image initiale \u00a9 Jonathan BORBA. D\u00e9tournement \u00a9 Cl\u00e9mence CASANOVA. Remerciements Ces travaux ont \u00e9t\u00e9 r\u00e9alis\u00e9s dans un cadre scolaire. Nous voudrions remercier Jessica de Bideran, David Gamet et Boris Urbas pour leur encadrement et leur exp\u00e9rience.&nbsp; Auteur\u00b7rices des textes Les \u00e9tudiant\u00b7es du master Information et m\u00e9diation scientifique et &hellip;<\/p>\n<p class=\"read-more\"> <a class=\"\" href=\"https:\/\/www.lenquetedessens.dealersdescience.com\/index.php\/ours\/\"> <span class=\"screen-reader-text\">Ours<\/span> Lire la suite\u00a0\u00bb<\/a><\/p>\n","protected":false},"author":2,"featured_media":5784,"parent":0,"menu_order":0,"comment_status":"closed","ping_status":"closed","template":"","meta":{"site-sidebar-layout":"default","site-content-layout":"default","ast-main-header-display":"","ast-hfb-above-header-display":"","ast-hfb-below-header-display":"","ast-hfb-mobile-header-display":"","site-post-title":"","ast-breadcrumbs-content":"","ast-featured-img":"","footer-sml-layout":"","theme-transparent-header-meta":"default","adv-header-id-meta":"","stick-header-meta":"","header-above-stick-meta":"","header-main-stick-meta":"","header-below-stick-meta":"","footnotes":""},"class_list":["post-1924","page","type-page","status-publish","has-post-thumbnail","hentry"],"_links":{"self":[{"href":"https:\/\/www.lenquetedessens.dealersdescience.com\/index.php\/wp-json\/wp\/v2\/pages\/1924","targetHints":{"allow":["GET"]}}],"collection":[{"href":"https:\/\/www.lenquetedessens.dealersdescience.com\/index.php\/wp-json\/wp\/v2\/pages"}],"about":[{"href":"https:\/\/www.lenquetedessens.dealersdescience.com\/index.php\/wp-json\/wp\/v2\/types\/page"}],"author":[{"embeddable":true,"href":"https:\/\/www.lenquetedessens.dealersdescience.com\/index.php\/wp-json\/wp\/v2\/users\/2"}],"replies":[{"embeddable":true,"href":"https:\/\/www.lenquetedessens.dealersdescience.com\/index.php\/wp-json\/wp\/v2\/comments?post=1924"}],"version-history":[{"count":18,"href":"https:\/\/www.lenquetedessens.dealersdescience.com\/index.php\/wp-json\/wp\/v2\/pages\/1924\/revisions"}],"predecessor-version":[{"id":6105,"href":"https:\/\/www.lenquetedessens.dealersdescience.com\/index.php\/wp-json\/wp\/v2\/pages\/1924\/revisions\/6105"}],"wp:featuredmedia":[{"embeddable":true,"href":"https:\/\/www.lenquetedessens.dealersdescience.com\/index.php\/wp-json\/wp\/v2\/media\/5784"}],"wp:attachment":[{"href":"https:\/\/www.lenquetedessens.dealersdescience.com\/index.php\/wp-json\/wp\/v2\/media?parent=1924"}],"curies":[{"name":"wp","href":"https:\/\/api.w.org\/{rel}","templated":true}]}}