{"id":2,"date":"2020-11-09T16:43:18","date_gmt":"2020-11-09T15:43:18","guid":{"rendered":"http:\/\/www.lenquetedessens.dealersdescience.com\/?page_id=2"},"modified":"2021-01-20T10:46:45","modified_gmt":"2021-01-20T09:46:45","slug":"evenement-podcasts-2","status":"publish","type":"page","link":"https:\/\/www.lenquetedessens.dealersdescience.com\/index.php\/evenement-podcasts-2\/","title":{"rendered":"Podcasts"},"content":{"rendered":"\n<div class=\"wp-block-cover alignfull\" style=\"background-image:url(https:\/\/www.lenquetedessens.dealersdescience.com\/wp-content\/uploads\/2021\/01\/banniere-carte-scaled.jpg)\"><div class=\"wp-block-cover__inner-container is-layout-flow wp-block-cover-is-layout-flow\">\n<h1 class=\"has-text-align-center wp-block-heading\"><\/h1>\n\n\n\n<h3 class=\"has-text-align-center wp-block-heading\"><\/h3>\n<\/div><\/div>\n\n\n\n<div style=\"height:45px\" aria-hidden=\"true\" class=\"wp-block-spacer\"><\/div>\n\n\n\n<h1 class=\"has-text-align-center has-text-color wp-block-heading\" style=\"color:#1b2c31\">Dis-leur&nbsp;!<\/h1>\n\n\n\n<h2 class=\"has-text-align-center has-text-color wp-block-heading\" style=\"color:#0a4bc1\">Podcasts<\/h2>\n\n\n\n<h3 class=\"has-text-align-center has-text-color wp-block-heading\" style=\"color:#e09e2e\">Mercredi 20 janvier<\/h3>\n\n\n\n<p>Cette ann\u00e9e, les \u00e9tudiant\u00b7es du master M\u00e9diation des sciences abordent un th\u00e8me des plus myst\u00e9rieux : le sens des mots ! Mais dis-leur quoi ? Et comment ? Et \u00e0 qui, \u00e0 quoi ? \u00c0 travers une s\u00e9rie de podcasts, d\u00e9couvrez le sens des mots et des langages au prisme de diff\u00e9rentes disciplines. Tendez l\u2019oreille et menez l\u2019enqu\u00eate sur le sens que l\u2019on donne aux langues.<\/p>\n\n\n\n<div style=\"height:45px\" aria-hidden=\"true\" class=\"wp-block-spacer\"><\/div>\n\n\n\n<div class=\"wp-block-columns is-layout-flex wp-container-core-columns-is-layout-9d6595d7 wp-block-columns-is-layout-flex\">\n<div class=\"wp-block-column is-layout-flow wp-block-column-is-layout-flow\">\n<iframe scrolling=\"no\" allow=\"autoplay\" src=\"https:\/\/w.soundcloud.com\/player\/?url=https%3A\/\/api.soundcloud.com\/tracks\/962928670&amp;color=%23ff5500&amp;auto_play=false&amp;hide_related=false&amp;show_comments=true&amp;show_user=true&amp;show_reposts=false&amp;show_teaser=true&amp;visual=true\" width=\"100%\" height=\"500\" frameborder=\"no\"><\/iframe><div style=\"font-size: 10px; color: #cccccc;line-break: anywhere;word-break: normal;overflow: hidden;white-space: nowrap;text-overflow: ellipsis; font-family: Interstate,Lucida Grande,Lucida Sans Unicode,Lucida Sans,Garuda,Verdana,Tahoma,sans-serif;font-weight: 100;\"><a href=\"https:\/\/soundcloud.com\/user-866929467\" title=\"Dealers de Science\" target=\"_blank\" style=\"color: #cccccc; text-decoration: none;\" rel=\"noopener\">Dealers de Science<\/a> \u00b7 <a href=\"https:\/\/soundcloud.com\/user-866929467\/les-neologismes\" title=\"Dis-leur : Les N\u00e9ologismes\" target=\"_blank\" style=\"color: #cccccc; text-decoration: none;\" rel=\"noopener\">Dis-leur : Les N\u00e9ologismes<\/a><\/div>\n\n\n\n<p>\u00a9 Aksel TOURTE<\/p>\n<\/div>\n\n\n\n<div class=\"wp-block-column is-vertically-aligned-center is-layout-flow wp-block-column-is-layout-flow\">\n<h2 class=\"has-text-align-left has-text-color wp-block-heading\" style=\"color:#0a4bc1\">Les n\u00e9ologismes <\/h2>\n\n\n\n<p>Le fran\u00e7ais \u00e9volue et change selon les \u00e9poques, les \u00e9v\u00e9nements&#8230; Preuve en est l\u2019utilisation d\u2019anglicismes, la cr\u00e9ation de mots nouveaux&nbsp;: les n\u00e9ologismes. Pourquoi&nbsp;? Dans quel but&nbsp;? Et comment&nbsp;?<br>C&rsquo;est ce que nous allons d\u00e9couvrir ensemble&nbsp;!<\/p>\n\n\n\n<figure class=\"wp-block-image size-large is-resized\"><a href=\"https:\/\/www.lenquetedessens.dealersdescience.com\/index.php\/2021\/01\/19\/podcast--les-neologismes\/\" target=\"_blank\" rel=\"noopener\"><img decoding=\"async\" src=\"https:\/\/www.lenquetedessens.dealersdescience.com\/wp-content\/uploads\/2021\/01\/deafness.png\" alt=\"\" class=\"wp-image-5803\" width=\"30\" height=\"30\" srcset=\"https:\/\/www.lenquetedessens.dealersdescience.com\/wp-content\/uploads\/2021\/01\/deafness.png 512w, https:\/\/www.lenquetedessens.dealersdescience.com\/wp-content\/uploads\/2021\/01\/deafness-300x300.png 300w, https:\/\/www.lenquetedessens.dealersdescience.com\/wp-content\/uploads\/2021\/01\/deafness-150x150.png 150w\" sizes=\"(max-width: 30px) 100vw, 30px\" \/><\/a><\/figure>\n<\/div>\n<\/div>\n\n\n\n<div style=\"height:45px\" aria-hidden=\"true\" class=\"wp-block-spacer\"><\/div>\n\n\n\n<div class=\"wp-block-columns is-layout-flex wp-container-core-columns-is-layout-9d6595d7 wp-block-columns-is-layout-flex\">\n<div class=\"wp-block-column is-vertically-aligned-center is-layout-flow wp-block-column-is-layout-flow\">\n<h2 class=\"has-text-align-right has-text-color wp-block-heading\" style=\"color:#0a4bc1\">Donner du sens aux sons<\/h2>\n\n\n\n<p class=\"has-text-align-right\">Le langage est inn\u00e9 chez l\u2019\u00eatre humain. Des sons sortent de notre bouche et nous faisons \u00e9merger un sens de ce brouhaha. Comment cela fonctionne-t-il&nbsp;?<\/p>\n\n\n\n<div class=\"wp-block-image\"><figure class=\"alignright size-large is-resized\"><a href=\"https:\/\/www.lenquetedessens.dealersdescience.com\/?p=5808\" target=\"_blank\" rel=\"noopener\"><img decoding=\"async\" src=\"https:\/\/www.lenquetedessens.dealersdescience.com\/wp-content\/uploads\/2021\/01\/deafness.png\" alt=\"\" class=\"wp-image-5803\" width=\"30\" height=\"30\" srcset=\"https:\/\/www.lenquetedessens.dealersdescience.com\/wp-content\/uploads\/2021\/01\/deafness.png 512w, https:\/\/www.lenquetedessens.dealersdescience.com\/wp-content\/uploads\/2021\/01\/deafness-300x300.png 300w, https:\/\/www.lenquetedessens.dealersdescience.com\/wp-content\/uploads\/2021\/01\/deafness-150x150.png 150w\" sizes=\"(max-width: 30px) 100vw, 30px\" \/><\/a><\/figure><\/div>\n<\/div>\n\n\n\n<div class=\"wp-block-column is-layout-flow wp-block-column-is-layout-flow\">\n<iframe scrolling=\"no\" allow=\"autoplay\" src=\"https:\/\/w.soundcloud.com\/player\/?url=https%3A\/\/api.soundcloud.com\/tracks\/960894961&amp;color=%23ff5500&amp;auto_play=false&amp;hide_related=false&amp;show_comments=true&amp;show_user=true&amp;show_reposts=false&amp;show_teaser=true&amp;visual=true\" width=\"500\" height=\"500\" frameborder=\"no\"><\/iframe><div style=\"font-size: 10px; color: #cccccc;line-break: anywhere;word-break: normal;overflow: hidden;white-space: nowrap;text-overflow: ellipsis; font-family: Interstate,Lucida Grande,Lucida Sans Unicode,Lucida Sans,Garuda,Verdana,Tahoma,sans-serif;font-weight: 100;\"><a href=\"https:\/\/soundcloud.com\/user-866929467\" title=\"Dealers de Science\" target=\"_blank\" style=\"color: #cccccc; text-decoration: none;\" rel=\"noopener\">Dealers de Science<\/a> \u00b7 <a href=\"https:\/\/soundcloud.com\/user-866929467\/dis-leur-donner-du-sens-aux-sons\" title=\"Dis-Leur : Donner du sens aux sons\" target=\"_blank\" style=\"color: #cccccc; text-decoration: none;\" rel=\"noopener\">Dis-Leur : Donner du sens aux sons<\/a><\/div>\n\n\n\n<p class=\"has-text-align-right\">\u00a9 Lina GREFFET<\/p>\n<\/div>\n<\/div>\n\n\n\n<div style=\"height:45px\" aria-hidden=\"true\" class=\"wp-block-spacer\"><\/div>\n\n\n\n<div class=\"wp-block-columns is-layout-flex wp-container-core-columns-is-layout-9d6595d7 wp-block-columns-is-layout-flex\">\n<div class=\"wp-block-column is-layout-flow wp-block-column-is-layout-flow\">\n<iframe scrolling=\"no\" allow=\"autoplay\" src=\"https:\/\/w.soundcloud.com\/player\/?url=https%3A\/\/api.soundcloud.com\/tracks\/963754705&amp;color=%23ff5500&amp;auto_play=false&amp;hide_related=false&amp;show_comments=true&amp;show_user=true&amp;show_reposts=false&amp;show_teaser=true&amp;visual=true\" width=\"100%\" height=\"500\" frameborder=\"no\"><\/iframe><div style=\"font-size: 10px; color: #cccccc;line-break: anywhere;word-break: normal;overflow: hidden;white-space: nowrap;text-overflow: ellipsis; font-family: Interstate,Lucida Grande,Lucida Sans Unicode,Lucida Sans,Garuda,Verdana,Tahoma,sans-serif;font-weight: 100;\"><a href=\"https:\/\/soundcloud.com\/user-866929467\" title=\"Dealers de Science\" target=\"_blank\" style=\"color: #cccccc; text-decoration: none;\" rel=\"noopener\">Dealers de Science<\/a> \u00b7 <a href=\"https:\/\/soundcloud.com\/user-866929467\/dis-leur-regionalisme-du-langage-comment-varie-une-langue-selon-les-regions\" title=\"Dis-Leur : R\u00e9gionalisme du langage, comment varie une langue selon les r\u00e9gions ?\" target=\"_blank\" style=\"color: #cccccc; text-decoration: none;\" rel=\"noopener\">Dis-Leur : R\u00e9gionalisme du langage, comment varie une langue selon les r\u00e9gions ?<\/a><\/div>\n\n\n\n<p>\u00a9 Gwendal SURZUR<\/p>\n<\/div>\n\n\n\n<div class=\"wp-block-column is-vertically-aligned-center is-layout-flow wp-block-column-is-layout-flow\">\n<h2 class=\"has-text-align-left has-text-color wp-block-heading\" style=\"color:#0a4bc1\">R\u00e9gionalisme du langage, comment varie une langue selon les r\u00e9gions ?<\/h2>\n\n\n\n<p class=\"has-text-align-left\">Dans un m\u00eame pays, les habitant\u00b7es parlent-i\u00b7elles tous et toutes la m\u00eame langue ? Par exemple, parlons-nous tous et toutes le m\u00eame fran\u00e7ais en France ? Oui ? Non ? Ce n&rsquo;est pas si \u00e9vident d&rsquo;y r\u00e9pondre.<\/p>\n\n\n\n<figure class=\"wp-block-image size-large is-resized\"><a href=\"https:\/\/www.lenquetedessens.dealersdescience.com\/index.php\/2021\/01\/19\/podcast-regionalisme-du-langage-comment-varie-une-langue-selon-les-regions\/\" target=\"_blank\" rel=\"noopener\"><img decoding=\"async\" src=\"https:\/\/www.lenquetedessens.dealersdescience.com\/wp-content\/uploads\/2021\/01\/deafness.png\" alt=\"\" class=\"wp-image-5803\" width=\"30\" height=\"30\" srcset=\"https:\/\/www.lenquetedessens.dealersdescience.com\/wp-content\/uploads\/2021\/01\/deafness.png 512w, https:\/\/www.lenquetedessens.dealersdescience.com\/wp-content\/uploads\/2021\/01\/deafness-300x300.png 300w, https:\/\/www.lenquetedessens.dealersdescience.com\/wp-content\/uploads\/2021\/01\/deafness-150x150.png 150w\" sizes=\"(max-width: 30px) 100vw, 30px\" \/><\/a><\/figure>\n<\/div>\n<\/div>\n\n\n\n<div style=\"height:45px\" aria-hidden=\"true\" class=\"wp-block-spacer\"><\/div>\n\n\n\n<div class=\"wp-block-columns are-vertically-aligned-center is-layout-flex wp-container-core-columns-is-layout-9d6595d7 wp-block-columns-is-layout-flex\">\n<div class=\"wp-block-column is-vertically-aligned-center is-layout-flow wp-block-column-is-layout-flow\">\n<h2 class=\"has-text-align-right has-text-color wp-block-heading\" style=\"color:#0a4bc1\">Inclusif\u00b7ves&nbsp;? <\/h2>\n\n\n\n<p class=\"has-text-align-right\">L\u2019\u00e9criture inclusive, pr\u00e9sente sur ce site, fait beaucoup parler d\u2019elle.<br>Alors, qu\u2019est-ce que l\u2019\u00e9criture inclusive&nbsp;? Pourquoi l\u2019utiliser&nbsp;? Et pourquoi fait-elle pol\u00e9mique&nbsp;?<\/p>\n\n\n\n<div class=\"wp-block-image\"><figure class=\"alignright size-large is-resized\"><a href=\"https:\/\/www.lenquetedessens.dealersdescience.com\/index.php\/2021\/01\/19\/podcast-inclusifves\/\" target=\"_blank\" rel=\"noopener\"><img decoding=\"async\" src=\"https:\/\/www.lenquetedessens.dealersdescience.com\/wp-content\/uploads\/2021\/01\/deafness.png\" alt=\"\" class=\"wp-image-5803\" width=\"30\" height=\"30\" srcset=\"https:\/\/www.lenquetedessens.dealersdescience.com\/wp-content\/uploads\/2021\/01\/deafness.png 512w, https:\/\/www.lenquetedessens.dealersdescience.com\/wp-content\/uploads\/2021\/01\/deafness-300x300.png 300w, https:\/\/www.lenquetedessens.dealersdescience.com\/wp-content\/uploads\/2021\/01\/deafness-150x150.png 150w\" sizes=\"(max-width: 30px) 100vw, 30px\" \/><\/a><\/figure><\/div>\n<\/div>\n\n\n\n<div class=\"wp-block-column is-vertically-aligned-center is-layout-flow wp-block-column-is-layout-flow\">\n<iframe scrolling=\"no\" allow=\"autoplay\" src=\"https:\/\/w.soundcloud.com\/player\/?url=https%3A\/\/api.soundcloud.com\/tracks\/962304775&amp;color=%23ff5500&amp;auto_play=false&amp;hide_related=false&amp;show_comments=true&amp;show_user=true&amp;show_reposts=false&amp;show_teaser=true&amp;visual=true\" width=\"500\" height=\"500\" frameborder=\"no\"><\/iframe><div style=\"font-size: 10px; color: #cccccc;line-break: anywhere;word-break: normal;overflow: hidden;white-space: nowrap;text-overflow: ellipsis; font-family: Interstate,Lucida Grande,Lucida Sans Unicode,Lucida Sans,Garuda,Verdana,Tahoma,sans-serif;font-weight: 100;\"><a href=\"https:\/\/soundcloud.com\/user-866929467\" title=\"Dealers de Science\" target=\"_blank\" style=\"color: #cccccc; text-decoration: none;\" rel=\"noopener\">Dealers de Science<\/a> \u00b7 <a href=\"https:\/\/soundcloud.com\/user-866929467\/inclusifves\" title=\"Inclusif\u00b7ves ?\" target=\"_blank\" style=\"color: #cccccc; text-decoration: none;\" rel=\"noopener\">Inclusif\u00b7ves ?<\/a><\/div>\n\n\n\n<p class=\"has-text-align-right\">\u00a9 Nina GASKING<\/p>\n<\/div>\n<\/div>\n\n\n\n<div style=\"height:45px\" aria-hidden=\"true\" class=\"wp-block-spacer\"><\/div>\n\n\n\n<div class=\"wp-block-columns is-layout-flex wp-container-core-columns-is-layout-9d6595d7 wp-block-columns-is-layout-flex\">\n<div class=\"wp-block-column is-layout-flow wp-block-column-is-layout-flow\">\n<iframe scrolling=\"no\" allow=\"autoplay\" src=\"https:\/\/w.soundcloud.com\/player\/?url=https%3A\/\/api.soundcloud.com\/tracks\/960893371&amp;color=%23ff5500&amp;auto_play=false&amp;hide_related=false&amp;show_comments=true&amp;show_user=true&amp;show_reposts=false&amp;show_teaser=true&amp;visual=true\" width=\"500\" height=\"500\" frameborder=\"no\"><\/iframe><div style=\"font-size: 10px; color: #cccccc;line-break: anywhere;word-break: normal;overflow: hidden;white-space: nowrap;text-overflow: ellipsis; font-family: Interstate,Lucida Grande,Lucida Sans Unicode,Lucida Sans,Garuda,Verdana,Tahoma,sans-serif;font-weight: 100;\"><a href=\"https:\/\/soundcloud.com\/user-866929467\" title=\"Dealers de Science\" target=\"_blank\" style=\"color: #cccccc; text-decoration: none;\" rel=\"noopener\">Dealers de Science<\/a> \u00b7 <a href=\"https:\/\/soundcloud.com\/user-866929467\/dis-leur-programme\" title=\"Dis-Leur :  Parler aux machines\" target=\"_blank\" style=\"color: #cccccc; text-decoration: none;\" rel=\"noopener\">Dis-Leur :  Parler aux machines<\/a><\/div>\n\n\n\n<p>\u00a9 Aurore VALEX<\/p>\n<\/div>\n\n\n\n<div class=\"wp-block-column is-vertically-aligned-center is-layout-flow wp-block-column-is-layout-flow\">\n<h2 class=\"has-text-align-left has-text-color wp-block-heading\" style=\"color:#0a4bc1\">Parler aux machines<\/h2>\n\n\n\n<p class=\"has-text-align-left\">Le mot langage est utilis\u00e9 couramment pour d\u00e9crire la fa\u00e7on de programmer les ordinateurs. Mais qu&rsquo;\u00e9crit-on dans un langage informatique&nbsp;? Pourquoi en existe-t-il plusieurs&nbsp;? Pourquoi continue-t-on d&rsquo;en inventer&nbsp;?<\/p>\n\n\n\n<figure class=\"wp-block-image size-large is-resized\"><a href=\"https:\/\/www.lenquetedessens.dealersdescience.com\/index.php\/2021\/01\/19\/podcast--parler-aux-machines\/\" target=\"_blank\" rel=\"noopener\"><img decoding=\"async\" src=\"https:\/\/www.lenquetedessens.dealersdescience.com\/wp-content\/uploads\/2021\/01\/deafness.png\" alt=\"\" class=\"wp-image-5803\" width=\"30\" height=\"30\" srcset=\"https:\/\/www.lenquetedessens.dealersdescience.com\/wp-content\/uploads\/2021\/01\/deafness.png 512w, https:\/\/www.lenquetedessens.dealersdescience.com\/wp-content\/uploads\/2021\/01\/deafness-300x300.png 300w, https:\/\/www.lenquetedessens.dealersdescience.com\/wp-content\/uploads\/2021\/01\/deafness-150x150.png 150w\" sizes=\"(max-width: 30px) 100vw, 30px\" \/><\/a><\/figure>\n<\/div>\n<\/div>\n\n\n\n<div style=\"height:45px\" aria-hidden=\"true\" class=\"wp-block-spacer\"><\/div>\n\n\n\n<div class=\"wp-block-columns is-layout-flex wp-container-core-columns-is-layout-9d6595d7 wp-block-columns-is-layout-flex\">\n<div class=\"wp-block-column is-vertically-aligned-center is-layout-flow wp-block-column-is-layout-flow\">\n<h2 class=\"has-text-align-right has-text-color wp-block-heading\" style=\"color:#0a4bc1\">Les langues imaginaires <\/h2>\n\n\n\n<p class=\"has-text-align-right\">Cr\u00e9er une langue, oui&nbsp;! Mais pourquoi&nbsp;? Dans quel int\u00e9r\u00eat&nbsp;? Quels m\u00e9canismes sont mis en place dans l\u2019\u00e9laboration d\u2019une langue alors inexistante&nbsp;? \u00c0 quoi se r\u00e9f\u00e9rer&nbsp;? Sur quels axes se focaliser&nbsp;?<br>Venez d\u00e9couvrir les myst\u00e8res de la cr\u00e9ation d&rsquo;une langue imaginaire&nbsp;!<\/p>\n\n\n\n<div class=\"wp-block-image\"><figure class=\"alignright size-large is-resized\"><a href=\"https:\/\/www.lenquetedessens.dealersdescience.com\/index.php\/2021\/01\/19\/podcast--les-langues-imaginaires\/\" target=\"_blank\" rel=\"noopener\"><img decoding=\"async\" src=\"https:\/\/www.lenquetedessens.dealersdescience.com\/wp-content\/uploads\/2021\/01\/deafness.png\" alt=\"\" class=\"wp-image-5803\" width=\"30\" height=\"30\" srcset=\"https:\/\/www.lenquetedessens.dealersdescience.com\/wp-content\/uploads\/2021\/01\/deafness.png 512w, https:\/\/www.lenquetedessens.dealersdescience.com\/wp-content\/uploads\/2021\/01\/deafness-300x300.png 300w, https:\/\/www.lenquetedessens.dealersdescience.com\/wp-content\/uploads\/2021\/01\/deafness-150x150.png 150w\" sizes=\"(max-width: 30px) 100vw, 30px\" \/><\/a><\/figure><\/div>\n<\/div>\n\n\n\n<div class=\"wp-block-column is-layout-flow wp-block-column-is-layout-flow\">\n<iframe scrolling=\"no\" allow=\"autoplay\" src=\"https:\/\/w.soundcloud.com\/player\/?url=https%3A\/\/api.soundcloud.com\/tracks\/962927944&amp;color=%23ff5500&amp;auto_play=false&amp;hide_related=false&amp;show_comments=true&amp;show_user=true&amp;show_reposts=false&amp;show_teaser=true&amp;visual=true\" width=\"100%\" height=\"500\" frameborder=\"no\"><\/iframe><div style=\"font-size: 10px; color: #cccccc;line-break: anywhere;word-break: normal;overflow: hidden;white-space: nowrap;text-overflow: ellipsis; font-family: Interstate,Lucida Grande,Lucida Sans Unicode,Lucida Sans,Garuda,Verdana,Tahoma,sans-serif;font-weight: 100;\"><a href=\"https:\/\/soundcloud.com\/user-866929467\" title=\"Dealers de Science\" target=\"_blank\" style=\"color: #cccccc; text-decoration: none;\" rel=\"noopener\">Dealers de Science<\/a> \u00b7 <a href=\"https:\/\/soundcloud.com\/user-866929467\/dis-leur-les-langues-imaginaires\" title=\"Dis-leur : Les Langues Imaginaires\" target=\"_blank\" style=\"color: #cccccc; text-decoration: none;\" rel=\"noopener\">Dis-leur : Les Langues Imaginaires<\/a><\/div>\n\n\n\n<p class=\"has-text-align-right\">\u00a9 Aksel TOURTE<\/p>\n<\/div>\n<\/div>\n\n\n\n<div style=\"height:45px\" aria-hidden=\"true\" class=\"wp-block-spacer\"><\/div>\n\n\n\n<div class=\"wp-block-columns is-layout-flex wp-container-core-columns-is-layout-9d6595d7 wp-block-columns-is-layout-flex\">\n<div class=\"wp-block-column is-layout-flow wp-block-column-is-layout-flow\">\n<iframe scrolling=\"no\" allow=\"autoplay\" src=\"https:\/\/w.soundcloud.com\/player\/?url=https%3A\/\/api.soundcloud.com\/tracks\/960889285&amp;color=%23ff5500&amp;auto_play=false&amp;hide_related=false&amp;show_comments=true&amp;show_user=true&amp;show_reposts=false&amp;show_teaser=true&amp;visual=true\" width=\"500\" height=\"500\" frameborder=\"no\"><\/iframe><div style=\"font-size: 10px; color: #cccccc;line-break: anywhere;word-break: normal;overflow: hidden;white-space: nowrap;text-overflow: ellipsis; font-family: Interstate,Lucida Grande,Lucida Sans Unicode,Lucida Sans,Garuda,Verdana,Tahoma,sans-serif;font-weight: 100;\"><a href=\"https:\/\/soundcloud.com\/user-866929467\" title=\"Dealers de Science\" target=\"_blank\" style=\"color: #cccccc; text-decoration: none;\" rel=\"noopener\">Dealers de Science<\/a> \u00b7 <a href=\"https:\/\/soundcloud.com\/user-866929467\/dis-leur-les-limites-du-langage\" title=\"Dis-Leur : Les limites du langage\" target=\"_blank\" style=\"color: #cccccc; text-decoration: none;\" rel=\"noopener\">Dis-Leur : Les limites du langage<\/a><\/div>\n\n\n\n<p>\u00a9 Lina GREFFET<\/p>\n<\/div>\n\n\n\n<div class=\"wp-block-column is-vertically-aligned-center is-layout-flow wp-block-column-is-layout-flow\">\n<h2 class=\"has-text-align-left has-text-color wp-block-heading\" style=\"color:#0a4bc1\">Les limites du langage<\/h2>\n\n\n\n<p class=\"has-text-align-left\">Le langage a-t-il des limites&nbsp;? Peut-on tout dire&nbsp;? Wittgenstein a \u00e9tudi\u00e9 la question pendant une grande partie de sa vie. Essayons de comprendre ses r\u00e9flexions.<\/p>\n\n\n\n<figure class=\"wp-block-image size-large is-resized\"><a href=\"https:\/\/www.lenquetedessens.dealersdescience.com\/?p=5817\" target=\"_blank\" rel=\"noopener\"><img decoding=\"async\" src=\"https:\/\/www.lenquetedessens.dealersdescience.com\/wp-content\/uploads\/2021\/01\/deafness.png\" alt=\"\" class=\"wp-image-5803\" width=\"30\" height=\"30\" srcset=\"https:\/\/www.lenquetedessens.dealersdescience.com\/wp-content\/uploads\/2021\/01\/deafness.png 512w, https:\/\/www.lenquetedessens.dealersdescience.com\/wp-content\/uploads\/2021\/01\/deafness-300x300.png 300w, https:\/\/www.lenquetedessens.dealersdescience.com\/wp-content\/uploads\/2021\/01\/deafness-150x150.png 150w\" sizes=\"(max-width: 30px) 100vw, 30px\" \/><\/a><\/figure>\n\n\n\n<p><\/p>\n<\/div>\n<\/div>\n\n\n\n<div style=\"height:45px\" aria-hidden=\"true\" class=\"wp-block-spacer\"><\/div>\n\n\n\n<div class=\"wp-block-columns is-layout-flex wp-container-core-columns-is-layout-9d6595d7 wp-block-columns-is-layout-flex\">\n<div class=\"wp-block-column is-vertically-aligned-center is-layout-flow wp-block-column-is-layout-flow\">\n<h2 class=\"has-text-align-right has-text-color wp-block-heading\" style=\"color:#0a4bc1\">Probl\u00e8mes de traduction<\/h2>\n\n\n\n<p class=\"has-text-align-right\">Comment traduire correctement un texte ? A quoi faut-il faire attention ? Quel sens donner \u00e0 un mot ? Venez d\u00e9couvrir les rouages de cet exercice pas aussi \u00e9vident qu&rsquo;il n&rsquo;en a l&rsquo;air.<\/p>\n\n\n\n<div class=\"wp-block-image\"><figure class=\"alignright size-large is-resized\"><a href=\"https:\/\/www.lenquetedessens.dealersdescience.com\/index.php\/2021\/01\/19\/podcast--problemes-de-traduction\/\" target=\"_blank\" rel=\"noopener\"><img decoding=\"async\" src=\"https:\/\/www.lenquetedessens.dealersdescience.com\/wp-content\/uploads\/2021\/01\/deafness.png\" alt=\"\" class=\"wp-image-5803\" width=\"30\" height=\"30\" srcset=\"https:\/\/www.lenquetedessens.dealersdescience.com\/wp-content\/uploads\/2021\/01\/deafness.png 512w, https:\/\/www.lenquetedessens.dealersdescience.com\/wp-content\/uploads\/2021\/01\/deafness-300x300.png 300w, https:\/\/www.lenquetedessens.dealersdescience.com\/wp-content\/uploads\/2021\/01\/deafness-150x150.png 150w\" sizes=\"(max-width: 30px) 100vw, 30px\" \/><\/a><\/figure><\/div>\n\n\n\n<p><\/p>\n<\/div>\n\n\n\n<div class=\"wp-block-column is-layout-flow wp-block-column-is-layout-flow\">\n<iframe scrolling=\"no\" allow=\"autoplay\" src=\"https:\/\/w.soundcloud.com\/player\/?url=https%3A\/\/api.soundcloud.com\/tracks\/963753484&amp;color=%23ff5500&amp;auto_play=false&amp;hide_related=false&amp;show_comments=true&amp;show_user=true&amp;show_reposts=false&amp;show_teaser=true&amp;visual=true\" width=\"100%\" height=\"500\" frameborder=\"no\"><\/iframe><div style=\"font-size: 10px; color: #cccccc;line-break: anywhere;word-break: normal;overflow: hidden;white-space: nowrap;text-overflow: ellipsis; font-family: Interstate,Lucida Grande,Lucida Sans Unicode,Lucida Sans,Garuda,Verdana,Tahoma,sans-serif;font-weight: 100;\"><a href=\"https:\/\/soundcloud.com\/user-866929467\" title=\"Dealers de Science\" target=\"_blank\" style=\"color: #cccccc; text-decoration: none;\" rel=\"noopener\">Dealers de Science<\/a> \u00b7 <a href=\"https:\/\/soundcloud.com\/user-866929467\/dis-leur-problemes-de-traduction\" title=\"Dis-Leur : Probl\u00e8mes de Traduction\" target=\"_blank\" style=\"color: #cccccc; text-decoration: none;\" rel=\"noopener\">Dis-Leur : Probl\u00e8mes de Traduction<\/a><\/div>\n\n\n\n<p class=\"has-text-align-right\">\u00a9 Gwendal SURZUR<\/p>\n<\/div>\n<\/div>\n\n\n\n<div style=\"height:45px\" aria-hidden=\"true\" class=\"wp-block-spacer\"><\/div>\n\n\n\n<div class=\"wp-block-columns is-layout-flex wp-container-core-columns-is-layout-9d6595d7 wp-block-columns-is-layout-flex\">\n<div class=\"wp-block-column is-layout-flow wp-block-column-is-layout-flow\">\n<iframe scrolling=\"no\" allow=\"autoplay\" src=\"https:\/\/w.soundcloud.com\/player\/?url=https%3A\/\/api.soundcloud.com\/tracks\/962977588&amp;color=%23ff5500&amp;auto_play=false&amp;hide_related=false&amp;show_comments=true&amp;show_user=true&amp;show_reposts=false&amp;show_teaser=true&amp;visual=true\" width=\"100%\" height=\"500\" frameborder=\"no\"><\/iframe><div style=\"font-size: 10px; color: #cccccc;line-break: anywhere;word-break: normal;overflow: hidden;white-space: nowrap;text-overflow: ellipsis; font-family: Interstate,Lucida Grande,Lucida Sans Unicode,Lucida Sans,Garuda,Verdana,Tahoma,sans-serif;font-weight: 100;\"><a href=\"https:\/\/soundcloud.com\/user-866929467\" title=\"Dealers de Science\" target=\"_blank\" style=\"color: #cccccc; text-decoration: none;\" rel=\"noopener\">Dealers de Science<\/a> \u00b7 <a href=\"https:\/\/soundcloud.com\/user-866929467\/dis-leur-bien-parler-et-inegalites\" title=\"Dis-Leur : Bien parler et in\u00e9galit\u00e9s\" target=\"_blank\" style=\"color: #cccccc; text-decoration: none;\" rel=\"noopener\">Dis-Leur : Bien parler et in\u00e9galit\u00e9s<\/a><\/div>\n\n\n\n<p>\u00a9 Nina GASKING<\/p>\n<\/div>\n\n\n\n<div class=\"wp-block-column is-vertically-aligned-center is-layout-flow wp-block-column-is-layout-flow\">\n<h2 class=\"has-text-align-left has-text-color wp-block-heading\" style=\"color:#0a4bc1\">Bien parler et in\u00e9galit\u00e9s <\/h2>\n\n\n\n<p class=\"has-text-align-left\">Bien parler, qu\u2019est-ce que cela veut dire&nbsp;? Menons l\u2019enqu\u00eate pour comprendre les amalgames, les cons\u00e9quences et les in\u00e9galit\u00e9s de cette question.<\/p>\n\n\n\n<figure class=\"wp-block-image size-large is-resized\"><a href=\"https:\/\/www.lenquetedessens.dealersdescience.com\/index.php\/2021\/01\/19\/podcast--bien-parler-et-inegalites\/\" target=\"_blank\" rel=\"noopener\"><img decoding=\"async\" src=\"https:\/\/www.lenquetedessens.dealersdescience.com\/wp-content\/uploads\/2021\/01\/deafness.png\" alt=\"\" class=\"wp-image-5803\" width=\"30\" height=\"30\" srcset=\"https:\/\/www.lenquetedessens.dealersdescience.com\/wp-content\/uploads\/2021\/01\/deafness.png 512w, https:\/\/www.lenquetedessens.dealersdescience.com\/wp-content\/uploads\/2021\/01\/deafness-300x300.png 300w, https:\/\/www.lenquetedessens.dealersdescience.com\/wp-content\/uploads\/2021\/01\/deafness-150x150.png 150w\" sizes=\"(max-width: 30px) 100vw, 30px\" \/><\/a><\/figure>\n\n\n\n<p><\/p>\n<\/div>\n<\/div>\n\n\n\n<div style=\"height:45px\" aria-hidden=\"true\" class=\"wp-block-spacer\"><\/div>\n\n\n\n<div class=\"wp-block-columns is-layout-flex wp-container-core-columns-is-layout-9d6595d7 wp-block-columns-is-layout-flex\">\n<div class=\"wp-block-column is-vertically-aligned-center is-layout-flow wp-block-column-is-layout-flow\">\n<h2 class=\"has-text-align-right has-text-color wp-block-heading\" style=\"color:#0a4bc1\">apprendre lorsque l&rsquo;on est une machine<\/h2>\n\n\n\n<p class=\"has-text-align-right\">L&rsquo;Intelligence Artificielle semble investir tous les domaines de notre vie. Mais qu&rsquo;est-ce que l&rsquo;Intelligence Artificielle&nbsp;? Comment les machines capturent-elles le sens&nbsp;? Les machines peuvent-elles apprendre des mots ou des langues&nbsp;?<\/p>\n\n\n\n<div class=\"wp-block-image\"><figure class=\"alignright size-large is-resized\"><a href=\"https:\/\/www.lenquetedessens.dealersdescience.com\/index.php\/2021\/01\/19\/podcast-apprendre-des-mots-lorsque-lon-est-une-machine\/\" target=\"_blank\" rel=\"noopener\"><img decoding=\"async\" src=\"https:\/\/www.lenquetedessens.dealersdescience.com\/wp-content\/uploads\/2021\/01\/deafness.png\" alt=\"\" class=\"wp-image-5803\" width=\"30\" height=\"30\" srcset=\"https:\/\/www.lenquetedessens.dealersdescience.com\/wp-content\/uploads\/2021\/01\/deafness.png 512w, https:\/\/www.lenquetedessens.dealersdescience.com\/wp-content\/uploads\/2021\/01\/deafness-300x300.png 300w, https:\/\/www.lenquetedessens.dealersdescience.com\/wp-content\/uploads\/2021\/01\/deafness-150x150.png 150w\" sizes=\"(max-width: 30px) 100vw, 30px\" \/><\/a><\/figure><\/div>\n<\/div>\n\n\n\n<div class=\"wp-block-column is-layout-flow wp-block-column-is-layout-flow\">\n<iframe scrolling=\"no\" allow=\"autoplay\" src=\"https:\/\/w.soundcloud.com\/player\/?url=https%3A\/\/api.soundcloud.com\/tracks\/960878263&amp;color=%23ff5500&amp;auto_play=false&amp;hide_related=false&amp;show_comments=true&amp;show_user=true&amp;show_reposts=false&amp;show_teaser=true&amp;visual=true\" width=\"500\" height=\"500\" frameborder=\"no\"><\/iframe><div style=\"font-size: 10px; color: #cccccc;line-break: anywhere;word-break: normal;overflow: hidden;white-space: nowrap;text-overflow: ellipsis; font-family: Interstate,Lucida Grande,Lucida Sans Unicode,Lucida Sans,Garuda,Verdana,Tahoma,sans-serif;font-weight: 100;\"><a href=\"https:\/\/soundcloud.com\/user-866929467\" title=\"Dealers de Science\" target=\"_blank\" style=\"color: #cccccc; text-decoration: none;\" rel=\"noopener\">Dealers de Science<\/a> \u00b7 <a href=\"https:\/\/soundcloud.com\/user-866929467\/dis-leur-ia\" title=\"Dis-Leur : Apprendre des mots lorsqu'on est une machine\" target=\"_blank\" style=\"color: #cccccc; text-decoration: none;\" rel=\"noopener\">Dis-Leur : Apprendre des mots lorsqu&rsquo;on est une machine<\/a><\/div>\n\n\n\n<p class=\"has-text-align-right\">\u00a9 Aurore VALEX<\/p>\n<\/div>\n<\/div>\n","protected":false},"excerpt":{"rendered":"<p>Dis-leur&nbsp;! Podcasts Mercredi 20 janvier Cette ann\u00e9e, les \u00e9tudiant\u00b7es du master M\u00e9diation des sciences abordent un th\u00e8me des plus myst\u00e9rieux : le sens des mots ! Mais dis-leur quoi ? Et comment ? Et \u00e0 qui, \u00e0 quoi ? \u00c0 travers une s\u00e9rie de podcasts, d\u00e9couvrez le sens des mots et des langages au prisme &hellip;<\/p>\n<p class=\"read-more\"> <a class=\"\" href=\"https:\/\/www.lenquetedessens.dealersdescience.com\/index.php\/evenement-podcasts-2\/\"> <span class=\"screen-reader-text\">Podcasts<\/span> Lire la suite\u00a0\u00bb<\/a><\/p>\n","protected":false},"author":2,"featured_media":0,"parent":0,"menu_order":0,"comment_status":"closed","ping_status":"open","template":"","meta":{"site-sidebar-layout":"no-sidebar","site-content-layout":"default","ast-main-header-display":"","ast-hfb-above-header-display":"","ast-hfb-below-header-display":"","ast-hfb-mobile-header-display":"","site-post-title":"","ast-breadcrumbs-content":"","ast-featured-img":"","footer-sml-layout":"","theme-transparent-header-meta":"default","adv-header-id-meta":"","stick-header-meta":"","header-above-stick-meta":"","header-main-stick-meta":"","header-below-stick-meta":"","footnotes":""},"class_list":["post-2","page","type-page","status-publish","hentry"],"_links":{"self":[{"href":"https:\/\/www.lenquetedessens.dealersdescience.com\/index.php\/wp-json\/wp\/v2\/pages\/2","targetHints":{"allow":["GET"]}}],"collection":[{"href":"https:\/\/www.lenquetedessens.dealersdescience.com\/index.php\/wp-json\/wp\/v2\/pages"}],"about":[{"href":"https:\/\/www.lenquetedessens.dealersdescience.com\/index.php\/wp-json\/wp\/v2\/types\/page"}],"author":[{"embeddable":true,"href":"https:\/\/www.lenquetedessens.dealersdescience.com\/index.php\/wp-json\/wp\/v2\/users\/2"}],"replies":[{"embeddable":true,"href":"https:\/\/www.lenquetedessens.dealersdescience.com\/index.php\/wp-json\/wp\/v2\/comments?post=2"}],"version-history":[{"count":96,"href":"https:\/\/www.lenquetedessens.dealersdescience.com\/index.php\/wp-json\/wp\/v2\/pages\/2\/revisions"}],"predecessor-version":[{"id":5987,"href":"https:\/\/www.lenquetedessens.dealersdescience.com\/index.php\/wp-json\/wp\/v2\/pages\/2\/revisions\/5987"}],"wp:attachment":[{"href":"https:\/\/www.lenquetedessens.dealersdescience.com\/index.php\/wp-json\/wp\/v2\/media?parent=2"}],"curies":[{"name":"wp","href":"https:\/\/api.w.org\/{rel}","templated":true}]}}