{"id":2783,"date":"2021-01-18T15:02:47","date_gmt":"2021-01-18T14:02:47","guid":{"rendered":"https:\/\/www.lenquetedessens.dealersdescience.com\/?page_id=2783"},"modified":"2021-01-23T17:09:15","modified_gmt":"2021-01-23T16:09:15","slug":"parle-moi-de-tes-connaissances","status":"publish","type":"page","link":"https:\/\/www.lenquetedessens.dealersdescience.com\/index.php\/parle-moi-de-tes-connaissances\/","title":{"rendered":"Parle-moi de tes connaissances"},"content":{"rendered":"\n<div class=\"wp-block-cover alignfull\" style=\"background-image:url(https:\/\/www.lenquetedessens.dealersdescience.com\/wp-content\/uploads\/2021\/01\/banniere-md-scaled.jpg)\"><div class=\"wp-block-cover__inner-container is-layout-flow wp-block-cover-is-layout-flow\">\n<h1 class=\"has-text-align-center wp-block-heading\"><\/h1>\n\n\n\n<h3 class=\"has-text-align-center wp-block-heading\"><\/h3>\n<\/div><\/div>\n\n\n\n<div style=\"height:45px\" aria-hidden=\"true\" class=\"wp-block-spacer\"><\/div>\n\n\n\n<h1 class=\"has-text-align-center has-text-color wp-block-heading\" style=\"color:#1b2c31\">March\u00e9 des connaissances<\/h1>\n\n\n\n<p class=\"has-text-align-left\">Cette ann\u00e9e, le March\u00e9 des connaissances met \u00e0 l\u2019honneur les sens physiologiques. \u00c0 ann\u00e9e exceptionnelle, \u00e9v\u00e9nement exceptionnel. Le March\u00e9 des connaissances 2021 est compos\u00e9 de deux onglets. <\/p>\n\n\n\n<div style=\"height:45px\" aria-hidden=\"true\" class=\"wp-block-spacer\"><\/div>\n\n\n\n<h2 class=\"has-text-align-center has-text-color wp-block-heading\" style=\"color:#0a4bc1\">Parle-moi de tes connaissances !<\/h2>\n\n\n\n<p class=\"has-text-align-left\"><em>Parle-moi de tes connaissances !<\/em>, un \u00ab Speed searching \u00bb en ligne avec des acteur\u00b7rices de la culture scientifique.&nbsp;L&rsquo;\u00e9v\u00e9nement aura lieu le samedi 23 janvier de 15 h \u00e0 19 h. Une s\u00e9ance dure 20 minutes. Il y a deux session pour chaque chercheur\u00b7es par heure.<\/p>\n\n\n\n<p>N&rsquo;h\u00e9sitez pas \u00e0 vous inscrire pour le \u00ab Speed searching \u00bb et \u00e0 nous suivre sur les r\u00e9seaux sociaux ! <\/p>\n\n\n\n<p>De <strong>15 h \u00e0 16 h<\/strong> : Les pertes sensorielles avec Moustafa Bensafi, Olivier Collignon et Bertrand Verine. <strong>Vous pouvez nous rejoindre soit \u00e0&nbsp;15 h&nbsp;05 soit \u00e0 15&nbsp;h&nbsp;35.<\/strong><\/p>\n\n\n\n<div class=\"wp-block-columns is-layout-flex wp-container-core-columns-is-layout-9d6595d7 wp-block-columns-is-layout-flex\">\n<div class=\"wp-block-column is-vertically-aligned-top is-layout-flow wp-block-column-is-layout-flow\">\n<div class=\"wp-block-cover has-background-dim\" style=\"background-color:#1b2c31\"><div class=\"wp-block-cover__inner-container is-layout-flow wp-block-cover-is-layout-flow\">\n<div class=\"wp-block-image is-style-default\"><figure class=\"aligncenter size-large is-resized\"><img decoding=\"async\" src=\"https:\/\/www.lenquetedessens.dealersdescience.com\/wp-content\/uploads\/2021\/01\/Moustafa_Bensafi-1024x1024.png\" alt=\"\" class=\"wp-image-5064\" width=\"300\" height=\"300\" srcset=\"https:\/\/www.lenquetedessens.dealersdescience.com\/wp-content\/uploads\/2021\/01\/Moustafa_Bensafi-1024x1024.png 1024w, https:\/\/www.lenquetedessens.dealersdescience.com\/wp-content\/uploads\/2021\/01\/Moustafa_Bensafi-300x300.png 300w, https:\/\/www.lenquetedessens.dealersdescience.com\/wp-content\/uploads\/2021\/01\/Moustafa_Bensafi-150x150.png 150w, https:\/\/www.lenquetedessens.dealersdescience.com\/wp-content\/uploads\/2021\/01\/Moustafa_Bensafi-768x768.png 768w, https:\/\/www.lenquetedessens.dealersdescience.com\/wp-content\/uploads\/2021\/01\/Moustafa_Bensafi-1536x1536.png 1536w, https:\/\/www.lenquetedessens.dealersdescience.com\/wp-content\/uploads\/2021\/01\/Moustafa_Bensafi-2048x2048.png 2048w\" sizes=\"(max-width: 300px) 100vw, 300px\" \/><figcaption><span class=\"has-inline-color has-white-color\">\u00a9  B. RAJAU \/ CNRS phototh\u00e8que<br>Portrait de Moustafa Bensafi<\/span><br><\/figcaption><\/figure><\/div>\n\n\n\n<h3 class=\"has-text-align-center has-white-color has-text-color wp-block-heading\">Moustafa Bensafi<\/h3>\n\n\n\n<p class=\"has-text-align-center\">Directeur de recherche CNRS au Centre de <br>Recherche en Neurosciences de Lyon&nbsp;accr\u00e9dit\u00e9 par le CNRS, l&rsquo;Universit\u00e9 Lyon 1 et l&rsquo;Inserm<\/p>\n\n\n\n<p class=\"has-text-align-center\">Chercheur sp\u00e9cialis\u00e9 dans la perte de l&rsquo;odorat<\/p>\n\n\n\n<p class=\"has-text-align-center\">Comprendre les troubles olfactifs et y rem\u00e9dier<\/p>\n\n\n\n<div class=\"wp-block-buttons aligncenter is-layout-flex wp-block-buttons-is-layout-flex\">\n<div class=\"wp-block-button\"><a class=\"wp-block-button__link has-background no-border-radius\" href=\"https:\/\/app.livestorm.co\/p\/5cdb58df-7503-4b8a-9039-48137ec6a591\" style=\"background-color:#e09e2e\">Inscription 15 h 05<\/a><\/div>\n\n\n\n<div class=\"wp-block-button is-style-fill\"><a class=\"wp-block-button__link has-background no-border-radius\" href=\"https:\/\/app.livestorm.co\/p\/5cdb58df-7503-4b8a-9039-48137ec6a591\" style=\"background-color:#e09e2e\">Inscription 15 h 35<\/a><\/div>\n<\/div>\n<\/div><\/div>\n<\/div>\n\n\n\n<div class=\"wp-block-column is-vertically-aligned-top is-layout-flow wp-block-column-is-layout-flow\">\n<div class=\"wp-block-cover has-background-dim\" style=\"background-color:#1b2c31\"><div class=\"wp-block-cover__inner-container is-layout-flow wp-block-cover-is-layout-flow\">\n<div class=\"wp-block-image\"><figure class=\"aligncenter size-large is-resized\"><img decoding=\"async\" src=\"https:\/\/www.lenquetedessens.dealersdescience.com\/wp-content\/uploads\/2021\/01\/Ollivier_Collignon-1024x1024.png\" alt=\"\" class=\"wp-image-5065\" width=\"300\" height=\"300\" srcset=\"https:\/\/www.lenquetedessens.dealersdescience.com\/wp-content\/uploads\/2021\/01\/Ollivier_Collignon-1024x1024.png 1024w, https:\/\/www.lenquetedessens.dealersdescience.com\/wp-content\/uploads\/2021\/01\/Ollivier_Collignon-300x300.png 300w, https:\/\/www.lenquetedessens.dealersdescience.com\/wp-content\/uploads\/2021\/01\/Ollivier_Collignon-150x150.png 150w, https:\/\/www.lenquetedessens.dealersdescience.com\/wp-content\/uploads\/2021\/01\/Ollivier_Collignon-768x768.png 768w, https:\/\/www.lenquetedessens.dealersdescience.com\/wp-content\/uploads\/2021\/01\/Ollivier_Collignon-1536x1536.png 1536w, https:\/\/www.lenquetedessens.dealersdescience.com\/wp-content\/uploads\/2021\/01\/Ollivier_Collignon-2048x2048.png 2048w\" sizes=\"(max-width: 300px) 100vw, 300px\" \/><figcaption><span class=\"has-inline-color has-white-color\">\u00a9 Olivier COLLIGNON <br>Portrait d<\/span>&lsquo;<span class=\"has-inline-color has-white-color\">Olivier Collignon<\/span><\/figcaption><\/figure><\/div>\n\n\n\n<h3 class=\"has-text-align-center has-white-color has-text-color wp-block-heading\">Olivier Collignon<\/h3>\n\n\n\n<p class=\"has-text-align-center\">Professeur et chercheur qualifi\u00e9 au FNRS ainsi que professeur de neuroscience cognitive \u00e0 l\u2019Universit\u00e9 Catholique de Louvain <\/p>\n\n\n\n<p class=\"has-text-align-center\">Chercheur en neurosciences cognitives sp\u00e9cialiste des pertes sensorielles<br><\/p>\n\n\n\n<p class=\"has-text-align-center\">Perte sensorielle et ses cons\u00e9quences sur le cerveau<\/p>\n\n\n\n<div class=\"wp-block-buttons aligncenter is-layout-flex wp-block-buttons-is-layout-flex\">\n<div class=\"wp-block-button\"><a class=\"wp-block-button__link has-background no-border-radius\" href=\"https:\/\/app.livestorm.co\/p\/f006a023-4d1b-4a3e-a4b5-81f5c5d6a6cf\" style=\"background-color:#e09e2e\">Inscription 15 h 05<\/a><\/div>\n\n\n\n<div class=\"wp-block-button is-style-fill\"><a class=\"wp-block-button__link has-background no-border-radius\" href=\"https:\/\/app.livestorm.co\/p\/f006a023-4d1b-4a3e-a4b5-81f5c5d6a6cf\" style=\"background-color:#e09e2e\">Inscription 15 h 35<\/a><\/div>\n<\/div>\n<\/div><\/div>\n<\/div>\n<\/div>\n\n\n\n<div class=\"wp-block-columns is-layout-flex wp-container-core-columns-is-layout-9d6595d7 wp-block-columns-is-layout-flex\">\n<div class=\"wp-block-column is-vertically-aligned-top is-layout-flow wp-block-column-is-layout-flow\">\n<div class=\"wp-block-cover has-background-dim\" style=\"background-color:#1b2c31\"><div class=\"wp-block-cover__inner-container is-layout-flow wp-block-cover-is-layout-flow\">\n<div class=\"wp-block-image\"><figure class=\"aligncenter size-large is-resized\"><img decoding=\"async\" src=\"https:\/\/www.lenquetedessens.dealersdescience.com\/wp-content\/uploads\/2021\/01\/Bertand_Verine-1024x1024.jpg\" alt=\"Photo de Bertrand Verine, un homme d'une soixantaine d'ann\u00e9e portant des lunettes noires et une chemise \u00e0 petits carreaux rouges et blancs. Dans le coin en bas \u00e0 droite, le logo de l'Enqu\u00eate des sens.\" class=\"wp-image-5119\" width=\"300\" height=\"300\" srcset=\"https:\/\/www.lenquetedessens.dealersdescience.com\/wp-content\/uploads\/2021\/01\/Bertand_Verine-1024x1024.jpg 1024w, https:\/\/www.lenquetedessens.dealersdescience.com\/wp-content\/uploads\/2021\/01\/Bertand_Verine-300x300.jpg 300w, https:\/\/www.lenquetedessens.dealersdescience.com\/wp-content\/uploads\/2021\/01\/Bertand_Verine-150x150.jpg 150w, https:\/\/www.lenquetedessens.dealersdescience.com\/wp-content\/uploads\/2021\/01\/Bertand_Verine-768x768.jpg 768w, https:\/\/www.lenquetedessens.dealersdescience.com\/wp-content\/uploads\/2021\/01\/Bertand_Verine-1536x1536.jpg 1536w, https:\/\/www.lenquetedessens.dealersdescience.com\/wp-content\/uploads\/2021\/01\/Bertand_Verine-2048x2048.jpg 2048w\" sizes=\"(max-width: 300px) 100vw, 300px\" \/><figcaption><span class=\"has-inline-color has-white-color\">\u00a9 Bertrand VERINE<br>Portrait de<\/span> <span class=\"has-inline-color has-white-color\">Bertrand Verine<\/span><\/figcaption><\/figure><\/div>\n\n\n\n<h3 class=\"has-text-align-center has-white-color has-text-color wp-block-heading\"><strong>Bertrand Verine<\/strong><\/h3>\n\n\n\n<p class=\"has-text-align-center\">Chercheur au laboratoire Praxiling, Anciennement Ma\u00eetre de conf\u00e9rences en linguistique. Anime le site pluridisciplinaire&nbsp;<a href=\"http:\/\/fondationdutoucher.org\/\">http:\/\/fondationdutoucher.org<\/a><\/p>\n\n\n\n<p class=\"has-text-align-center\">Chercheur en linguistique<\/p>\n\n\n\n<p class=\"has-text-align-center\">Handicap inn\u00e9 ou acquis, il d\u00e9fend l\u2019id\u00e9e que la meilleure compensation des handicaps sensoriels serait le partage d\u2019une \u00e9ducation et d\u2019une culture multisensorielle pour tous : en particulier, nous gagnerions tous \u00e0 apprendre \u00e0 toucher<\/p>\n\n\n\n<div class=\"wp-block-buttons aligncenter is-layout-flex wp-block-buttons-is-layout-flex\">\n<div class=\"wp-block-button\"><a class=\"wp-block-button__link has-background\" href=\"https:\/\/app.livestorm.co\/p\/2e4e9dc0-301c-4c20-8f31-8fc2c10bb301\" style=\"background-color:#e09e2e\">Inscription 15 h 05<\/a><\/div>\n\n\n\n<div class=\"wp-block-button is-style-fill\"><a class=\"wp-block-button__link has-background\" href=\"https:\/\/app.livestorm.co\/p\/2e4e9dc0-301c-4c20-8f31-8fc2c10bb301\" style=\"background-color:#e09e2e\">Inscription 15 h 35<\/a><\/div>\n<\/div>\n<\/div><\/div>\n<\/div>\n\n\n\n<div class=\"wp-block-column is-layout-flow wp-block-column-is-layout-flow\"><\/div>\n<\/div>\n\n\n\n<div style=\"height:45px\" aria-hidden=\"true\" class=\"wp-block-spacer\"><\/div>\n\n\n\n<p>De<strong> 16 h \u00e0 17 h<\/strong> : Le go\u00fbt et l&rsquo;odorat avec Emmanuelle Jacquin-Joly et Philippe Meyzie. <strong>Vous pouvez nous rejoindre soit \u00e0 16&nbsp;h&nbsp;05 soit \u00e0 16&nbsp;h&nbsp;35.<\/strong><\/p>\n\n\n\n<div class=\"wp-block-columns is-layout-flex wp-container-core-columns-is-layout-9d6595d7 wp-block-columns-is-layout-flex\">\n<div class=\"wp-block-column is-vertically-aligned-top is-layout-flow wp-block-column-is-layout-flow\">\n<div class=\"wp-block-cover has-background-dim\" style=\"background-color:#1b2c31\"><div class=\"wp-block-cover__inner-container is-layout-flow wp-block-cover-is-layout-flow\">\n<div class=\"wp-block-image is-style-default\"><figure class=\"aligncenter size-large is-resized\"><img decoding=\"async\" src=\"https:\/\/www.lenquetedessens.dealersdescience.com\/wp-content\/uploads\/2021\/01\/Emmanuelle_Jacquin-Joly-1024x1024.png\" alt=\"\" class=\"wp-image-5069\" width=\"300\" height=\"300\" srcset=\"https:\/\/www.lenquetedessens.dealersdescience.com\/wp-content\/uploads\/2021\/01\/Emmanuelle_Jacquin-Joly-1024x1024.png 1024w, https:\/\/www.lenquetedessens.dealersdescience.com\/wp-content\/uploads\/2021\/01\/Emmanuelle_Jacquin-Joly-300x300.png 300w, https:\/\/www.lenquetedessens.dealersdescience.com\/wp-content\/uploads\/2021\/01\/Emmanuelle_Jacquin-Joly-150x150.png 150w, https:\/\/www.lenquetedessens.dealersdescience.com\/wp-content\/uploads\/2021\/01\/Emmanuelle_Jacquin-Joly-768x768.png 768w, https:\/\/www.lenquetedessens.dealersdescience.com\/wp-content\/uploads\/2021\/01\/Emmanuelle_Jacquin-Joly-1536x1536.png 1536w, https:\/\/www.lenquetedessens.dealersdescience.com\/wp-content\/uploads\/2021\/01\/Emmanuelle_Jacquin-Joly-2048x2048.png 2048w\" sizes=\"(max-width: 300px) 100vw, 300px\" \/><figcaption><span class=\"has-inline-color has-white-color\">\u00a9 Emmanuelle JACQUIN-JOLY<br>Portrait d<\/span>&lsquo;<span class=\"has-inline-color has-white-color\">Emmanuelle Jacquin-Joly <\/span><\/figcaption><\/figure><\/div>\n\n\n\n<h3 class=\"has-text-align-center has-white-color has-text-color wp-block-heading\">Emmanuelle Jacquin-Joly<\/h3>\n\n\n\n<p class=\"has-text-align-center\">Directrice du d\u00e9partement \u00e9cologie sensorielle \u00e0 Inrae<\/p>\n\n\n\n<p class=\"has-text-align-center\">Chercheure en \u00e9cologie sensorielle, sp\u00e9cialiste des insectes<\/p>\n\n\n\n<p class=\"has-text-align-center\">L&rsquo;odorat des insectes<\/p>\n\n\n\n<div class=\"wp-block-buttons aligncenter is-layout-flex wp-block-buttons-is-layout-flex\">\n<div class=\"wp-block-button\"><a class=\"wp-block-button__link has-background no-border-radius\" href=\"https:\/\/app.livestorm.co\/p\/65d67f37-5f70-472e-b934-257132e1cdad\" style=\"background-color:#e09e2e\">Inscription 16 h 05<\/a><\/div>\n\n\n\n<div class=\"wp-block-button is-style-fill\"><a class=\"wp-block-button__link has-background no-border-radius\" href=\"https:\/\/app.livestorm.co\/p\/65d67f37-5f70-472e-b934-257132e1cdad\" style=\"background-color:#e09e2e\">Inscription 16 h 35<\/a><\/div>\n<\/div>\n<\/div><\/div>\n<\/div>\n\n\n\n<div class=\"wp-block-column is-vertically-aligned-top is-layout-flow wp-block-column-is-layout-flow\">\n<div class=\"wp-block-cover has-background-dim\" style=\"background-color:#1b2c31\"><div class=\"wp-block-cover__inner-container is-layout-flow wp-block-cover-is-layout-flow\">\n<div class=\"wp-block-image\"><figure class=\"aligncenter size-large is-resized\"><img decoding=\"async\" src=\"https:\/\/www.lenquetedessens.dealersdescience.com\/wp-content\/uploads\/2021\/01\/Philippe_Meyzie-1024x1024.png\" alt=\"\" class=\"wp-image-5071\" width=\"300\" height=\"300\" srcset=\"https:\/\/www.lenquetedessens.dealersdescience.com\/wp-content\/uploads\/2021\/01\/Philippe_Meyzie-1024x1024.png 1024w, https:\/\/www.lenquetedessens.dealersdescience.com\/wp-content\/uploads\/2021\/01\/Philippe_Meyzie-300x300.png 300w, https:\/\/www.lenquetedessens.dealersdescience.com\/wp-content\/uploads\/2021\/01\/Philippe_Meyzie-150x150.png 150w, https:\/\/www.lenquetedessens.dealersdescience.com\/wp-content\/uploads\/2021\/01\/Philippe_Meyzie-768x768.png 768w, https:\/\/www.lenquetedessens.dealersdescience.com\/wp-content\/uploads\/2021\/01\/Philippe_Meyzie-1536x1536.png 1536w, https:\/\/www.lenquetedessens.dealersdescience.com\/wp-content\/uploads\/2021\/01\/Philippe_Meyzie-2048x2048.png 2048w\" sizes=\"(max-width: 300px) 100vw, 300px\" \/><figcaption><span class=\"has-inline-color has-white-color\">\u00a9 Philippe MEYZIE<br>Portrait de<\/span> <span class=\"has-inline-color has-white-color\">Philippe Meyzie<\/span><\/figcaption><\/figure><\/div>\n\n\n\n<h3 class=\"has-text-align-center has-white-color has-text-color wp-block-heading\">Philippe Meyzie<\/h3>\n\n\n\n<p class=\"has-text-align-center\">Ma\u00eetre de conf\u00e9rences habilit\u00e9 \u00e0 diriger des recherches en histoire moderne \u00e0 l&rsquo;Universit\u00e9 Bordeaux Montaigne, membre du CEMMC (Centre d&rsquo;Etudes des Mondes Modernes et Contemporains)<\/p>\n\n\n\n<p class=\"has-text-align-center\">Chercheur en histoire de l&rsquo;alimentation<\/p>\n\n\n\n<p class=\"has-text-align-center\">Histoire de l&rsquo;alimentation <\/p>\n\n\n\n<div class=\"wp-block-buttons aligncenter is-layout-flex wp-block-buttons-is-layout-flex\">\n<div class=\"wp-block-button\"><a class=\"wp-block-button__link has-background no-border-radius\" href=\"https:\/\/app.livestorm.co\/p\/bf16d35d-10e1-4e27-a9d3-3a339106bcf5\" style=\"background-color:#e09e2e\">Inscription 16 h 05<\/a><\/div>\n\n\n\n<div class=\"wp-block-button is-style-fill\"><a class=\"wp-block-button__link has-background no-border-radius\" href=\"https:\/\/app.livestorm.co\/p\/bf16d35d-10e1-4e27-a9d3-3a339106bcf5\" style=\"background-color:#e09e2e\">Inscription 16 h 35<\/a><\/div>\n<\/div>\n<\/div><\/div>\n<\/div>\n<\/div>\n\n\n\n<div style=\"height:45px\" aria-hidden=\"true\" class=\"wp-block-spacer\"><\/div>\n\n\n\n<p>De <strong>17 h \u00e0 18 h<\/strong> : La vue et l&rsquo;ou\u00efe avec J\u00e9r\u00e9mie Barral, Brice Batthelier, Michel P\u00e2ques et Serge Picaud. <strong>Vous pouvez nous rejoindre soit \u00e0 17\u00a0h\u00a005 soit \u00e0 17\u00a0h\u00a035.<\/strong><\/p>\n\n\n\n<div class=\"wp-block-columns is-layout-flex wp-container-core-columns-is-layout-9d6595d7 wp-block-columns-is-layout-flex\">\n<div class=\"wp-block-column is-layout-flow wp-block-column-is-layout-flow\">\n<div class=\"wp-block-cover has-background-dim\" style=\"background-color:#1b2c31\"><div class=\"wp-block-cover__inner-container is-layout-flow wp-block-cover-is-layout-flow\">\n<div class=\"wp-block-image is-style-default\"><figure class=\"aligncenter size-large is-resized\"><img decoding=\"async\" src=\"https:\/\/www.lenquetedessens.dealersdescience.com\/wp-content\/uploads\/2021\/01\/Jeremy_Barral-1024x1024.png\" alt=\"\" class=\"wp-image-5072\" width=\"300\" height=\"300\" srcset=\"https:\/\/www.lenquetedessens.dealersdescience.com\/wp-content\/uploads\/2021\/01\/Jeremy_Barral-1024x1024.png 1024w, https:\/\/www.lenquetedessens.dealersdescience.com\/wp-content\/uploads\/2021\/01\/Jeremy_Barral-300x300.png 300w, https:\/\/www.lenquetedessens.dealersdescience.com\/wp-content\/uploads\/2021\/01\/Jeremy_Barral-150x150.png 150w, https:\/\/www.lenquetedessens.dealersdescience.com\/wp-content\/uploads\/2021\/01\/Jeremy_Barral-768x768.png 768w, https:\/\/www.lenquetedessens.dealersdescience.com\/wp-content\/uploads\/2021\/01\/Jeremy_Barral-1536x1536.png 1536w, https:\/\/www.lenquetedessens.dealersdescience.com\/wp-content\/uploads\/2021\/01\/Jeremy_Barral-2048x2048.png 2048w\" sizes=\"(max-width: 300px) 100vw, 300px\" \/><figcaption><span class=\"has-inline-color has-white-color\">\u00a9 J\u00e9r\u00e9mie BARRAL<br>Portrait de<\/span> <span class=\"has-inline-color has-white-color\">J\u00e9r\u00e9mie Barral<\/span><\/figcaption><\/figure><\/div>\n\n\n\n<h3 class=\"has-text-align-center has-white-color has-text-color wp-block-heading\">J\u00e9r\u00e9mie Barral<\/h3>\n\n\n\n<p class=\"has-text-align-center\">Charg\u00e9 de recherche au CNRS et \u00e0 l\u2019Institut de l\u2019Audition rattach\u00e9 \u00e0 l\u2019Institut Pasteur et \u00e0 l\u2019Inserm<\/p>\n\n\n\n<p class=\"has-text-align-center\">Chercheur sp\u00e9cialiste des cellules sensorielles de l&rsquo;audition<\/p>\n\n\n\n<p class=\"has-text-align-center\">Encoder des sons complexes avec la lumi\u00e8re<\/p>\n\n\n\n<div class=\"wp-block-buttons aligncenter is-layout-flex wp-block-buttons-is-layout-flex\">\n<div class=\"wp-block-button\"><a class=\"wp-block-button__link has-background no-border-radius\" href=\"https:\/\/app.livestorm.co\/p\/f9e4f039-ac51-4905-b0d2-e954f4fc91e0\" style=\"background-color:#e09e2e\">Inscription 17 h 05<\/a><\/div>\n\n\n\n<div class=\"wp-block-button is-style-fill\"><a class=\"wp-block-button__link has-background no-border-radius\" href=\"https:\/\/app.livestorm.co\/p\/f9e4f039-ac51-4905-b0d2-e954f4fc91e0\" style=\"background-color:#e09e2e\">Inscription 17 h 35<\/a><\/div>\n<\/div>\n<\/div><\/div>\n<\/div>\n\n\n\n<div class=\"wp-block-column is-vertically-aligned-top is-layout-flow wp-block-column-is-layout-flow\">\n<div class=\"wp-block-cover has-background-dim\" style=\"background-color:#1b2c31\"><div class=\"wp-block-cover__inner-container is-layout-flow wp-block-cover-is-layout-flow\">\n<div class=\"wp-block-image\"><figure class=\"aligncenter size-large is-resized\"><img decoding=\"async\" src=\"https:\/\/www.lenquetedessens.dealersdescience.com\/wp-content\/uploads\/2021\/01\/Brice_Bathellier-1024x1024.png\" alt=\"\" class=\"wp-image-5073\" width=\"300\" height=\"300\" srcset=\"https:\/\/www.lenquetedessens.dealersdescience.com\/wp-content\/uploads\/2021\/01\/Brice_Bathellier-1024x1024.png 1024w, https:\/\/www.lenquetedessens.dealersdescience.com\/wp-content\/uploads\/2021\/01\/Brice_Bathellier-300x300.png 300w, https:\/\/www.lenquetedessens.dealersdescience.com\/wp-content\/uploads\/2021\/01\/Brice_Bathellier-150x150.png 150w, https:\/\/www.lenquetedessens.dealersdescience.com\/wp-content\/uploads\/2021\/01\/Brice_Bathellier-768x768.png 768w, https:\/\/www.lenquetedessens.dealersdescience.com\/wp-content\/uploads\/2021\/01\/Brice_Bathellier-1536x1536.png 1536w, https:\/\/www.lenquetedessens.dealersdescience.com\/wp-content\/uploads\/2021\/01\/Brice_Bathellier-2048x2048.png 2048w\" sizes=\"(max-width: 300px) 100vw, 300px\" \/><figcaption><span class=\"has-inline-color has-white-color\">\u00a9 Brice BATHELLIER<br>Portrait de Brice Bathellier<\/span><\/figcaption><\/figure><\/div>\n\n\n\n<h3 class=\"has-text-align-center has-white-color has-text-color wp-block-heading\">Brice Bathellier<\/h3>\n\n\n\n<p class=\"has-text-align-center\">Directeur de recherche au CNRS et chef d\u2019\u00e9quipe de recherche \u00e0 l\u2019Institut de l\u2019Audition rattach\u00e9 \u00e0 l\u2019Institut Pasteur et \u00e0 l\u2019Inserm<\/p>\n\n\n\n<p class=\"has-text-align-center\">Chercheur sp\u00e9cialis\u00e9 dans le fonctionnement de l&rsquo;audition<\/p>\n\n\n\n<p class=\"has-text-align-center\">G\u00e9n\u00e9rer un mod\u00e8le auditif \u00e0 l&rsquo;aide des autres sens <\/p>\n\n\n\n<div class=\"wp-block-buttons aligncenter is-layout-flex wp-block-buttons-is-layout-flex\">\n<div class=\"wp-block-button\"><a class=\"wp-block-button__link has-background no-border-radius\" href=\"https:\/\/app.livestorm.co\/p\/ce8df310-06c3-4976-b5a6-193be7ab8599\" style=\"background-color:#e09e2e\">Inscription 17 h 05<\/a><\/div>\n\n\n\n<div class=\"wp-block-button is-style-fill\"><a class=\"wp-block-button__link has-background no-border-radius\" href=\"https:\/\/app.livestorm.co\/p\/ce8df310-06c3-4976-b5a6-193be7ab8599\" style=\"background-color:#e09e2e\">Inscription 17 h 35<\/a><\/div>\n<\/div>\n<\/div><\/div>\n<\/div>\n<\/div>\n\n\n\n<div class=\"wp-block-columns is-layout-flex wp-container-core-columns-is-layout-9d6595d7 wp-block-columns-is-layout-flex\">\n<div class=\"wp-block-column is-layout-flow wp-block-column-is-layout-flow\">\n<div class=\"wp-block-cover has-background-dim\" style=\"background-color:#1b2c31\"><div class=\"wp-block-cover__inner-container is-layout-flow wp-block-cover-is-layout-flow\">\n<div class=\"wp-block-image is-style-default\"><figure class=\"aligncenter size-large is-resized\"><img decoding=\"async\" src=\"https:\/\/www.lenquetedessens.dealersdescience.com\/wp-content\/uploads\/2021\/01\/Michel_Paques-1024x1024.png\" alt=\"\" class=\"wp-image-5074\" width=\"300\" height=\"300\" srcset=\"https:\/\/www.lenquetedessens.dealersdescience.com\/wp-content\/uploads\/2021\/01\/Michel_Paques-1024x1024.png 1024w, https:\/\/www.lenquetedessens.dealersdescience.com\/wp-content\/uploads\/2021\/01\/Michel_Paques-300x300.png 300w, https:\/\/www.lenquetedessens.dealersdescience.com\/wp-content\/uploads\/2021\/01\/Michel_Paques-150x150.png 150w, https:\/\/www.lenquetedessens.dealersdescience.com\/wp-content\/uploads\/2021\/01\/Michel_Paques-768x768.png 768w, https:\/\/www.lenquetedessens.dealersdescience.com\/wp-content\/uploads\/2021\/01\/Michel_Paques-1536x1536.png 1536w, https:\/\/www.lenquetedessens.dealersdescience.com\/wp-content\/uploads\/2021\/01\/Michel_Paques-2048x2048.png 2048w\" sizes=\"(max-width: 300px) 100vw, 300px\" \/><figcaption><span class=\"has-inline-color has-white-color\">\u00a9 Institut de la Vision <br>Portrait de Michel P\u00e2ques<\/span><\/figcaption><\/figure><\/div>\n\n\n\n<h3 class=\"has-text-align-center has-white-color has-text-color wp-block-heading\">Michel P\u00e2ques<\/h3>\n\n\n\n<p class=\"has-text-align-center\">Ophtalmologiste \u00e0 l\u2019h\u00f4pital des Quinze-Vingts et chercheur \u00e0 l\u2019Institut de la Vision<\/p>\n\n\n\n<p class=\"has-text-align-center\">Chercheur en imagerie m\u00e9dicale<\/p>\n\n\n\n<p class=\"has-text-align-center\">Comprendre les particules de lumi\u00e8re, appel\u00e9es photons, qui \u00e9clairent le fond de l&rsquo;\u0153il<\/p>\n\n\n\n<div class=\"wp-block-buttons aligncenter is-layout-flex wp-block-buttons-is-layout-flex\">\n<div class=\"wp-block-button\"><a class=\"wp-block-button__link has-background no-border-radius\" href=\"https:\/\/app.livestorm.co\/p\/7d974460-7c37-4116-a82a-78fbf5a4fc9b\" style=\"background-color:#e09e2e\">Inscription 17 h 05<\/a><\/div>\n\n\n\n<div class=\"wp-block-button is-style-fill\"><a class=\"wp-block-button__link has-background no-border-radius\" href=\"https:\/\/app.livestorm.co\/p\/7d974460-7c37-4116-a82a-78fbf5a4fc9b\" style=\"background-color:#e09e2e\">Inscription 17 h 35<\/a><\/div>\n<\/div>\n<\/div><\/div>\n<\/div>\n\n\n\n<div class=\"wp-block-column is-vertically-aligned-top is-layout-flow wp-block-column-is-layout-flow\">\n<div class=\"wp-block-cover has-background-dim\" style=\"background-color:#1b2c31\"><div class=\"wp-block-cover__inner-container is-layout-flow wp-block-cover-is-layout-flow\">\n<div class=\"wp-block-image\"><figure class=\"aligncenter size-large is-resized\"><img decoding=\"async\" src=\"https:\/\/www.lenquetedessens.dealersdescience.com\/wp-content\/uploads\/2021\/01\/Serge_Picaud-1024x1024.png\" alt=\"\" class=\"wp-image-5076\" width=\"300\" height=\"300\" srcset=\"https:\/\/www.lenquetedessens.dealersdescience.com\/wp-content\/uploads\/2021\/01\/Serge_Picaud-1024x1024.png 1024w, https:\/\/www.lenquetedessens.dealersdescience.com\/wp-content\/uploads\/2021\/01\/Serge_Picaud-300x300.png 300w, https:\/\/www.lenquetedessens.dealersdescience.com\/wp-content\/uploads\/2021\/01\/Serge_Picaud-150x150.png 150w, https:\/\/www.lenquetedessens.dealersdescience.com\/wp-content\/uploads\/2021\/01\/Serge_Picaud-768x768.png 768w, https:\/\/www.lenquetedessens.dealersdescience.com\/wp-content\/uploads\/2021\/01\/Serge_Picaud-1536x1536.png 1536w, https:\/\/www.lenquetedessens.dealersdescience.com\/wp-content\/uploads\/2021\/01\/Serge_Picaud-2048x2048.png 2048w\" sizes=\"(max-width: 300px) 100vw, 300px\" \/><figcaption><span class=\"has-inline-color has-white-color\">\u00a9 Serge PICAUD<br>Portrait de Serge Picaud<\/span><\/figcaption><\/figure><\/div>\n\n\n\n<h3 class=\"has-text-align-center has-white-color has-text-color wp-block-heading\">Serge Picaud<\/h3>\n\n\n\n<p class=\"has-text-align-center\">Directeur de recherche \u00e0 l&rsquo;Inserm et directeur de l&rsquo;Institut de la Vision<\/p>\n\n\n\n<p class=\"has-text-align-center\">Chercheur sp\u00e9cialiste de la vision<\/p>\n\n\n\n<p class=\"has-text-align-center\">Restauration visuelle en utilisant les bienfaits d\u2019une prot\u00e9ine d\u2019algue sensible \u00e0 la lumi\u00e8re<\/p>\n\n\n\n<div class=\"wp-block-buttons aligncenter is-layout-flex wp-block-buttons-is-layout-flex\">\n<div class=\"wp-block-button\"><a class=\"wp-block-button__link has-background no-border-radius\" href=\"https:\/\/app.livestorm.co\/p\/8fa512e3-3c8f-4500-9bc4-8fe6d9f94c4c\" style=\"background-color:#e09e2e\">Inscription 17 h 05<\/a><\/div>\n\n\n\n<div class=\"wp-block-button is-style-fill\"><a class=\"wp-block-button__link has-background no-border-radius\" href=\"https:\/\/app.livestorm.co\/p\/8fa512e3-3c8f-4500-9bc4-8fe6d9f94c4c\" style=\"background-color:#e09e2e\">Inscription 17 h 35<\/a><\/div>\n<\/div>\n<\/div><\/div>\n<\/div>\n<\/div>\n\n\n\n<div style=\"height:45px\" aria-hidden=\"true\" class=\"wp-block-spacer\"><\/div>\n\n\n\n<p>De <strong>18 h \u00e0 19 h<\/strong> : Le toucher et nos autres sens avec Ana\u00efs Choulet, B\u00e9rang\u00e8re Fromy. <strong>Vous pouvez nous rejoindre soit \u00e0 18&nbsp;h&nbsp;05 soit \u00e0 &nbsp;h&nbsp;35.<\/strong><\/p>\n\n\n\n<div class=\"wp-block-columns is-layout-flex wp-container-core-columns-is-layout-9d6595d7 wp-block-columns-is-layout-flex\">\n<div class=\"wp-block-column is-vertically-aligned-top is-layout-flow wp-block-column-is-layout-flow\">\n<div class=\"wp-block-cover has-background-dim\" style=\"background-color:#1b2c31\"><div class=\"wp-block-cover__inner-container is-layout-flow wp-block-cover-is-layout-flow\">\n<div class=\"wp-block-image\"><figure class=\"aligncenter size-large is-resized\"><img decoding=\"async\" src=\"https:\/\/www.lenquetedessens.dealersdescience.com\/wp-content\/uploads\/2021\/01\/Anais_Choulet-1024x1024.jpg\" alt=\"Portrait de Ana\u00efs Choulet, une femme brune assise avec les cheveux ch\u00e2tains. Dans le coin en bas \u00e0 droite, le logo de l'Enqu\u00eate des sens.\" class=\"wp-image-5078\" width=\"300\" srcset=\"https:\/\/www.lenquetedessens.dealersdescience.com\/wp-content\/uploads\/2021\/01\/Anais_Choulet-1024x1024.jpg 1024w, https:\/\/www.lenquetedessens.dealersdescience.com\/wp-content\/uploads\/2021\/01\/Anais_Choulet-300x300.jpg 300w, https:\/\/www.lenquetedessens.dealersdescience.com\/wp-content\/uploads\/2021\/01\/Anais_Choulet-150x150.jpg 150w, https:\/\/www.lenquetedessens.dealersdescience.com\/wp-content\/uploads\/2021\/01\/Anais_Choulet-768x768.jpg 768w, https:\/\/www.lenquetedessens.dealersdescience.com\/wp-content\/uploads\/2021\/01\/Anais_Choulet-1536x1536.jpg 1536w, https:\/\/www.lenquetedessens.dealersdescience.com\/wp-content\/uploads\/2021\/01\/Anais_Choulet-2048x2048.jpg 2048w\" sizes=\"(max-width: 1024px) 100vw, 1024px\" \/><figcaption><span class=\"has-inline-color has-white-color\">\u00a9 Ana\u00efs CHOULET<br>Portrait de Ana\u00efs Choulet<\/span><\/figcaption><\/figure><\/div>\n\n\n\n<h3 class=\"has-text-align-center has-white-color has-text-color wp-block-heading\">Ana\u00efs Choulet<\/h3>\n\n\n\n<p class=\"has-text-align-center\">Doctorante en philosophie, CNRS et Universit\u00e9 Lyon 3, <br>laboratoires EVS et IRPhiL<\/p>\n\n\n\n<p class=\"has-text-align-center\">Chercheure en philosophie<\/p>\n\n\n\n<p class=\"has-text-align-center\">Se r\u00e9approprier son corps et sa sant\u00e9 au moyen du toucher. Comment interroger la place du toucher dans la relation de soin au moyen de la philosophie ?<\/p>\n\n\n<div class=\"wpforms-container wpforms-container-full wpforms-field align-self center wpforms-block\" id=\"wpforms-5654\"><form id=\"wpforms-form-5654\" class=\"wpforms-validate wpforms-form\" data-formid=\"5654\" method=\"post\" enctype=\"multipart\/form-data\" action=\"\/index.php\/wp-json\/wp\/v2\/pages\/2783\" data-token=\"87f833d07c32e3383989d120ac33010b\" data-token-time=\"1777484562\"><noscript class=\"wpforms-error-noscript\">Veuillez activer JavaScript dans votre navigateur pour remplir ce formulaire.<\/noscript><div class=\"wpforms-field-container\"><div id=\"wpforms-5654-field_1-container\" class=\"wpforms-field wpforms-field-name\" data-field-id=\"1\"><label class=\"wpforms-field-label\">Pour des raisons techniques, cette rencontre aura lieu via Zoom : <span class=\"wpforms-required-label\">*<\/span><\/label><div class=\"wpforms-field-row wpforms-field-large\"><div class=\"wpforms-field-row-block wpforms-first wpforms-one-half\"><input type=\"text\" id=\"wpforms-5654-field_1\" class=\"wpforms-field-name-first wpforms-field-required\" name=\"wpforms[fields][1][first]\" required><label for=\"wpforms-5654-field_1\" class=\"wpforms-field-sublabel after\">Pr\u00e9nom<\/label><\/div><div class=\"wpforms-field-row-block wpforms-one-half\"><input type=\"text\" id=\"wpforms-5654-field_1-last\" class=\"wpforms-field-name-last wpforms-field-required\" name=\"wpforms[fields][1][last]\" required><label for=\"wpforms-5654-field_1-last\" class=\"wpforms-field-sublabel after\">Nom<\/label><\/div><\/div><\/div><div id=\"wpforms-5654-field_2-container\" class=\"wpforms-field wpforms-field-email\" data-field-id=\"2\"><label class=\"wpforms-field-label\" for=\"wpforms-5654-field_2\">E-mail <span class=\"wpforms-required-label\">*<\/span><\/label><input type=\"email\" id=\"wpforms-5654-field_2\" class=\"wpforms-field-large wpforms-field-required\" name=\"wpforms[fields][2]\" spellcheck=\"false\" required><\/div><\/div><!-- .wpforms-field-container --><div class=\"wpforms-submit-container\" ><input type=\"hidden\" name=\"wpforms[id]\" value=\"5654\"><input type=\"hidden\" name=\"page_title\" value=\"\"><input type=\"hidden\" name=\"page_url\" value=\"https:\/\/www.lenquetedessens.dealersdescience.com\/index.php\/wp-json\/wp\/v2\/pages\/2783\"><input type=\"hidden\" name=\"url_referer\" value=\"\"><button type=\"submit\" name=\"wpforms[submit]\" id=\"wpforms-submit-5654\" class=\"wpforms-submit\" data-alt-text=\"Envoi...\" data-submit-text=\"Envoyer\" aria-live=\"assertive\" value=\"wpforms-submit\">Envoyer<\/button><\/div><\/form><\/div>  <!-- .wpforms-container --><\/div><\/div>\n<\/div>\n\n\n\n<div class=\"wp-block-column is-vertically-aligned-top is-layout-flow wp-block-column-is-layout-flow\">\n<div class=\"wp-block-cover has-background-dim\" style=\"background-color:#1b2c31\"><div class=\"wp-block-cover__inner-container is-layout-flow wp-block-cover-is-layout-flow\">\n<div class=\"wp-block-image\"><figure class=\"aligncenter size-large is-resized\"><img decoding=\"async\" src=\"https:\/\/www.lenquetedessens.dealersdescience.com\/wp-content\/uploads\/2021\/01\/Berengere_Fromy-1024x1024.png\" alt=\"\" class=\"wp-image-5077\" width=\"300\" height=\"300\" srcset=\"https:\/\/www.lenquetedessens.dealersdescience.com\/wp-content\/uploads\/2021\/01\/Berengere_Fromy-1024x1024.png 1024w, https:\/\/www.lenquetedessens.dealersdescience.com\/wp-content\/uploads\/2021\/01\/Berengere_Fromy-300x300.png 300w, https:\/\/www.lenquetedessens.dealersdescience.com\/wp-content\/uploads\/2021\/01\/Berengere_Fromy-150x150.png 150w, https:\/\/www.lenquetedessens.dealersdescience.com\/wp-content\/uploads\/2021\/01\/Berengere_Fromy-768x768.png 768w, https:\/\/www.lenquetedessens.dealersdescience.com\/wp-content\/uploads\/2021\/01\/Berengere_Fromy-1536x1536.png 1536w, https:\/\/www.lenquetedessens.dealersdescience.com\/wp-content\/uploads\/2021\/01\/Berengere_Fromy-2048x2048.png 2048w\" sizes=\"(max-width: 300px) 100vw, 300px\" \/><figcaption>\u00a9<span class=\"has-inline-color has-white-color\"> B\u00e9rang\u00e8re FROMY<br>Portrait de B\u00e9reng\u00e8re Fromy<\/span><\/figcaption><\/figure><\/div>\n\n\n\n<h3 class=\"has-text-align-center has-white-color has-text-color wp-block-heading\">B\u00e9reng\u00e8re Fromy<\/h3>\n\n\n\n<p class=\"has-text-align-center\">Docteure co-responsable de l\u2019\u00e9quipe Int\u00e9grit\u00e9 Fonctionnelle <br>du Tissu Cutan\u00e9 (SKIN group)<br>Laboratoire de Biologie tissulaire et Ing\u00e9nierie th\u00e9rapeutique (LBTI) <br>UMR 5305 CNRS\/Universit\u00e9 Lyon 1<\/p>\n\n\n\n<p class=\"has-text-align-center\">Chercheure en biologie tissulaire<\/p>\n\n\n\n<p class=\"has-text-align-center\">\u00c9tude du lien entre la pression sur peau et la circulation sanguine cutan\u00e9e, pour des applications en diagnostic m\u00e9dical<\/p>\n\n\n\n<div class=\"wp-block-buttons aligncenter is-layout-flex wp-block-buttons-is-layout-flex\">\n<div class=\"wp-block-button\"><a class=\"wp-block-button__link has-background no-border-radius\" href=\"https:\/\/app.livestorm.co\/p\/03acc830-4dc5-48a7-a591-fb2b0cf61ee3\" style=\"background-color:#e09e2e\">Inscription 18 h 05<\/a><\/div>\n\n\n\n<div class=\"wp-block-button is-style-fill\"><a class=\"wp-block-button__link has-background no-border-radius\" href=\"https:\/\/app.livestorm.co\/p\/03acc830-4dc5-48a7-a591-fb2b0cf61ee3\" style=\"background-color:#e09e2e\">Inscription 18 h 35<\/a><\/div>\n<\/div>\n<\/div><\/div>\n<\/div>\n<\/div>\n\n\n\n<div style=\"height:45px\" aria-hidden=\"true\" class=\"wp-block-spacer\"><\/div>\n\n\n\n<h2 class=\"has-text-align-center has-text-color wp-block-heading\" style=\"color:#0a4bc1\">Les cinq sens \u00e0 la maison<\/h2>\n\n\n\n<p class=\"has-text-align-left\">Retrouvez le catalogue en ligne <em>Les cinq sens \u00e0 la maison<\/em> qui recense des activit\u00e9s ludiques, des exp\u00e9riences, mais aussi des contenus scientifiques sur les cinq sens physiologiques. <\/p>\n\n\n\n<div class=\"wp-block-buttons aligncenter is-layout-flex wp-block-buttons-is-layout-flex\">\n<div class=\"wp-block-button is-style-fill\"><a class=\"wp-block-button__link has-background no-border-radius\" href=\"https:\/\/www.lenquetedessens.dealersdescience.com\/?page_id=2173\" style=\"background-color:#e09e2e\">Les cinq sens \u00e0 la maison<\/a><\/div>\n<\/div>\n\n\n\n<div class=\"wp-block-columns is-layout-flex wp-container-core-columns-is-layout-9d6595d7 wp-block-columns-is-layout-flex\">\n<div class=\"wp-block-column is-vertically-aligned-center is-layout-flow wp-block-column-is-layout-flow\"><\/div>\n<\/div>\n","protected":false},"excerpt":{"rendered":"<p>March\u00e9 des connaissances Cette ann\u00e9e, le March\u00e9 des connaissances met \u00e0 l\u2019honneur les sens physiologiques. \u00c0 ann\u00e9e exceptionnelle, \u00e9v\u00e9nement exceptionnel. Le March\u00e9 des connaissances 2021 est compos\u00e9 de deux onglets. Parle-moi de tes connaissances ! Parle-moi de tes connaissances !, un \u00ab Speed searching \u00bb en ligne avec des acteur\u00b7rices de la culture scientifique.&nbsp;L&rsquo;\u00e9v\u00e9nement aura &hellip;<\/p>\n<p class=\"read-more\"> <a class=\"\" href=\"https:\/\/www.lenquetedessens.dealersdescience.com\/index.php\/parle-moi-de-tes-connaissances\/\"> <span class=\"screen-reader-text\">Parle-moi de tes connaissances<\/span> Lire la suite\u00a0\u00bb<\/a><\/p>\n","protected":false},"author":4,"featured_media":3424,"parent":0,"menu_order":0,"comment_status":"closed","ping_status":"closed","template":"","meta":{"site-sidebar-layout":"no-sidebar","site-content-layout":"default","ast-main-header-display":"","ast-hfb-above-header-display":"","ast-hfb-below-header-display":"","ast-hfb-mobile-header-display":"","site-post-title":"","ast-breadcrumbs-content":"","ast-featured-img":"","footer-sml-layout":"","theme-transparent-header-meta":"default","adv-header-id-meta":"","stick-header-meta":"","header-above-stick-meta":"","header-main-stick-meta":"","header-below-stick-meta":"","footnotes":""},"class_list":["post-2783","page","type-page","status-publish","has-post-thumbnail","hentry"],"_links":{"self":[{"href":"https:\/\/www.lenquetedessens.dealersdescience.com\/index.php\/wp-json\/wp\/v2\/pages\/2783","targetHints":{"allow":["GET"]}}],"collection":[{"href":"https:\/\/www.lenquetedessens.dealersdescience.com\/index.php\/wp-json\/wp\/v2\/pages"}],"about":[{"href":"https:\/\/www.lenquetedessens.dealersdescience.com\/index.php\/wp-json\/wp\/v2\/types\/page"}],"author":[{"embeddable":true,"href":"https:\/\/www.lenquetedessens.dealersdescience.com\/index.php\/wp-json\/wp\/v2\/users\/4"}],"replies":[{"embeddable":true,"href":"https:\/\/www.lenquetedessens.dealersdescience.com\/index.php\/wp-json\/wp\/v2\/comments?post=2783"}],"version-history":[{"count":97,"href":"https:\/\/www.lenquetedessens.dealersdescience.com\/index.php\/wp-json\/wp\/v2\/pages\/2783\/revisions"}],"predecessor-version":[{"id":6092,"href":"https:\/\/www.lenquetedessens.dealersdescience.com\/index.php\/wp-json\/wp\/v2\/pages\/2783\/revisions\/6092"}],"wp:featuredmedia":[{"embeddable":true,"href":"https:\/\/www.lenquetedessens.dealersdescience.com\/index.php\/wp-json\/wp\/v2\/media\/3424"}],"wp:attachment":[{"href":"https:\/\/www.lenquetedessens.dealersdescience.com\/index.php\/wp-json\/wp\/v2\/media?parent=2783"}],"curies":[{"name":"wp","href":"https:\/\/api.w.org\/{rel}","templated":true}]}}