{"id":423,"date":"2021-01-06T15:00:44","date_gmt":"2021-01-06T14:00:44","guid":{"rendered":"http:\/\/www.lenquetedessens.dealersdescience.com\/?page_id=423"},"modified":"2021-03-17T20:12:49","modified_gmt":"2021-03-17T19:12:49","slug":"exposition-numerique-le-sens-de-la-publicite-construction-d-un-stereotype","status":"publish","type":"page","link":"https:\/\/www.lenquetedessens.dealersdescience.com\/index.php\/exposition-numerique-le-sens-de-la-publicite-construction-d-un-stereotype\/","title":{"rendered":"Le sens dans la publicit\u00e9 : construction d\u2019un st\u00e9r\u00e9otype ?"},"content":{"rendered":"\n<p><\/p>\n\n\n\n<div class=\"wp-block-cover alignwide\" style=\"min-height:600px;aspect-ratio:unset;\"><img decoding=\"async\" width=\"500\" height=\"324\" class=\"wp-block-cover__image-background wp-image-994\" alt=\"\" src=\"https:\/\/www.lenquetedessens.dealersdescience.com\/wp-content\/uploads\/2020\/12\/moulinex_libere-1.jpg\" style=\"object-position:48% 50%\" data-object-fit=\"cover\" data-object-position=\"48% 50%\" srcset=\"https:\/\/www.lenquetedessens.dealersdescience.com\/wp-content\/uploads\/2020\/12\/moulinex_libere-1.jpg 500w, https:\/\/www.lenquetedessens.dealersdescience.com\/wp-content\/uploads\/2020\/12\/moulinex_libere-1-300x194.jpg 300w\" sizes=\"(max-width: 500px) 100vw, 500px\" \/><div class=\"wp-block-cover__inner-container is-layout-flow wp-block-cover-is-layout-flow\">\n<div class=\"wp-block-columns is-layout-flex wp-container-core-columns-is-layout-9d6595d7 wp-block-columns-is-layout-flex\">\n<div class=\"wp-block-column is-vertically-aligned-center is-layout-flow wp-block-column-is-layout-flow\"><\/div>\n<\/div>\n<\/div><\/div>\n\n\n\n<div style=\"height:45px\" aria-hidden=\"true\" class=\"wp-block-spacer\"><\/div>\n\n\n\n<h1 class=\"has-text-align-center has-text-color wp-block-heading\" style=\"color:#1b2c31\">Le sens dans la publicit\u00e9 : construction d\u2019un st\u00e9r\u00e9otype ?<\/h1>\n\n\n\n<h3 class=\"has-text-align-center has-text-color wp-block-heading\" style=\"color:#e09e2e\">Moulinex est une marque connue notamment pour sa campagne de communication des ann\u00e9es 1960. C\u2019est, encore aujourd\u2019hui, une r\u00e9f\u00e9rence quant \u00e0 la repr\u00e9sentation des femmes. La s\u00e9miologie permet de faire \u00e9merger le sens de cette publicit\u00e9.<\/h3>\n\n\n\n<div style=\"height:45px\" aria-hidden=\"true\" class=\"wp-block-spacer\"><\/div>\n\n\n\n<h3 class=\"has-text-color wp-block-heading\" style=\"color:#e09e2e\">La place de Moulinex dans le contexte socio-historique de l\u2019\u00e9poque<\/h3>\n\n\n\n<p>Les ann\u00e9es 1960 marquent l\u2019av\u00e8nement de l\u2019\u00e9lectricit\u00e9. Avec la premi\u00e8re centrale nucl\u00e9aire qui ouvre ses portes \u00e0 Chinon en 1963<sup>1<\/sup>, les appareils \u00e9lectrom\u00e9nagers conqui\u00e8rent bon nombre de foyers fran\u00e7ais. Autrefois r\u00e9serv\u00e9s aux classes socio-professionnelles sup\u00e9rieures, les cuisini\u00e8res \u00e9lectriques et les petits appareils m\u00e9nagers d\u00e9barquent au c\u0153ur des logements modernes. Les habitudes de consommation \u00e9voluent et le taux d\u2019\u00e9quipement des foyers fran\u00e7ais en appareils \u00e9lectrom\u00e9nagers passe ainsi de 3 % en 1950 \u00e0 20 % dans les ann\u00e9es 60<sup>2<\/sup>.<\/p>\n\n\n\n<p>Parall\u00e8lement, les femmes travaillent de plus en plus. La loi du 13 juillet 1965<sup>3<\/sup> marque un profond tournant puisque d\u00e8s lors, les femmes n\u2019ont plus besoin de l\u2019accord de leur \u00e9poux pour ouvrir un compte en banque ou encore prendre un travail. Mais si l\u2019emploi f\u00e9minin se d\u00e9mocratise, elles ont moins de temps pour r\u00e9aliser les t\u00e2ches m\u00e9nag\u00e8res et domestiques. Jean Mantelet, fondateur de Moulinex l\u2019a bien compris quand il dit \u00ab&nbsp;Ma plus grande fiert\u00e9 est de supprimer un geste de la femme&nbsp;\u00bb<sup>4<\/sup>. D\u00e8s 1961, arrive donc sur le march\u00e9 toute une s\u00e9rie de robots multi-fonctions aux noms f\u00e9minins tel que \u00ab&nbsp;Robot-Marie&nbsp;\u00bb. En plus de les soulager \u00e0 la maison, l\u2019entreprise leur offre aussi du travail comme en t\u00e9moigne cette archive INA. En 1983, les femmes vont jusqu\u2019\u00e0 repr\u00e9senter 67 % des employ\u00e9\u00b7es de Moulinex<sup>5<\/sup>.<\/p>\n\n\n\n<p>C\u2019est donc propuls\u00e9\u00b7es par leur compr\u00e9hension des femmes et de leur besoin d\u2019\u00e9mancipation que les publicitaires des ann\u00e9es 60 \u00e9laborent leurs slogans. Tandis que Hoover parle de \u00ab&nbsp;r\u00e9volutionner l\u2019art du m\u00e9nage&nbsp;\u00bb dans ses publicit\u00e9s pour la \u00ab&nbsp;Boule&nbsp;\u00bb, \u00ab&nbsp;premier aspirateur sur coussin d\u2019air&nbsp;\u00bb, Seb propose de joindre \u00ab&nbsp;l\u2019utile et l\u2019agr\u00e9able&nbsp;\u00bb avec sa \u00ab&nbsp;Super-cocotte&nbsp;\u00bb. La marque Moulinex, quant \u00e0 elle, avec son image d\u2019entreprise progressiste et ses outils m\u00e9nagers r\u00e9volutionnaires proclame entendre la condition des femmes et plus encore, en jetant son tablier, \u00ab&nbsp;Moulinex lib\u00e8re la femme !&nbsp;\u00bb. Une publicit\u00e9 \u00e0 analyser dans son contexte pour en comprendre tout le sens, tous les signes.<\/p>\n\n\n\n<div style=\"height:45px\" aria-hidden=\"true\" class=\"wp-block-spacer\"><\/div>\n\n\n\n<div class=\"wp-block-columns is-layout-flex wp-container-core-columns-is-layout-9d6595d7 wp-block-columns-is-layout-flex\">\n<div class=\"wp-block-column is-vertically-aligned-center is-layout-flow wp-block-column-is-layout-flow\" style=\"flex-basis:33.33%\">\n<h2 class=\"has-text-color wp-block-heading\" style=\"color:#0a4bc1\">Moulinex et l&rsquo;\u00e9galit\u00e9 des femmes &#8211; Archive vid\u00e9o INA<\/h2>\n\n\n\n<p>Dans les ann\u00e9es 1980 Moulinex encourage et soutient les femmes dans leur vie professionnelle. La marque s&rsquo;engage a donner acc\u00e8s \u00e0 des postes autre que la fabrication \u00e0 la chaine \u00e0 des milliers de femmes. <br><\/p>\n<\/div>\n\n\n\n<div class=\"wp-block-column is-layout-flow wp-block-column-is-layout-flow\" style=\"flex-basis:66.66%\">\n<figure class=\"wp-block-embed is-type-video is-provider-youtube wp-block-embed-youtube wp-embed-aspect-4-3 wp-has-aspect-ratio\"><div class=\"wp-block-embed__wrapper\">\n<div class=\"ast-oembed-container\"><iframe title=\"Moulinex et l&#039;\u00e9galit\u00e9 des femmes - Archive vid\u00e9o INA\" width=\"500\" height=\"375\" src=\"https:\/\/www.youtube.com\/embed\/gpwZKRagohg?feature=oembed\" frameborder=\"0\" allow=\"accelerometer; autoplay; clipboard-write; encrypted-media; gyroscope; picture-in-picture; web-share\" referrerpolicy=\"strict-origin-when-cross-origin\" allowfullscreen><\/iframe><\/div>\n<\/div><figcaption>\u00a9 Archive vid\u00e9o INA<\/figcaption><\/figure>\n<\/div>\n<\/div>\n\n\n\n<div style=\"height:45px\" aria-hidden=\"true\" class=\"wp-block-spacer\"><\/div>\n\n\n\n<h3 class=\"has-text-color wp-block-heading\" style=\"color:#e09e2e\">Analyse s\u00e9miologique de la publicit\u00e9 Moulinex des ann\u00e9es 1960<\/h3>\n\n\n\n<p>La s\u00e9miologie est l\u2019\u00e9tude des signes. Cette notion de signe a beaucoup \u00e9volu\u00e9 au cours du temps. Aujourd\u2019hui Martine Versel, chercheuse au MICA (M\u00e9diations, Informations, Communication, Arts) dans l\u2019\u00e9quipe COS \u2013 Communication Organisations et Soci\u00e9t\u00e9, nous d\u00e9crit le signe comme \u00ab une entit\u00e9 compos\u00e9e d\u2019un \u00e9l\u00e9ment mat\u00e9riel et d\u2019un \u00e9l\u00e9ment conceptuel \u00e0 partir desquels on peut travailler des objets de sens dans n\u2019importe quel domaine&nbsp;\u00bb. Pour analyser une affiche publicitaire telle que celle de Moulinex un\u00b7e s\u00e9miologue avance point par point puisque tout a un sens. Nous pouvons ici s\u00e9parer l\u2019affiche en deux \u00e9l\u00e9ments principaux : le texte et le dessin.<\/p>\n\n\n\n<p>Le slogan pr\u00e9sent sur cette publicit\u00e9, \u00ab&nbsp;Moulinex lib\u00e8re la femme !&nbsp;\u00bb, donne la parole \u00e0 la marque. Cela signifie que c\u2019est Moulinex qui tient un discours. Ce proc\u00e9d\u00e9 est assez novateur pour les ann\u00e9es 1960, date de sortie de la campagne publicitaire. \u00c0 travers ce slogan nous pouvons dire que la marque se fait juge et partie. En effet, elle affirme que les femmes sont lib\u00e9r\u00e9es une fois en possession d\u2019un appareil Moulinex et rend cette information tr\u00e8s positive gr\u00e2ce \u00e0 l\u2019utilisation du point d\u2019exclamation qui donne un ton d\u2019euphorie.<\/p>\n\n\n\n<p>La jeune femme dessin\u00e9e sur l\u2019affiche porte des v\u00eatements que l\u2019on imagine faits pour la vie ext\u00e9rieure. Elle jette son tablier afin de se pr\u00e9senter sous un autre champ que la vie \u00e0 la maison. Moulinex est l\u2019une des premi\u00e8res marques \u00e0 prendre en compte cette dimension sociale des femmes. C\u2019est sur cet aspect que la marque d\u00e9cide de centrer sa campagne. S\u2019i\u00b7elle se met dans le contexte historique lors du lancement de cette campagne de publicit\u00e9, un\u00b7e s\u00e9miologue ne peut pas dire qu\u2019il s&rsquo;agisse d\u2019une repr\u00e9sentation st\u00e9r\u00e9otyp\u00e9e. La s\u00e9miologie, par son \u00e9tude des signes et des symboles pr\u00e9sents dans la publicit\u00e9, permet de redonner un sens \u00e0 une affiche des ann\u00e9es 1960.<\/p>\n\n\n\n<div style=\"height:45px\" aria-hidden=\"true\" class=\"wp-block-spacer\"><\/div>\n\n\n\n<figure class=\"wp-block-gallery columns-4 wp-block-gallery-1 is-layout-flex wp-block-gallery-is-layout-flex\"><ul class=\"blocks-gallery-grid\"><li class=\"blocks-gallery-item\"><figure><img decoding=\"async\" width=\"2054\" height=\"2560\" src=\"http:\/\/www.lenquetedessens.dealersdescience.com\/wp-content\/uploads\/2020\/12\/seb-scaled.jpg\" alt=\"\" data-id=\"997\" data-full-url=\"http:\/\/www.lenquetedessens.dealersdescience.com\/wp-content\/uploads\/2020\/12\/seb-scaled.jpg\" data-link=\"http:\/\/www.lenquetedessens.dealersdescience.com\/?attachment_id=997\" class=\"wp-image-997\" srcset=\"https:\/\/www.lenquetedessens.dealersdescience.com\/wp-content\/uploads\/2020\/12\/seb-scaled.jpg 2054w, https:\/\/www.lenquetedessens.dealersdescience.com\/wp-content\/uploads\/2020\/12\/seb-241x300.jpg 241w, https:\/\/www.lenquetedessens.dealersdescience.com\/wp-content\/uploads\/2020\/12\/seb-822x1024.jpg 822w, https:\/\/www.lenquetedessens.dealersdescience.com\/wp-content\/uploads\/2020\/12\/seb-768x957.jpg 768w, https:\/\/www.lenquetedessens.dealersdescience.com\/wp-content\/uploads\/2020\/12\/seb-1233x1536.jpg 1233w, https:\/\/www.lenquetedessens.dealersdescience.com\/wp-content\/uploads\/2020\/12\/seb-1643x2048.jpg 1643w\" sizes=\"(max-width: 2054px) 100vw, 2054px\" \/><\/figure><\/li><li class=\"blocks-gallery-item\"><figure><img decoding=\"async\" width=\"227\" height=\"300\" src=\"http:\/\/www.lenquetedessens.dealersdescience.com\/wp-content\/uploads\/2020\/12\/moulinex-1959.jpg\" alt=\"\" data-id=\"999\" data-full-url=\"http:\/\/www.lenquetedessens.dealersdescience.com\/wp-content\/uploads\/2020\/12\/moulinex-1959.jpg\" data-link=\"http:\/\/www.lenquetedessens.dealersdescience.com\/?attachment_id=999\" class=\"wp-image-999\"\/><\/figure><\/li><li class=\"blocks-gallery-item\"><figure><img decoding=\"async\" width=\"744\" height=\"1000\" src=\"https:\/\/www.lenquetedessens.dealersdescience.com\/wp-content\/uploads\/2020\/12\/hoover.jpg\" alt=\"Ancienne publicit\u00e9e Hoover. Une femme est assise et regarde un aspirateur. Un slogan &quot;ne soyez pas en retard d'un aspirateur&quot;.\" data-id=\"1001\" data-full-url=\"https:\/\/www.lenquetedessens.dealersdescience.com\/wp-content\/uploads\/2020\/12\/hoover.jpg\" data-link=\"https:\/\/www.lenquetedessens.dealersdescience.com\/?attachment_id=1001\" class=\"wp-image-1001\" srcset=\"https:\/\/www.lenquetedessens.dealersdescience.com\/wp-content\/uploads\/2020\/12\/hoover.jpg 744w, https:\/\/www.lenquetedessens.dealersdescience.com\/wp-content\/uploads\/2020\/12\/hoover-223x300.jpg 223w\" sizes=\"(max-width: 744px) 100vw, 744px\" \/><\/figure><\/li><li class=\"blocks-gallery-item\"><figure><img decoding=\"async\" width=\"400\" height=\"158\" src=\"http:\/\/www.lenquetedessens.dealersdescience.com\/wp-content\/uploads\/2020\/12\/moulinex_libere_la_femme_3.jpg\" alt=\"\" data-id=\"1000\" data-full-url=\"http:\/\/www.lenquetedessens.dealersdescience.com\/wp-content\/uploads\/2020\/12\/moulinex_libere_la_femme_3.jpg\" data-link=\"http:\/\/www.lenquetedessens.dealersdescience.com\/?attachment_id=1000\" class=\"wp-image-1000\" srcset=\"https:\/\/www.lenquetedessens.dealersdescience.com\/wp-content\/uploads\/2020\/12\/moulinex_libere_la_femme_3.jpg 400w, https:\/\/www.lenquetedessens.dealersdescience.com\/wp-content\/uploads\/2020\/12\/moulinex_libere_la_femme_3-300x119.jpg 300w\" sizes=\"(max-width: 400px) 100vw, 400px\" \/><\/figure><\/li><li class=\"blocks-gallery-item\"><figure><img decoding=\"async\" width=\"464\" height=\"620\" src=\"http:\/\/www.lenquetedessens.dealersdescience.com\/wp-content\/uploads\/2020\/12\/9729808dd755381f1f6e4cb5d56a83f8.jpg\" alt=\"\" data-id=\"1002\" data-full-url=\"http:\/\/www.lenquetedessens.dealersdescience.com\/wp-content\/uploads\/2020\/12\/9729808dd755381f1f6e4cb5d56a83f8.jpg\" data-link=\"http:\/\/www.lenquetedessens.dealersdescience.com\/?attachment_id=1002\" class=\"wp-image-1002\" srcset=\"https:\/\/www.lenquetedessens.dealersdescience.com\/wp-content\/uploads\/2020\/12\/9729808dd755381f1f6e4cb5d56a83f8.jpg 464w, https:\/\/www.lenquetedessens.dealersdescience.com\/wp-content\/uploads\/2020\/12\/9729808dd755381f1f6e4cb5d56a83f8-225x300.jpg 225w\" sizes=\"(max-width: 464px) 100vw, 464px\" \/><\/figure><\/li><li class=\"blocks-gallery-item\"><figure><img decoding=\"async\" width=\"1892\" height=\"2560\" src=\"http:\/\/www.lenquetedessens.dealersdescience.com\/wp-content\/uploads\/2020\/12\/00029cd61c521fc54562e159bc1e4d96-scaled.jpg\" alt=\"\" data-id=\"1004\" data-full-url=\"http:\/\/www.lenquetedessens.dealersdescience.com\/wp-content\/uploads\/2020\/12\/00029cd61c521fc54562e159bc1e4d96-scaled.jpg\" data-link=\"http:\/\/www.lenquetedessens.dealersdescience.com\/?attachment_id=1004\" class=\"wp-image-1004\" srcset=\"https:\/\/www.lenquetedessens.dealersdescience.com\/wp-content\/uploads\/2020\/12\/00029cd61c521fc54562e159bc1e4d96-scaled.jpg 1892w, https:\/\/www.lenquetedessens.dealersdescience.com\/wp-content\/uploads\/2020\/12\/00029cd61c521fc54562e159bc1e4d96-222x300.jpg 222w, https:\/\/www.lenquetedessens.dealersdescience.com\/wp-content\/uploads\/2020\/12\/00029cd61c521fc54562e159bc1e4d96-757x1024.jpg 757w, https:\/\/www.lenquetedessens.dealersdescience.com\/wp-content\/uploads\/2020\/12\/00029cd61c521fc54562e159bc1e4d96-768x1039.jpg 768w, https:\/\/www.lenquetedessens.dealersdescience.com\/wp-content\/uploads\/2020\/12\/00029cd61c521fc54562e159bc1e4d96-1135x1536.jpg 1135w, https:\/\/www.lenquetedessens.dealersdescience.com\/wp-content\/uploads\/2020\/12\/00029cd61c521fc54562e159bc1e4d96-1513x2048.jpg 1513w\" sizes=\"(max-width: 1892px) 100vw, 1892px\" \/><\/figure><\/li><li class=\"blocks-gallery-item\"><figure><img decoding=\"async\" width=\"600\" height=\"427\" src=\"http:\/\/www.lenquetedessens.dealersdescience.com\/wp-content\/uploads\/2020\/12\/Para185179.jpg\" alt=\"\" data-id=\"998\" data-full-url=\"http:\/\/www.lenquetedessens.dealersdescience.com\/wp-content\/uploads\/2020\/12\/Para185179.jpg\" data-link=\"http:\/\/www.lenquetedessens.dealersdescience.com\/?attachment_id=998\" class=\"wp-image-998\" srcset=\"https:\/\/www.lenquetedessens.dealersdescience.com\/wp-content\/uploads\/2020\/12\/Para185179.jpg 600w, https:\/\/www.lenquetedessens.dealersdescience.com\/wp-content\/uploads\/2020\/12\/Para185179-300x214.jpg 300w\" sizes=\"(max-width: 600px) 100vw, 600px\" \/><\/figure><\/li><li class=\"blocks-gallery-item\"><figure><img decoding=\"async\" width=\"800\" height=\"444\" src=\"http:\/\/www.lenquetedessens.dealersdescience.com\/wp-content\/uploads\/2020\/12\/77890dc0-cookeo-touch-moulinex-deploie-un-ecran-tactile-sur-son-multicuiseur__w800.jpeg\" alt=\"\" data-id=\"1003\" data-full-url=\"http:\/\/www.lenquetedessens.dealersdescience.com\/wp-content\/uploads\/2020\/12\/77890dc0-cookeo-touch-moulinex-deploie-un-ecran-tactile-sur-son-multicuiseur__w800.jpeg\" data-link=\"http:\/\/www.lenquetedessens.dealersdescience.com\/?attachment_id=1003\" class=\"wp-image-1003\" srcset=\"https:\/\/www.lenquetedessens.dealersdescience.com\/wp-content\/uploads\/2020\/12\/77890dc0-cookeo-touch-moulinex-deploie-un-ecran-tactile-sur-son-multicuiseur__w800.jpeg 800w, https:\/\/www.lenquetedessens.dealersdescience.com\/wp-content\/uploads\/2020\/12\/77890dc0-cookeo-touch-moulinex-deploie-un-ecran-tactile-sur-son-multicuiseur__w800-300x167.jpeg 300w, https:\/\/www.lenquetedessens.dealersdescience.com\/wp-content\/uploads\/2020\/12\/77890dc0-cookeo-touch-moulinex-deploie-un-ecran-tactile-sur-son-multicuiseur__w800-768x426.jpeg 768w\" sizes=\"(max-width: 800px) 100vw, 800px\" \/><\/figure><\/li><\/ul><figcaption class=\"blocks-gallery-caption\">\u00a9 Moulinex<br>Affiches publicitaires de Moulinex \u00e0 diff\u00e9rentes \u00e9poques<\/figcaption><\/figure>\n\n\n\n<div style=\"height:45px\" aria-hidden=\"true\" class=\"wp-block-spacer\"><\/div>\n\n\n\n<h3 class=\"has-text-color wp-block-heading\" style=\"color:#e09e2e\">Un marketing genr\u00e9 qui nous colle \u00e0 la peau<\/h3>\n\n\n\n<p>Si dans son contexte, l\u2019image de la femme des ann\u00e9es 1960 renvoy\u00e9e par la publicit\u00e9 de Moulinex n\u2019est pas aussi st\u00e9r\u00e9otyp\u00e9e que l\u2019on peut le croire, les publicit\u00e9s actuelles le sont en grande partie. Selon une \u00e9tude de Kantar publi\u00e9e en 2019<sup>6<\/sup>, 45 % des consommateur\u00b7rices estiment que les femmes sont mal repr\u00e9sent\u00e9es par la publicit\u00e9. Et c\u2019est compr\u00e9hensible : 98 % des publicit\u00e9s pour les produits d\u2019entretien et de soins infantiles mettent en sc\u00e8ne des femmes. Les hommes, eux, sont bien mieux lotis, et particuli\u00e8rement en France.<\/p>\n\n\n\n<p>Dans l\u2019hexagone, le sexisme ordinaire bat des records : 96 % des m\u00e9decins, des scientifiques et des intellectuel\u00b7les dans la publicit\u00e9 sont repr\u00e9sent\u00e9\u00b7es par des hommes. Une aberration, quand on sait que 46 % des m\u00e9decins dans la vraie vie sont des femmes\u2026 Globalement, les personnages masculins sont 38 % mieux valoris\u00e9s que les personnages f\u00e9minins. Et pour cause : les hommes ont plus souvent le r\u00f4le de la figure d\u2019autorit\u00e9, du d\u00e9cisionnaire, tandis que les femmes sont encore trop souvent r\u00e9duites \u00e0 l\u2019image de la m\u00e9nag\u00e8re s\u00e9ductrice, de la femme-objet, de l\u2019idiote, ou encore de la professionnelle subalterne<sup>7<\/sup>.<\/p>\n\n\n\n<p>Le marketing fran\u00e7ais a donc encore beaucoup de chemin \u00e0 faire avant de nous d\u00e9barrasser des st\u00e9r\u00e9otypes qu\u2019il nous colle \u00e0 la peau. On notera cependant que ces derni\u00e8res ann\u00e9es, plusieurs initiatives ont \u00e9t\u00e9 prises par certaines marques pour d\u00e9construire les st\u00e9r\u00e9otypes de genre. Parmi elles, les derni\u00e8res campagnes de Gilette<sup>8<\/sup> (marque de rasoirs) mettent \u00e0 l\u2019honneur des hommes qui se dressent contre la figure du m\u00e2le alpha. De la m\u00eame fa\u00e7on, la publicit\u00e9 Jules<sup>9<\/sup> (pr\u00eat-\u00e0-porter), parue en 2020 s\u2019engage contre la virilit\u00e9 toxique en d\u00e9construisant l\u2019image de l\u2019homme que perp\u00e9tuent les clich\u00e9s. Une autre initiative importante : celle du CSA et sa charte d\u2019engagement contre les st\u00e9r\u00e9otypes de genre.<\/p>\n\n\n\n<div style=\"height:45px\" aria-hidden=\"true\" class=\"wp-block-spacer\"><\/div>\n\n\n\n<div class=\"wp-block-columns is-layout-flex wp-container-core-columns-is-layout-9d6595d7 wp-block-columns-is-layout-flex\">\n<div class=\"wp-block-column is-layout-flow wp-block-column-is-layout-flow\" style=\"flex-basis:100%\">\n<div class=\"wp-block-columns are-vertically-aligned-center is-layout-flex wp-container-core-columns-is-layout-9d6595d7 wp-block-columns-is-layout-flex\">\n<div class=\"wp-block-column is-vertically-aligned-center is-layout-flow wp-block-column-is-layout-flow\" style=\"flex-basis:50%\">\n<h2 class=\"has-text-color wp-block-heading\" style=\"color:#0a4bc1\">Jules &#8211; C&rsquo;est quoi \u00eatre un homme ?<\/h2>\n\n\n\n<p>Avec son slogan <em>\u00ab&nbsp;Men in progress&nbsp;\u00bb<\/em>, la marque de pr\u00eat-\u00e0-porter pour hommes Jules tente de renverser les st\u00e9r\u00e9otypes de genre en remettant en question les clich\u00e9s concernant les hommes.<\/p>\n<\/div>\n\n\n\n<div class=\"wp-block-column is-vertically-aligned-center is-layout-flow wp-block-column-is-layout-flow\" style=\"flex-basis:50%\">\n<figure class=\"wp-block-embed is-type-video is-provider-youtube wp-block-embed-youtube wp-embed-aspect-16-9 wp-has-aspect-ratio\"><div class=\"wp-block-embed__wrapper\">\n<div class=\"ast-oembed-container\"><iframe title=\"Jules - c&#039;est quoi \u00eatre un homme? &quot;Men in progress&quot; Pub 60s\" width=\"500\" height=\"281\" src=\"https:\/\/www.youtube.com\/embed\/fIBE8w9G7Oc?feature=oembed\" frameborder=\"0\" allow=\"accelerometer; autoplay; clipboard-write; encrypted-media; gyroscope; picture-in-picture; web-share\" referrerpolicy=\"strict-origin-when-cross-origin\" allowfullscreen><\/iframe><\/div>\n<\/div><figcaption>\u00a9 Jules<\/figcaption><\/figure>\n<\/div>\n<\/div>\n<\/div>\n<\/div>\n\n\n\n<div style=\"height:45px\" aria-hidden=\"true\" class=\"wp-block-spacer\"><\/div>\n\n\n\n<h3 class=\"has-text-color wp-block-heading\" style=\"color:#e09e2e\">Vers une repr\u00e9sentation moins st\u00e9r\u00e9otyp\u00e9e des genres dans la publicit\u00e9<\/h3>\n\n\n\n<p>Depuis 2013 avec la cr\u00e9ation de son groupe de travail \u00ab&nbsp;Droit des femmes&nbsp;\u00bb, le Conseil Sup\u00e9rieur de l\u2019Audiovisuel (CSA) est engag\u00e9 dans une lutte contre la cr\u00e9ation et l\u2019utilisation des st\u00e9r\u00e9otypes de sexe. Des \u00e9tudes sont alors men\u00e9es, portant sur la place des femmes dans les \u0153uvres audiovisuelles telles que les fictions ou les \u00e9missions de divertissement. En 2015, un premier rapport est publi\u00e9 sur leur repr\u00e9sentation dans ce type de m\u00e9dia. L\u2019ann\u00e9e suivante, le CSA s\u2019int\u00e9resse au milieu publicitaire et cr\u00e9e en mars 2018 une charte<sup>10<\/sup> d\u2019engagement volontaire visant \u00e0 combattre les st\u00e9r\u00e9otypes sexuels et sexistes. Le podcast<sup>11<\/sup> disponible sur le site web de France Culture, \u00ab&nbsp;Par quel miracle la pub peut-elle devenir moins sexiste ?&nbsp;\u00bb, en r\u00e9sume les grandes lignes, d\u00e9taill\u00e9es plus bas.<\/p>\n\n\n\n<div style=\"height:45px\" aria-hidden=\"true\" class=\"wp-block-spacer\"><\/div>\n\n\n\n<div class=\"wp-block-columns is-layout-flex wp-container-core-columns-is-layout-9d6595d7 wp-block-columns-is-layout-flex\">\n<div class=\"wp-block-column is-layout-flow wp-block-column-is-layout-flow\">\n<iframe src=\"https:\/\/www.franceculture.fr\/player\/export-reecouter?content=b1c27ce4-611d-4f43-9325-34b7cdea0046\" swidth=\"450\" scrolling=\"yes\" height=\"500\" frameborder=\"0\"><\/iframe>\n\u00a9France Culture\n<\/div>\n\n\n\n<div class=\"wp-block-column is-layout-flow wp-block-column-is-layout-flow\">\n<h2 class=\"alignwide has-text-align-left wp-block-heading\"><span style=\"color:#0a4bc1\" class=\"has-inline-color\">Par quel miracle la pub peut-elle devenir moins sexiste ?<\/span><\/h2>\n\n\n\n<p class=\"has-text-align-left\">En 2018 le CSA signe une charte concernant les publicit\u00e9s afin de limiter les st\u00e9r\u00e9otypes de genre. Est-ce suffisant ?<\/p>\n<\/div>\n<\/div>\n\n\n\n<div style=\"height:45px\" aria-hidden=\"true\" class=\"wp-block-spacer\"><\/div>\n\n\n\n<p>Cette charte r\u00e9unit les diff\u00e9rentes institutions de la publicit\u00e9 ainsi que l\u2019Autorit\u00e9 de R\u00e9gulation Professionnelle de la Publicit\u00e9 (ARPP). Selon les \u00e9tudes command\u00e9es par le CSA avant la r\u00e9alisation de cette charte, il s\u2019av\u00e8re que les personnages d\u00e9nud\u00e9s dans les publicit\u00e9s sont principalement des femmes, et le sexe f\u00e9minin est plus repr\u00e9sent\u00e9 dans les contenus m\u00e9nagers que les hommes. Les chiffres de ces \u00e9tudes tendent cependant globalement vers une \u00e9galisation lente et progressive des sexes.&nbsp;<\/p>\n\n\n\n<p>Dans un premier temps, les signataires de la charte s\u2019engagent \u00e0 veiller \u00e0 ce que dans des situations de sexualisation excessive, les personnages ne soient pas objetis\u00e9s ou humili\u00e9s. Ensuite, les annonceur\u00b7es doivent pr\u00e9senter tous les ans au CSA et \u00e0 l\u2019ARPP un bilan \u00e9valuant la r\u00e9currence des st\u00e9r\u00e9otypes dans leurs programmes et ainsi faire \u00e9voluer leur communication. Les agences de publicit\u00e9s sont labellis\u00e9es par l\u2019Association des Agences-Conseils en Communication (AACC) en fonction de leur engagement vis-\u00e0-vis de la charte, et de la sensibilisation qu\u2019elles mettent en \u0153uvre \u00e0 la fois en interne et aupr\u00e8s de leurs collaborateurs\u00b7rices. Enfin, des d\u00e9marches de formations sur la repr\u00e9sentation des hommes et des femmes dans la publicit\u00e9 sont mises en place aupr\u00e8s des professionnel\u00b7les. Un comit\u00e9 de suivi compos\u00e9 des signataires doit \u00e9tablir tous les ans un bilan avec d\u2019\u00e9ventuelles propositions d\u2019am\u00e9liorations. Une promesse pour les ann\u00e9es \u00e0 venir ?<\/p>\n\n\n\n<div style=\"height:45px\" aria-hidden=\"true\" class=\"wp-block-spacer\"><\/div>\n\n\n\n<hr class=\"wp-block-separator has-text-color has-background is-style-wide\" style=\"background-color:#1b2c31;color:#1b2c31\"\/>\n\n\n\n<h2 class=\"has-text-color wp-block-heading\" style=\"color:#0a4bc1\">Pour poursuivre la visite<\/h2>\n\n\n\n<p>1 &#8211; EDF, [sans date]. Les grandes dates de l\u2019\u00e9lectricit\u00e9. In : <em>EDF France<\/em> [en ligne]. Disponible \u00e0 l\u2019adresse :<a href=\"https:\/\/www.edf.fr\/groupe-edf\/espaces-dedies\/l-energie-de-a-a-z\/les-grandes-dates-de-l-electricite\"> https:\/\/www.edf.fr\/groupe-edf\/espaces-dedies\/l-energie-de-a-a-z\/les-grandes-dates-de-l-electricite<\/a>.<\/p>\n\n\n\n<p>2 &#8211; GASTON-BRETON, Par Tristan, 2018. Jean Mantelet, Moulinex et la \u00ab\u202flib\u00e9ration de la femme\u202f\u00bb. In : <em>History &amp; Business<\/em> [en ligne]. 14 d\u00e9cembre 2018. Disponible \u00e0 l\u2019adresse :<a href=\"https:\/\/historyandbusiness.fr\/jean-mantelet-moulinex-et-la-liberation-de-la-femme\/\"> https:\/\/historyandbusiness.fr\/jean-mantelet-moulinex-et-la-liberation-de-la-femme\/<\/a>.<\/p>\n\n\n\n<p>3 &#8211; ANON., 2006. Loi n\u00b0 65-570 du 13 juillet 1965 portant r\u00e9forme des r\u00e9gimes matrimoniaux &#8211; L\u00e9gifrance. In : [en ligne]. [Consult\u00e9 le 7 d\u00e9cembre 2020 ]. Disponible \u00e0 l\u2019adresse :<a href=\"https:\/\/www.legifrance.gouv.fr\/loda\/id\/LEGITEXT000006068258\/2020-12-09\/\"> https:\/\/www.legifrance.gouv.fr\/loda\/id\/LEGITEXT000006068258\/2020-12-09\/<\/a>.<\/p>\n\n\n\n<p>4 &#8211; Moulinex, [sans date]. Our History | Moulinex. In : [en ligne]. [Consult\u00e9 le 7 d\u00e9cembre 2020 ]. Disponible \u00e0 l\u2019adresse :<a href=\"https:\/\/www.moulinex.fr\/notre-histoire\"> https:\/\/www.moulinex.fr\/notre-histoire<\/a>.<\/p>\n\n\n\n<p>5 &#8211; INA STYLES, 2012. <em>Moulinex et l\u2019\u00e9galit\u00e9 des femmes &#8211; Archive vid\u00e9o INA<\/em> [en ligne]. 2012. Disponible \u00e0 l\u2019adresse :<a href=\"https:\/\/www.youtube.com\/watch?v=gpwZKRagohg&amp;ab_channel=InaStyles\"> https:\/\/www.youtube.com\/watch?v=gpwZKRagohg&amp;ab_channel=InaStyles<\/a>.<\/p>\n\n\n\n<p>6- Alice Huot, 2019. Dans la pub, le mythe de la m\u00e9nag\u00e8re de -50 ans r\u00e9siste. In : <em>L\u2019ADN<\/em> [en ligne]. 28 mars 2019. Disponible \u00e0 l\u2019adresse :<a href=\"https:\/\/www.ladn.eu\/nouveaux-usages\/etude-marketing\/etude-stereotypes-genre-publicite-2019\/\"> https:\/\/www.ladn.eu\/nouveaux-usages\/etude-marketing\/etude-stereotypes-genre-publicite-2019\/<\/a><\/p>\n\n\n\n<p>7 &#8211; Yves Collard, [sans date]. Les st\u00e9r\u00e9otypes de genre dans la publicit\u00e9. In :<em> Pop Mod\u00e8les<\/em>. [en ligne]. Disponible \u00e0 l\u2019adresse :<a href=\"https:\/\/popmodeles.be\"> <\/a><a href=\"https:\/\/popmodeles.be\/les-stereotypes-de-genre-dans-la-publicite\/\">https:\/\/popmodeles.be\/les-stereotypes-de-genre-dans-la-publicite\/<\/a>.&nbsp;<\/p>\n\n\n\n<p>8 &#8211;&nbsp; Nina Godart, 2019. Dans la nouvelle pub Gillette, un p\u00e8re apprend \u00e0 son fils transgenre \u00e0 se raser. In : <em>BFM BUSINESS<\/em> [en ligne]. Disponible \u00e0 l\u2019adresse :<a href=\"https:\/\/www.bfmtv.com\/economie\/consommation\/dans-la-nouvelle-pub-gillette-un-pere-apprend-a-son-fils-transgenre-a-se-raser_AN-201905290040.html\"> https:\/\/www.bfmtv.com\/economie\/consommation\/dans-la-nouvelle-pub-gillette-un-pere-apprend-a-son-fils-transgenre-a-se-raser_AN-201905290040.html<\/a>.<\/p>\n\n\n\n<p>9 &#8211; LLLLITL, 2020. Jules\u202f: la fin des clich\u00e9s sur les hommes\u202f? In : <em>LLLLITL<\/em> [en ligne]. 2 novembre 2020. Disponible \u00e0 l\u2019adresse :<a href=\"https:\/\/www.llllitl.fr\/2020\/11\/jules-men-in-progress\/\"> https:\/\/www.llllitl.fr\/2020\/11\/jules-men-in-progress\/<\/a>.&nbsp;<\/p>\n\n\n\n<p>10 &#8211; CSA, 2018. <em>Charte-contre-les-st\u00e9r\u00e9otypes-sexistes-dans-les-publicit\u00e9s.pdf<\/em> [en ligne]. S.l. : s.n. Disponible \u00e0 l\u2019adresse :<a href=\"https:\/\/www.arpp.org\/wp-content\/uploads\/2018\/03\/Charte-contre-les-st%C3%A9r%C3%A9otypes-sexistes-dans-les-publicit%C3%A9s.pdf\"> https:\/\/www.arpp.org\/wp-content\/uploads\/2018\/03\/Charte-contre-les-st%C3%A9r%C3%A9otypes-sexistes-dans-les-publicit%C3%A9s.pdf<\/a>.<\/p>\n\n\n\n<p>11- Mathilde Serrell, [sans date]. Par quel miracle la pub peut-elle devenir moins sexiste\u202f? In : <em>France Culture<\/em> [en ligne]. Disponible \u00e0 l\u2019adresse :<a href=\"https:\/\/www.franceculture.fr\/emissions\/le-billet-culturel\/le-billet-culturel-du-mercredi-07-mars-2018\"> https:\/\/www.franceculture.fr\/emissions\/le-billet-culturel\/le-billet-culturel-du-mercredi-07-mars-2018<\/a>.<\/p>\n","protected":false},"excerpt":{"rendered":"<p>Le sens dans la publicit\u00e9 : construction d\u2019un st\u00e9r\u00e9otype ? Moulinex est une marque connue notamment pour sa campagne de communication des ann\u00e9es 1960. C\u2019est, encore aujourd\u2019hui, une r\u00e9f\u00e9rence quant \u00e0 la repr\u00e9sentation des femmes. La s\u00e9miologie permet de faire \u00e9merger le sens de cette publicit\u00e9. La place de Moulinex dans le contexte socio-historique de &hellip;<\/p>\n<p class=\"read-more\"> <a class=\"\" href=\"https:\/\/www.lenquetedessens.dealersdescience.com\/index.php\/exposition-numerique-le-sens-de-la-publicite-construction-d-un-stereotype\/\"> <span class=\"screen-reader-text\">Le sens dans la publicit\u00e9 : construction d\u2019un st\u00e9r\u00e9otype ?<\/span> Lire la suite\u00a0\u00bb<\/a><\/p>\n","protected":false},"author":2,"featured_media":994,"parent":0,"menu_order":0,"comment_status":"closed","ping_status":"closed","template":"","meta":{"site-sidebar-layout":"default","site-content-layout":"default","ast-main-header-display":"","ast-hfb-above-header-display":"","ast-hfb-below-header-display":"","ast-hfb-mobile-header-display":"","site-post-title":"","ast-breadcrumbs-content":"","ast-featured-img":"","footer-sml-layout":"","theme-transparent-header-meta":"default","adv-header-id-meta":"","stick-header-meta":"","header-above-stick-meta":"","header-main-stick-meta":"","header-below-stick-meta":"","footnotes":""},"class_list":["post-423","page","type-page","status-publish","has-post-thumbnail","hentry"],"_links":{"self":[{"href":"https:\/\/www.lenquetedessens.dealersdescience.com\/index.php\/wp-json\/wp\/v2\/pages\/423","targetHints":{"allow":["GET"]}}],"collection":[{"href":"https:\/\/www.lenquetedessens.dealersdescience.com\/index.php\/wp-json\/wp\/v2\/pages"}],"about":[{"href":"https:\/\/www.lenquetedessens.dealersdescience.com\/index.php\/wp-json\/wp\/v2\/types\/page"}],"author":[{"embeddable":true,"href":"https:\/\/www.lenquetedessens.dealersdescience.com\/index.php\/wp-json\/wp\/v2\/users\/2"}],"replies":[{"embeddable":true,"href":"https:\/\/www.lenquetedessens.dealersdescience.com\/index.php\/wp-json\/wp\/v2\/comments?post=423"}],"version-history":[{"count":62,"href":"https:\/\/www.lenquetedessens.dealersdescience.com\/index.php\/wp-json\/wp\/v2\/pages\/423\/revisions"}],"predecessor-version":[{"id":6104,"href":"https:\/\/www.lenquetedessens.dealersdescience.com\/index.php\/wp-json\/wp\/v2\/pages\/423\/revisions\/6104"}],"wp:featuredmedia":[{"embeddable":true,"href":"https:\/\/www.lenquetedessens.dealersdescience.com\/index.php\/wp-json\/wp\/v2\/media\/994"}],"wp:attachment":[{"href":"https:\/\/www.lenquetedessens.dealersdescience.com\/index.php\/wp-json\/wp\/v2\/media?parent=423"}],"curies":[{"name":"wp","href":"https:\/\/api.w.org\/{rel}","templated":true}]}}