{"id":604,"date":"2021-01-06T15:01:39","date_gmt":"2021-01-06T14:01:39","guid":{"rendered":"http:\/\/www.lenquetedessens.dealersdescience.com\/?page_id=604"},"modified":"2021-01-23T16:16:31","modified_gmt":"2021-01-23T15:16:31","slug":"exposition-numerique-art-et-sensibilisation-ecologique","status":"publish","type":"page","link":"https:\/\/www.lenquetedessens.dealersdescience.com\/index.php\/exposition-numerique-art-et-sensibilisation-ecologique\/","title":{"rendered":"Art et sensibilisation \u00e9cologique"},"content":{"rendered":"\n<div class=\"wp-block-cover alignfull\" style=\"background-image:url(http:\/\/www.lenquetedessens.dealersdescience.com\/wp-content\/uploads\/2020\/12\/Image_centrale.jpg);min-height:411px;aspect-ratio:unset;\"><div class=\"wp-block-cover__inner-container is-layout-flow wp-block-cover-is-layout-flow\">\n<div class=\"wp-block-columns is-layout-flex wp-container-core-columns-is-layout-9d6595d7 wp-block-columns-is-layout-flex\">\n<div class=\"wp-block-column is-vertically-aligned-center is-layout-flow wp-block-column-is-layout-flow\"><\/div>\n<\/div>\n<\/div><\/div>\n\n\n\n<div style=\"height:45px\" aria-hidden=\"true\" class=\"wp-block-spacer\"><\/div>\n\n\n\n<h1 class=\"has-text-align-center has-text-color wp-block-heading\" style=\"color:#1b2c31\">Art et sensibilisation \u00e9cologique<\/h1>\n\n\n\n<h3 class=\"has-text-align-center has-text-color wp-block-heading\" style=\"color:#e09e2e\">\u00c0 la fois courant artistique et moyen de sensibilisation, l\u2019art \u00e9cologique r\u00e9unit des scientifiques et des artistes autour d\u2019un objectif commun : la protection et la conservation de la nature.<\/h3>\n\n\n\n<div style=\"height:45px\" aria-hidden=\"true\" class=\"wp-block-spacer\"><\/div>\n\n\n\n<p>Inspir\u00e9 de la \u00ab&nbsp;Meat Dress&nbsp;\u00bb de Jana Sterback qui d\u00e9non\u00e7ait l&rsquo;id\u00e9e de consid\u00e9rer les femmes comme du b\u00e9tail dans l\u2019industrie de la mode. La collection \u00ab&nbsp;Weedrobes&nbsp;\u00bb relance le d\u00e9bat sur la surconsommation et la mode \u00e9ph\u00e9m\u00e8re.&nbsp;<\/p>\n\n\n\n<p>Alors que nous prenons conscience qu\u2019il est absolument imp\u00e9ratif de prot\u00e9ger notre environnement, l\u2019art \u00e9cologique continue de sensibiliser, d\u2019\u00e9duquer et de nous faire changer nos habitudes. Comment ce ph\u00e9nom\u00e8ne op\u00e8re-t-il ? Quel est ce mouvement, \u00ab&nbsp;l\u2019art \u00e9cologique&nbsp;\u00bb ? Qui en sont les acteur\u00b7rices ? Nous fait-il r\u00e9ellement changer nos habitudes ? Comment fait-il sens ?<\/p>\n\n\n\n<p>Pendant cette semaine de culture scientifique et technique, nous nous posons la question du sens, nous vous invitons \u00e0 comprendre avec nous comment l\u2019art \u00e9cologique cr\u00e9e justement, du sens.&nbsp;<\/p>\n\n\n\n<div style=\"height:45px\" aria-hidden=\"true\" class=\"wp-block-spacer\"><\/div>\n\n\n\n<figure class=\"wp-block-gallery aligncenter columns-4 is-cropped wp-block-gallery-1 is-layout-flex wp-block-gallery-is-layout-flex\"><ul class=\"blocks-gallery-grid\"><li class=\"blocks-gallery-item\"><figure><img decoding=\"async\" width=\"681\" height=\"500\" src=\"http:\/\/www.lenquetedessens.dealersdescience.com\/wp-content\/uploads\/2020\/12\/image_582_thumbnail_en.jpg\" alt=\"\" data-id=\"902\" data-full-url=\"http:\/\/www.lenquetedessens.dealersdescience.com\/wp-content\/uploads\/2020\/12\/image_582_thumbnail_en.jpg\" data-link=\"http:\/\/www.lenquetedessens.dealersdescience.com\/?attachment_id=902\" class=\"wp-image-902\" srcset=\"https:\/\/www.lenquetedessens.dealersdescience.com\/wp-content\/uploads\/2020\/12\/image_582_thumbnail_en.jpg 681w, https:\/\/www.lenquetedessens.dealersdescience.com\/wp-content\/uploads\/2020\/12\/image_582_thumbnail_en-300x220.jpg 300w\" sizes=\"(max-width: 681px) 100vw, 681px\" \/><figcaption class=\"blocks-gallery-item__caption\">L&rsquo;Antarctique, zone d\u00e9di\u00e9e \u00e0 la recherche scientifique \u00e0 des fins de protection de l\u2019environnement, incarne l\u2019utopie. Ses conditions extr\u00eames demandent entraide et solidarit\u00e9 pour une cinquantaine de nations, au service de la plan\u00e8te.&nbsp;&nbsp;<\/figcaption><\/figure><\/li><li class=\"blocks-gallery-item\"><figure><img decoding=\"async\" width=\"450\" height=\"666\" src=\"http:\/\/www.lenquetedessens.dealersdescience.com\/wp-content\/uploads\/2020\/12\/AlanSonfist.jpg\" alt=\"\" data-id=\"903\" data-full-url=\"http:\/\/www.lenquetedessens.dealersdescience.com\/wp-content\/uploads\/2020\/12\/AlanSonfist.jpg\" data-link=\"http:\/\/www.lenquetedessens.dealersdescience.com\/?attachment_id=903\" class=\"wp-image-903\" srcset=\"https:\/\/www.lenquetedessens.dealersdescience.com\/wp-content\/uploads\/2020\/12\/AlanSonfist.jpg 450w, https:\/\/www.lenquetedessens.dealersdescience.com\/wp-content\/uploads\/2020\/12\/AlanSonfist-203x300.jpg 203w\" sizes=\"(max-width: 450px) 100vw, 450px\" \/><figcaption class=\"blocks-gallery-item__caption\">L&rsquo;installation de ce trottoir repr\u00e9sente les anciens fleuves qui traversaient l&rsquo;\u00eele de Manhattan aux si\u00e8cles pr\u00e9c\u00e9dents. Cette \u0153uvre nous rappelle la valeur du pass\u00e9 mais aussi la fragilit\u00e9 de l\u2019environnement.<\/figcaption><\/figure><\/li><li class=\"blocks-gallery-item\"><figure><img decoding=\"async\" width=\"1024\" height=\"683\" src=\"http:\/\/www.lenquetedessens.dealersdescience.com\/wp-content\/uploads\/2020\/12\/3402-539_Fair_J_Henry-1024x683.jpg\" alt=\"\" data-id=\"904\" data-full-url=\"http:\/\/www.lenquetedessens.dealersdescience.com\/wp-content\/uploads\/2020\/12\/3402-539_Fair_J_Henry.jpg\" data-link=\"http:\/\/www.lenquetedessens.dealersdescience.com\/?attachment_id=904\" class=\"wp-image-904\" srcset=\"https:\/\/www.lenquetedessens.dealersdescience.com\/wp-content\/uploads\/2020\/12\/3402-539_Fair_J_Henry-1024x683.jpg 1024w, https:\/\/www.lenquetedessens.dealersdescience.com\/wp-content\/uploads\/2020\/12\/3402-539_Fair_J_Henry-300x200.jpg 300w, https:\/\/www.lenquetedessens.dealersdescience.com\/wp-content\/uploads\/2020\/12\/3402-539_Fair_J_Henry-768x512.jpg 768w, https:\/\/www.lenquetedessens.dealersdescience.com\/wp-content\/uploads\/2020\/12\/3402-539_Fair_J_Henry.jpg 1500w\" sizes=\"(max-width: 1024px) 100vw, 1024px\" \/><figcaption class=\"blocks-gallery-item__caption\">Derri\u00e8re la beaut\u00e9 des formes et des couleurs, J. Henry Fair montre en fait la destruction. Il veut alerter les humain\u00b7es sur l&rsquo;impact de nos actions et le co\u00fbt de nos modes de consommation sur la nature.<\/figcaption><\/figure><\/li><li class=\"blocks-gallery-item\"><figure><img decoding=\"async\" width=\"735\" height=\"893\" src=\"http:\/\/www.lenquetedessens.dealersdescience.com\/wp-content\/uploads\/2020\/12\/Jeremy_Gobe_Corail.png\" alt=\"\" data-id=\"905\" data-full-url=\"http:\/\/www.lenquetedessens.dealersdescience.com\/wp-content\/uploads\/2020\/12\/Jeremy_Gobe_Corail.png\" data-link=\"http:\/\/www.lenquetedessens.dealersdescience.com\/?attachment_id=905\" class=\"wp-image-905\" srcset=\"https:\/\/www.lenquetedessens.dealersdescience.com\/wp-content\/uploads\/2020\/12\/Jeremy_Gobe_Corail.png 735w, https:\/\/www.lenquetedessens.dealersdescience.com\/wp-content\/uploads\/2020\/12\/Jeremy_Gobe_Corail-247x300.png 247w\" sizes=\"(max-width: 735px) 100vw, 735px\" \/><figcaption class=\"blocks-gallery-item__caption\">Les cr\u00e9ations de J\u00e9r\u00e9my Gob\u00e9 se veulent \u00e0 la fois un moyen de sensibilisation et inspirateur de solutions concr\u00e8tes. Le projet Corail Artefact a pour objectif de reconstruire les r\u00e9cifs coralliens avec de la dentelle.<\/figcaption><\/figure><\/li><li class=\"blocks-gallery-item\"><figure><img decoding=\"async\" width=\"275\" height=\"220\" src=\"http:\/\/www.lenquetedessens.dealersdescience.com\/wp-content\/uploads\/2020\/12\/Leila_Daw.png\" alt=\"\" data-id=\"907\" data-full-url=\"http:\/\/www.lenquetedessens.dealersdescience.com\/wp-content\/uploads\/2020\/12\/Leila_Daw.png\" data-link=\"http:\/\/www.lenquetedessens.dealersdescience.com\/?attachment_id=907\" class=\"wp-image-907\"\/><figcaption class=\"blocks-gallery-item__caption\">Le travail de Leila Daw est fond\u00e9 sur la cartographie et les enjeux environnementaux. En questionnant les notions de fronti\u00e8res, elle rend compte de notre relation \u00e0 la terre.<\/figcaption><\/figure><\/li><li class=\"blocks-gallery-item\"><figure><img decoding=\"async\" width=\"1024\" height=\"683\" src=\"http:\/\/www.lenquetedessens.dealersdescience.com\/wp-content\/uploads\/2020\/12\/consume-72-web.jpg\" alt=\"\" data-id=\"910\" data-full-url=\"http:\/\/www.lenquetedessens.dealersdescience.com\/wp-content\/uploads\/2020\/12\/consume-72-web.jpg\" data-link=\"http:\/\/www.lenquetedessens.dealersdescience.com\/?attachment_id=910\" class=\"wp-image-910\" srcset=\"https:\/\/www.lenquetedessens.dealersdescience.com\/wp-content\/uploads\/2020\/12\/consume-72-web.jpg 1024w, https:\/\/www.lenquetedessens.dealersdescience.com\/wp-content\/uploads\/2020\/12\/consume-72-web-300x200.jpg 300w, https:\/\/www.lenquetedessens.dealersdescience.com\/wp-content\/uploads\/2020\/12\/consume-72-web-768x512.jpg 768w\" sizes=\"(max-width: 1024px) 100vw, 1024px\" \/><figcaption class=\"blocks-gallery-item__caption\">Ce projet \u00e9voque le besoin de ma\u00eetriser ou de dominer la nature. Chaque semaine, le mot \u00e9tait chang\u00e9 et il \u00e9tait demand\u00e9 aux habitant\u00b7es de former une phrase avec ces mots.<\/figcaption><\/figure><\/li><li class=\"blocks-gallery-item\"><figure><img decoding=\"async\" width=\"1024\" height=\"683\" src=\"http:\/\/www.lenquetedessens.dealersdescience.com\/wp-content\/uploads\/2020\/12\/IMG_MDA122154_1600px-1024x683.jpg\" alt=\"\" data-id=\"909\" data-full-url=\"http:\/\/www.lenquetedessens.dealersdescience.com\/wp-content\/uploads\/2020\/12\/IMG_MDA122154_1600px.jpg\" data-link=\"http:\/\/www.lenquetedessens.dealersdescience.com\/?attachment_id=909\" class=\"wp-image-909\" srcset=\"https:\/\/www.lenquetedessens.dealersdescience.com\/wp-content\/uploads\/2020\/12\/IMG_MDA122154_1600px-1024x683.jpg 1024w, https:\/\/www.lenquetedessens.dealersdescience.com\/wp-content\/uploads\/2020\/12\/IMG_MDA122154_1600px-300x200.jpg 300w, https:\/\/www.lenquetedessens.dealersdescience.com\/wp-content\/uploads\/2020\/12\/IMG_MDA122154_1600px-768x512.jpg 768w, https:\/\/www.lenquetedessens.dealersdescience.com\/wp-content\/uploads\/2020\/12\/IMG_MDA122154_1600px-1536x1024.jpg 1536w, https:\/\/www.lenquetedessens.dealersdescience.com\/wp-content\/uploads\/2020\/12\/IMG_MDA122154_1600px.jpg 1600w\" sizes=\"(max-width: 1024px) 100vw, 1024px\" \/><figcaption class=\"blocks-gallery-item__caption\">Cette installation, qui fait \u00e9cho au rapport du Groupe d&rsquo;experts intergouvernemental sur l&rsquo;\u00e9volution du climat (GIEC) de 2018, est destin\u00e9e \u00e0 alerter les londonien\u00b7nes sur les effets du r\u00e9chauffement climatique.<\/figcaption><\/figure><\/li><\/ul><figcaption class=\"blocks-gallery-caption\"><span class=\"has-inline-color has-black-color\">De la photographie \u00e0 l&rsquo;installation, en passant par la tapisserie, l&rsquo;art \u00e9cologique se diversifie pour sensibiliser le public.<\/span><\/figcaption><\/figure>\n\n\n\n<div style=\"height:45px\" aria-hidden=\"true\" class=\"wp-block-spacer\"><\/div>\n\n\n\n<h3 class=\"has-text-color wp-block-heading\" style=\"color:#e09e2e\">Qu\u2019est ce que l\u2019art \u00e9cologique ?<\/h3>\n\n\n\n<p>L\u2019art \u00e9cologique est un genre artistique qui a pour but de sensibiliser aux probl\u00e9matiques contemporaines \u00e9cologiques. On observe alors des tentatives de conservation de la nature. La raison d\u2019\u00eatre principale de l\u2019art \u00e9cologique est de reconstruire, d\u2019agir et de sensibiliser pour la protection de l\u2019environnement.&nbsp;Le courant appara\u00eet dans les ann\u00e9es 1960 alors que les cultures am\u00e9ricaines et europ\u00e9ennes se divisent en deux : la \u00ab culture \u00bb et la \u00ab&nbsp;contre-culture&nbsp;\u00bb. Le second mouvement fait na\u00eetre une prise de conscience de l\u2019\u00e9tat et de l\u2019importance de l\u2019environnement, faisant ainsi appara\u00eetre un art innovant qu\u2019est l\u2019art \u00e9cologique.<\/p>\n\n\n\n<p>La confusion entre art \u00e9cologique et art environnemental est fr\u00e9quente. Or, dans le second, l&rsquo;artiste cherche plus \u00e0 \u00eatre en harmonie avec la Nature qu&rsquo;\u00e0 sensibiliser ou informer le public.<\/p>\n\n\n\n<div style=\"height:45px\" aria-hidden=\"true\" class=\"wp-block-spacer\"><\/div>\n\n\n\n<div class=\"wp-block-columns is-layout-flex wp-container-core-columns-is-layout-9d6595d7 wp-block-columns-is-layout-flex\">\n<div class=\"wp-block-column is-layout-flow wp-block-column-is-layout-flow\">\n<figure class=\"wp-block-image size-large is-resized\"><img decoding=\"async\" src=\"http:\/\/www.lenquetedessens.dealersdescience.com\/wp-content\/uploads\/2020\/12\/Art-2.png\" alt=\"Tierra del fuego, une \u0153uvre montrant les objets enfouis r\u00e9v\u00e9l\u00e9s par la fonte des glaciers.\" class=\"wp-image-913\" width=\"512\" height=\"341\" srcset=\"https:\/\/www.lenquetedessens.dealersdescience.com\/wp-content\/uploads\/2020\/12\/Art-2.png 946w, https:\/\/www.lenquetedessens.dealersdescience.com\/wp-content\/uploads\/2020\/12\/Art-2-300x200.png 300w, https:\/\/www.lenquetedessens.dealersdescience.com\/wp-content\/uploads\/2020\/12\/Art-2-768x512.png 768w\" sizes=\"(max-width: 512px) 100vw, 512px\" \/><figcaption>Angelika Markul, <em>Tierra del Fuego<\/em>, 2018, Mus\u00e9e de la Chasse et de la Nature, Paris.<\/figcaption><\/figure>\n<\/div>\n\n\n\n<div class=\"wp-block-column is-layout-flow wp-block-column-is-layout-flow\">\n<h2 class=\"has-text-align-left has-text-color wp-block-heading\" style=\"color:#0a4bc1\">Tierra del fuego<\/h2>\n\n\n\n<p class=\"has-text-align-left\">La fonte des glaciers r\u00e9v\u00e8le des objets enfouis qu\u2019Angelika Markul raconte dans cette exposition. Elle sensibilise ainsi \u00e0 la disparition de ces paysages et aux traditions oubli\u00e9es des Yagans, p\u00eacheurs nomades de Tierra del Fuego, en Patagonie.&nbsp;<\/p>\n<\/div>\n<\/div>\n\n\n\n<div style=\"height:10px\" aria-hidden=\"true\" class=\"wp-block-spacer\"><\/div>\n\n\n\n<h3 class=\"has-text-color wp-block-heading\" style=\"color:#e09e2e\">Influences scientifiques<\/h3>\n\n\n\n<p>Pollution, r\u00e9chauffement climatique, extinction des esp\u00e8ces&#8230; Les probl\u00e8mes environnementaux s\u2019accumulent et nous le savons. Ce sont les scientifiques, qui \u00e9tudient l\u2019\u00e9cologie, qui ont le r\u00f4le de lanceur\u00b7euse d\u2019alerte. I\u00b7elles vulgarisent leurs travaux pour nous sensibiliser, mais cela ne suffit pas. Notre attitude g\u00e9n\u00e9rale face \u00e0 la crise \u00e9cologique que nous traversons en t\u00e9moigne. Afin de changer notre comportement, une solution serait d\u2019int\u00e9grer les id\u00e9es des recherches scientifiques directement dans notre culture. L\u2019art va permettre une approche diff\u00e9rente de l\u2019\u00e9cologie. Aucune publication scientifique ne peut mettre en image ces id\u00e9es comme les \u0153uvres d\u2019art \u00e9cologique. Les artistes cr\u00e9ent un lien entre sciences et soci\u00e9t\u00e9 avec une sensibilit\u00e9 et une approche diff\u00e9rente des biologistes.<\/p>\n\n\n\n<div style=\"height:45px\" aria-hidden=\"true\" class=\"wp-block-spacer\"><\/div>\n\n\n\n<div class=\"wp-block-columns is-layout-flex wp-container-core-columns-is-layout-9d6595d7 wp-block-columns-is-layout-flex\">\n<div class=\"wp-block-column is-layout-flow wp-block-column-is-layout-flow\"><p><iframe src=\"https:\/\/www.franceculture.fr\/player\/export-reecouter?content=02c90905-eb74-49a8-a2f4-d76a93301eed\" scrolling=\"yes\" width=\"450\" height=\"500\" frameborder=\"0\"><\/iframe><\/p>\n<\/div>\n\n\n\n<div class=\"wp-block-column is-vertically-aligned-center is-layout-flow wp-block-column-is-layout-flow\">\n<h2 class=\"has-text-align-left has-text-color wp-block-heading\" style=\"color:#0a4bc1\">L&rsquo;art se met-il au vert ?<\/h2>\n\n\n\n<p class=\"has-text-align-left\">\u00ab&nbsp;Avec le philosophe Bernard Stiegler et Paul Ardenne, historien de l&rsquo;art. L\u2019art se met au vert\u2026 Et les artistes ? Peuvent-ils, par la cr\u00e9ation, contribuer \u00e0 la prise de conscience de l\u2019urgence \u00e9cologique ? L&rsquo;art est-il une expression suffisamment puissante pour relever ce d\u00e9fi ?&nbsp;\u00bb La Grande table id\u00e9es, \u00e9mission France Culture<\/p>\n<\/div>\n<\/div>\n\n\n\n<div style=\"height:45px\" aria-hidden=\"true\" class=\"wp-block-spacer\"><\/div>\n\n\n\n<h3 class=\"has-text-color wp-block-heading\" style=\"color:#e09e2e\">La d\u00e9marche des artistes \u00e9cologiques<\/h3>\n\n\n\n<p>Chaque sensibilit\u00e9 au monde est unique. Les approches des artistes sont tout aussi singuli\u00e8res mais certains traits communs se retrouvent dans l\u2019art \u00e9cologique. Il s\u2019agit d\u2019un art connect\u00e9 \u00e0 la soci\u00e9t\u00e9, port\u00e9 par des artistes plus ou moins activistes et impliqu\u00e9\u00b7es politiquement. Comme la plupart des arts engag\u00e9s, l\u2019art \u00e9cologique fait souvent r\u00e9f\u00e9rence \u00e0 d\u2019autres disciplines artistiques comme l\u2019\u00e9cof\u00e9minisme. Par ailleurs, les artistes \u00e9cologiques pr\u00eatent g\u00e9n\u00e9ralement attention \u00e0 leurs modes de production pour qu\u2019ils soient coh\u00e9rents \u00e9thiquement avec les id\u00e9es qu\u2019i\u00b7elles d\u00e9fendent. Dans leurs approches \u00e0 l\u2019environnement qui les entoure, les espaces naturels et\/ou culturels peuvent devenir leurs supports ou leurs mat\u00e9riaux. Parfois, les pratiques artistiques sont m\u00eame au service d\u2019actions de conservation ou de restauration \u00e9cologiques.<\/p>\n\n\n\n<p>Et vous, qu\u2019est-ce qui vous touche le plus ? Ce qu\u2019il se passe pr\u00e8s de chez vous ou sur la plan\u00e8te enti\u00e8re ? Ce qui vous concerne ou ce qui implique la soci\u00e9t\u00e9 ? Ce que vous exp\u00e9rimentez dans votre quotidien ou les connaissances qui se construisent dans le milieu scientifique ? Les artistes \u00e9cologiques font ressortir ces tensions et relations. Leurs \u0153uvres dessinent le lien entre les diff\u00e9rentes \u00e9chelles et milieux en rendant esth\u00e9tique la complexit\u00e9 du monde. Elles v\u00e9hiculent des messages forts qui invitent le public \u00e0 se questionner. Ainsi, cette d\u00e9marche artistique n\u2019est pas seulement critique sur ce qui est, elle donne \u00e0 voir ce qui pourrait \u00eatre.<\/p>\n\n\n\n<div style=\"height:45px\" aria-hidden=\"true\" class=\"wp-block-spacer\"><\/div>\n\n\n\n<div class=\"wp-block-columns is-layout-flex wp-container-core-columns-is-layout-9d6595d7 wp-block-columns-is-layout-flex\">\n<div class=\"wp-block-column is-vertically-aligned-top is-layout-flow wp-block-column-is-layout-flow\" style=\"flex-basis:33.33%\">\n<h2 class=\"has-text-align-right has-text-color wp-block-heading\" style=\"color:#0a4bc1\">&nbsp;Igloo tropical<\/h2>\n\n\n\n<p class=\"has-text-align-right\">Alexis Tricoire r\u00e9unit deux univers aux climats diff\u00e9rents : un igloo surmont\u00e9 d\u2019une v\u00e9g\u00e9tation luxuriante. Cette opposition met en lumi\u00e8re le d\u00e9gel au p\u00f4le Nord et l\u2019impact de ce changement climatique sur les Inuits.&nbsp;<\/p>\n<\/div>\n\n\n\n<div class=\"wp-block-column is-layout-flow wp-block-column-is-layout-flow\" style=\"flex-basis:66.66%\">\n<div class=\"wp-block-columns is-layout-flex wp-container-core-columns-is-layout-9d6595d7 wp-block-columns-is-layout-flex\">\n<div class=\"wp-block-column is-layout-flow wp-block-column-is-layout-flow\" style=\"flex-basis:100%\">\n<div class=\"wp-block-columns is-layout-flex wp-container-core-columns-is-layout-9d6595d7 wp-block-columns-is-layout-flex\">\n<div class=\"wp-block-column is-layout-flow wp-block-column-is-layout-flow\">\n<figure class=\"wp-block-image size-large is-resized\"><img decoding=\"async\" src=\"http:\/\/www.lenquetedessens.dealersdescience.com\/wp-content\/uploads\/2020\/12\/ecologie.png\" alt=\"Igloo tropical expos\u00e9 dans le jardin des Tuileries \u00e0 Paris \u00e0 l'occasion du festival &quot;Jardins, Jardin&quot;.\" class=\"wp-image-914\" width=\"332\" height=\"207\" srcset=\"https:\/\/www.lenquetedessens.dealersdescience.com\/wp-content\/uploads\/2020\/12\/ecologie.png 611w, https:\/\/www.lenquetedessens.dealersdescience.com\/wp-content\/uploads\/2020\/12\/ecologie-300x187.png 300w\" sizes=\"(max-width: 332px) 100vw, 332px\" \/><\/figure>\n\n\n\n<p><\/p>\n<\/div>\n\n\n\n<div class=\"wp-block-column is-layout-flow wp-block-column-is-layout-flow\">\n<figure class=\"wp-block-image size-large is-resized\"><img decoding=\"async\" src=\"http:\/\/www.lenquetedessens.dealersdescience.com\/wp-content\/uploads\/2020\/12\/ecologie-2.png\" alt=\"\" class=\"wp-image-915\" width=\"364\" height=\"206\" srcset=\"https:\/\/www.lenquetedessens.dealersdescience.com\/wp-content\/uploads\/2020\/12\/ecologie-2.png 922w, https:\/\/www.lenquetedessens.dealersdescience.com\/wp-content\/uploads\/2020\/12\/ecologie-2-300x170.png 300w, https:\/\/www.lenquetedessens.dealersdescience.com\/wp-content\/uploads\/2020\/12\/ecologie-2-768x435.png 768w\" sizes=\"(max-width: 364px) 100vw, 364px\" \/><figcaption>Alexis Tricoire, Igloo tropical, Juin 2012, Festival \u201cJardins, Jardin\u201d, Jardin des Tuileries de Paris.<\/figcaption><\/figure>\n<\/div>\n<\/div>\n<\/div>\n<\/div>\n<\/div>\n<\/div>\n\n\n\n<h3 class=\"has-text-color wp-block-heading\" style=\"color:#e09e2e\">De l\u2019art pour agir<\/h3>\n\n\n\n<p>Pour prot\u00e9ger quelque chose, il faut le conna\u00eetre. La conscience est la premi\u00e8re \u00e9tape de l\u2019action. L\u2019art \u00e9cologique est bien loin des discours parfois culpabilisants et moralisateurs des scientifiques. Pr\u00e9sent\u00e9es d\u2019une autre fa\u00e7on, les informations deviennent plus accessibles. Le public va \u00eatre plus touch\u00e9 par ces sujets.<\/p>\n\n\n\n<p>L\u2019art \u00e9cologique vise la prise de conscience et le changement de comportement : le changement des soci\u00e9t\u00e9s. Il a pour but de construire des modes de vie soutenables et peut mobiliser le public, le rendre acteur.<\/p>\n\n\n\n<p>La culture est moteur de changements de comportements et permet de d\u00e9velopper un nouveau rapport au monde. Par exemple, l\u2019utilisation des technologies dans l\u2019art \u00e9cologique renforce les relations entre humain\u00b7es et Nature, et peut susciter un engagement environnemental.&nbsp;<\/p>\n\n\n\n<div style=\"height:45px\" aria-hidden=\"true\" class=\"wp-block-spacer\"><\/div>\n\n\n\n<figure class=\"wp-block-embed is-type-video is-provider-youtube wp-block-embed-youtube wp-embed-aspect-16-9 wp-has-aspect-ratio\"><div class=\"wp-block-embed__wrapper\">\n<div class=\"ast-oembed-container\"><iframe title=\"Environnement : l&#039;art peut-il sauver la plan\u00e8te ?\" width=\"500\" height=\"281\" src=\"https:\/\/www.youtube.com\/embed\/ZEetdjOSxvk?feature=oembed\" frameborder=\"0\" allow=\"accelerometer; autoplay; clipboard-write; encrypted-media; gyroscope; picture-in-picture; web-share\" referrerpolicy=\"strict-origin-when-cross-origin\" allowfullscreen><\/iframe><\/div>\n<\/div><figcaption><em>L&rsquo;art peut-il sauver la plan\u00e8te ?<\/em> Isabelle Ithurburu, 2019<\/figcaption><\/figure>\n\n\n\n<div style=\"height:45px\" aria-hidden=\"true\" class=\"wp-block-spacer\"><\/div>\n\n\n\n<h3 class=\"has-text-color wp-block-heading\" style=\"color:#e09e2e\">Un lien entre environnement et soci\u00e9t\u00e9&nbsp;&nbsp;<\/h3>\n\n\n\n<p>Comme vous l\u2019avez d\u00e9couvert au travers de cette exposition, l\u2019art \u00e9cologique a divers objectifs. Il touche plus universellement que la science qui para\u00eet, \u00e0 premi\u00e8re vue, difficile \u00e0 comprendre. Ainsi, il traduit le discours scientifique dans le domaine de la culture et favorise sa compr\u00e9hension. Comme beaucoup de mouvements artistiques, il se veut engag\u00e9, il d\u00e9fend une cause : celle de la protection de l\u2019environnement. C\u2019est par ses codes qu\u2019il peut nous convaincre et faire de nous des acteur\u00b7rices engag\u00e9\u00b7es \u00e0 notre tour. C\u2019est donc un outil de plus pour expliquer, faire comprendre et d\u00e9montrer l\u2019urgence. L\u2019art pourrait \u00eatre un moyen de m\u00e9diation pour sensibiliser autour des probl\u00e9matiques environnementales.<\/p>\n\n\n\n<p>Finalement, le mouvement qu\u2019est l\u2019art \u00e9cologique fait sens, entre environnement et soci\u00e9t\u00e9 civile par un biais enthousiasmant.&nbsp;&nbsp;<\/p>\n\n\n\n<div style=\"height:45px\" aria-hidden=\"true\" class=\"wp-block-spacer\"><\/div>\n\n\n\n<div class=\"wp-block-cover alignfull has-background-dim\" style=\"background-color:#cfdffc\"><div class=\"wp-block-cover__inner-container is-layout-flow wp-block-cover-is-layout-flow\">\n<div class=\"wp-block-columns is-layout-flex wp-container-core-columns-is-layout-9d6595d7 wp-block-columns-is-layout-flex\">\n<div class=\"wp-block-column is-vertically-aligned-center is-layout-flow wp-block-column-is-layout-flow\" style=\"flex-basis:66.66%\">\n<figure class=\"wp-block-embed is-type-video is-provider-youtube wp-block-embed-youtube wp-embed-aspect-16-9 wp-has-aspect-ratio\"><div class=\"wp-block-embed__wrapper\">\n<div class=\"ast-oembed-container\"><iframe title=\"Deborah Bowman : Art et sensibilisation\" width=\"500\" height=\"281\" src=\"https:\/\/www.youtube.com\/embed\/CLiqQpNswNk?feature=oembed\" frameborder=\"0\" allow=\"accelerometer; autoplay; clipboard-write; encrypted-media; gyroscope; picture-in-picture; web-share\" referrerpolicy=\"strict-origin-when-cross-origin\" allowfullscreen><\/iframe><\/div>\n<\/div><figcaption><span class=\"has-inline-color has-black-color\">Deborah Bowman, doctorante en art dans le laboratoire M\u00e9diation Information Communication Arts (MICA) de l&rsquo;Universit\u00e9 Bordeaux Montaigne.<\/span><\/figcaption><\/figure>\n<\/div>\n\n\n\n<div class=\"wp-block-column is-vertically-aligned-center is-layout-flow wp-block-column-is-layout-flow\" style=\"flex-basis:33.33%\">\n<h2 class=\"has-black-color has-text-color wp-block-heading\">Note de sens<\/h2>\n\n\n\n<h3 class=\"has-black-color has-text-color wp-block-heading\">Deborah Bowman, artiste et doctorante<\/h3>\n\n\n\n<p class=\"has-black-color has-text-color\">Artiste am\u00e9ricaine, Deborah Bowman s&rsquo;inspire de ses \u00e9tudes de biologie et d\u2019\u00e9cophilosophie pour cr\u00e9er des projets d\u2019art \u00e9cologique. Ses recherches et collaborations avec des scientifiques explorent la biodiversit\u00e9 animale et v\u00e9g\u00e9tale, les cours d&rsquo;eau, l\u2019\u00e9cof\u00e9minisme, dans une dynamique d\u2019art engag\u00e9.<\/p>\n\n\n\n<p class=\"has-black-color has-text-color\">L\u2019installation \u00ab&nbsp;Eau botanique&nbsp;\u00bb, une co-cr\u00e9ation avec Patrik Martydans, un lavoir le long d\u2019un chemin de randonn\u00e9e artistique de 15 km, met en lumi\u00e8re les esp\u00e8ces v\u00e9g\u00e9tales phytofiltrantes et end\u00e9miques autour des sources, lavoirs, rivi\u00e8res. Neuf cubes de marbre de Carrare grav\u00e9s s\u2019inscrivent dans un jeu de piste pour une balade ludique et p\u00e9dagogique. V\u00e9ritables carrefours entre les patrimoines humain et naturel, les lavoirs \u00e9taient des lieux de rencontres et d&rsquo;\u00e9changes entre femmes. Ils gardent en eux pas seulement les traces du pass\u00e9, mais aussi une m\u00e9thode originale de renouveler la biodiversit\u00e9. L\u2019aspect activiste de l\u2019\u0153uvre de Deborah Bowman se d\u00e9ploie \u00e0 travers des&nbsp;expositions et conf\u00e9rences, des projets participatifs, et des interventions en milieu scolaire. <\/p>\n\n\n\n<p class=\"has-black-color has-text-color\">Deborah Bowman est dipl\u00f4m\u00e9e de l&rsquo;EBABX, o\u00f9 elle est Professeur d&rsquo;art, et de l&rsquo;Universit\u00e9&nbsp;Bordeaux Montaigne, o\u00f9 elle est Charg\u00e9e d&rsquo;enseignement en Master Arts. Doctorante en Arts \u00e0 l\u2019Universit\u00e9 Bordeaux Montaigne, Laboratoire MICA ADS, sa th\u00e8se \u00e9tudie \u00ab&nbsp;l\u2019Art de la Rivi\u00e8re, de la source \u00e0 l\u2019oc\u00e9an&nbsp;: l\u2019\u00c9cophilosophie, l\u2019\u00e9cof\u00e9minisme, l\u2019art \u00e9cologique&nbsp;\u00bb.<\/p>\n<\/div>\n<\/div>\n<\/div><\/div>\n\n\n\n<div style=\"height:45px\" aria-hidden=\"true\" class=\"wp-block-spacer\"><\/div>\n\n\n\n<h2 class=\"wp-block-heading\">En savoir plus sur le travail de Deborah Bowman<\/h2>\n\n\n\n<div class=\"alignfull\"><div id=\"metaslider-id-3715\" style=\"width: 100%; margin: 0 auto;\" class=\"ml-slider-3-108-0 metaslider metaslider-flex metaslider-3715 ml-slider has-dots-nav ms-theme-architekt\" role=\"region\" aria-label=\"Diapo_Exposition_artistique\" data-height=\"3500\" data-width=\"4600\">\n    <div id=\"metaslider_container_3715\">\n        <div id=\"metaslider_3715\">\n            <ul class='slides'>\n                <li style=\"display: block; width: 100%;\" class=\"slide-3721 ms-image \" aria-roledescription=\"slide\" data-date=\"2021-01-12 08:54:31\" data-filename=\"LavLafuge-v3-Web72dpi.jpg\" data-slide-type=\"image\"><img decoding=\"async\" width=\"2000\" height=\"1345\" src=\"https:\/\/www.lenquetedessens.dealersdescience.com\/wp-content\/uploads\/2021\/01\/LavLafuge-v3-Web72dpi.jpg\" class=\"slider-3715 slide-3721 msDefaultImage\" alt=\"\u0152uvre de l&#039;artiste Deborah Bowman, Trois morceaux de lin, lentilles d\u2019eau et feuilles de figuier, Lavoir Lafuge, Pujols sur Dordogne 33. (Lentilles d\u2019Eau : Lavoir Lafuge. EAU DE VIE : LAVOIRS, 2014-2016)\" rel=\"\" title=\"LavLafuge-v3-Web72dpi\" style=\"margin-top: 4.4184782608696%\" srcset=\"https:\/\/www.lenquetedessens.dealersdescience.com\/wp-content\/uploads\/2021\/01\/LavLafuge-v3-Web72dpi.jpg 2000w, https:\/\/www.lenquetedessens.dealersdescience.com\/wp-content\/uploads\/2021\/01\/LavLafuge-v3-Web72dpi-300x202.jpg 300w, https:\/\/www.lenquetedessens.dealersdescience.com\/wp-content\/uploads\/2021\/01\/LavLafuge-v3-Web72dpi-1024x689.jpg 1024w, https:\/\/www.lenquetedessens.dealersdescience.com\/wp-content\/uploads\/2021\/01\/LavLafuge-v3-Web72dpi-768x516.jpg 768w, https:\/\/www.lenquetedessens.dealersdescience.com\/wp-content\/uploads\/2021\/01\/LavLafuge-v3-Web72dpi-1536x1033.jpg 1536w\" sizes=\"(max-width: 2000px) 100vw, 2000px\" \/><div class=\"caption-wrap\"><div class=\"caption\">Deborah Bowman, Lentilles d\u2019Eau : Lavoir Lafuge. EAU DE VIE : LAVOIRS, 2014-2016 ; Curator Patrik Marty.\nTrois morceaux de lin, lentilles d\u2019eau et feuilles de figuier, Lavoir Lafuge, Pujols sur Dordogne 33.\nProjet multiforme : Installations \u00e9ph\u00e9m\u00e8res, photos, vid\u00e9os, dessins. Photo de l\u2019artiste, dimensions variables.<\/div><\/div><\/li>\n                <li style=\"display: none; width: 100%;\" class=\"slide-3722 ms-image \" aria-roledescription=\"slide\" data-date=\"2021-01-12 08:54:31\" data-filename=\"LavoirVide1Dark-cx2-Web72dpi.jpg\" data-slide-type=\"image\"><img decoding=\"async\" width=\"1606\" height=\"1080\" src=\"https:\/\/www.lenquetedessens.dealersdescience.com\/wp-content\/uploads\/2021\/01\/LavoirVide1Dark-cx2-Web72dpi.jpg\" class=\"slider-3715 slide-3722 msDefaultImage\" alt=\"\u0152uvre de l&#039;artiste Deborah Bowman, Quatre morceaux de lin blanc, pos\u00e9s sur du tulle noir au fond d&#039;un lavoir vide. Lavoir de Ste Radegonde 33. (Lavoir Vide : Ste Radegonde, EAU DE VIE : LAVOIRS, 2014-2016)\" rel=\"\" title=\"LavoirVide1Dark-cx2-Web72dpi\" style=\"margin-top: 4.4195679246305%\" srcset=\"https:\/\/www.lenquetedessens.dealersdescience.com\/wp-content\/uploads\/2021\/01\/LavoirVide1Dark-cx2-Web72dpi.jpg 1606w, https:\/\/www.lenquetedessens.dealersdescience.com\/wp-content\/uploads\/2021\/01\/LavoirVide1Dark-cx2-Web72dpi-300x202.jpg 300w, https:\/\/www.lenquetedessens.dealersdescience.com\/wp-content\/uploads\/2021\/01\/LavoirVide1Dark-cx2-Web72dpi-1024x689.jpg 1024w, https:\/\/www.lenquetedessens.dealersdescience.com\/wp-content\/uploads\/2021\/01\/LavoirVide1Dark-cx2-Web72dpi-768x516.jpg 768w, https:\/\/www.lenquetedessens.dealersdescience.com\/wp-content\/uploads\/2021\/01\/LavoirVide1Dark-cx2-Web72dpi-1536x1033.jpg 1536w\" sizes=\"(max-width: 1606px) 100vw, 1606px\" \/><div class=\"caption-wrap\"><div class=\"caption\">Deborah Bowman, Lavoir Vide : Ste Radegonde, EAU DE VIE : LAVOIRS, 2014-2016 ; Curator Patrik Marty.\nQuatre morceaux de lin blanc, tulle noir. Lavoir de Ste Radegonde 33.\nProjet multiforme : Installations \u00e9ph\u00e9m\u00e8res, photos, vid\u00e9os, dessins. Exploration des biotopes de 5 lavoirs\nautour de Pujols sur Dordogne 33. R\u00e9sidences d\u2019artiste, interventions scolaires, trois expositions,\nNouaison R\u00e9sidence d\u2019artiste, Pujols sur Dordogne 33. Photo de l\u2019artiste, dimensions variables.<\/div><\/div><\/li>\n                <li style=\"display: none; width: 100%;\" class=\"slide-3723 ms-image \" aria-roledescription=\"slide\" data-date=\"2021-01-12 08:54:31\" data-filename=\"SteRad3Fils17-Web72dpi-scaled.jpg\" data-slide-type=\"image\"><img decoding=\"async\" width=\"2560\" height=\"1810\" src=\"https:\/\/www.lenquetedessens.dealersdescience.com\/wp-content\/uploads\/2021\/01\/SteRad3Fils17-Web72dpi-scaled.jpg\" class=\"slider-3715 slide-3723 msDefaultImage\" alt=\"\u0152uvre de l&#039;artiste Deborah Bowman, Fils en tissu blanc dans l\u2019eau d&#039;une source, Lavoir de Ste Radegonde 33. (Fils de Nouaison : Ste Radegonde, EAU DE VIE : LAVOIRS, 2014-2016)\" rel=\"\" title=\"SteRad3Fils17-Web72dpi\" style=\"margin-top: 2.6919157608696%\" srcset=\"https:\/\/www.lenquetedessens.dealersdescience.com\/wp-content\/uploads\/2021\/01\/SteRad3Fils17-Web72dpi-scaled.jpg 2560w, https:\/\/www.lenquetedessens.dealersdescience.com\/wp-content\/uploads\/2021\/01\/SteRad3Fils17-Web72dpi-300x212.jpg 300w, https:\/\/www.lenquetedessens.dealersdescience.com\/wp-content\/uploads\/2021\/01\/SteRad3Fils17-Web72dpi-1024x724.jpg 1024w, https:\/\/www.lenquetedessens.dealersdescience.com\/wp-content\/uploads\/2021\/01\/SteRad3Fils17-Web72dpi-768x543.jpg 768w, https:\/\/www.lenquetedessens.dealersdescience.com\/wp-content\/uploads\/2021\/01\/SteRad3Fils17-Web72dpi-1536x1086.jpg 1536w, https:\/\/www.lenquetedessens.dealersdescience.com\/wp-content\/uploads\/2021\/01\/SteRad3Fils17-Web72dpi-2048x1448.jpg 2048w\" sizes=\"(max-width: 2560px) 100vw, 2560px\" \/><div class=\"caption-wrap\"><div class=\"caption\">Deborah Bowman, Fils de Nouaison : Ste Radegonde, EAU DE VIE : LAVOIRS, 2014-2016 ; Curator Patrik Marty.\nFils en tissu dans l\u2019eau de la source, Lavoir de Ste Radegonde 33. Projet multiforme : Installations \u00e9ph\u00e9m\u00e8res,\nphotos, vid\u00e9os, dessins. Photo de l\u2019artiste, dimensions variables.<\/div><\/div><\/li>\n                <li style=\"display: none; width: 100%;\" class=\"slide-4572 ms-image \" aria-roledescription=\"slide\" data-date=\"2021-01-14 12:35:07\" data-filename=\"2-EauBot52-CChaudourne-Web72.jpg\" data-slide-type=\"image\"><img decoding=\"async\" width=\"1600\" height=\"2000\" src=\"https:\/\/www.lenquetedessens.dealersdescience.com\/wp-content\/uploads\/2021\/01\/2-EauBot52-CChaudourne-Web72.jpg\" class=\"slider-3715 slide-4572 msDefaultImage\" alt=\"Bloc de marbre grav\u00e9 pos\u00e9 dans l&#039;eau d&#039;un lavoir en pierre. L&#039;eau refl\u00e8te la verdure de la v\u00e9g\u00e9tation.\" rel=\"\" title=\"2-EauBot52-CChaudourne-Web72\" style=\"margin: 0 auto; width: 60.869565217391%\" srcset=\"https:\/\/www.lenquetedessens.dealersdescience.com\/wp-content\/uploads\/2021\/01\/2-EauBot52-CChaudourne-Web72.jpg 1600w, https:\/\/www.lenquetedessens.dealersdescience.com\/wp-content\/uploads\/2021\/01\/2-EauBot52-CChaudourne-Web72-240x300.jpg 240w, https:\/\/www.lenquetedessens.dealersdescience.com\/wp-content\/uploads\/2021\/01\/2-EauBot52-CChaudourne-Web72-819x1024.jpg 819w, https:\/\/www.lenquetedessens.dealersdescience.com\/wp-content\/uploads\/2021\/01\/2-EauBot52-CChaudourne-Web72-768x960.jpg 768w, https:\/\/www.lenquetedessens.dealersdescience.com\/wp-content\/uploads\/2021\/01\/2-EauBot52-CChaudourne-Web72-1229x1536.jpg 1229w\" sizes=\"(max-width: 1600px) 100vw, 1600px\" \/><div class=\"caption-wrap\"><div class=\"caption\">Art public, oeuvre monumentale\nLavoir de Quinsac 33\nManifestation Europ\u00e9enne Art &amp; Paysages, avril - octobre 2016. PHOTO \u00a9 C. CHADOURNE, EAGLE PHOTOGRAPHIE<\/div><\/div><\/li>\n                <li style=\"display: none; width: 100%;\" class=\"slide-4573 ms-image \" aria-roledescription=\"slide\" data-date=\"2021-01-14 12:35:07\" data-filename=\"3-EauBot2-C.Chadourne-Web72.png\" data-slide-type=\"image\"><img decoding=\"async\" width=\"959\" height=\"1200\" src=\"https:\/\/www.lenquetedessens.dealersdescience.com\/wp-content\/uploads\/2021\/01\/3-EauBot2-C.Chadourne-Web72.png\" class=\"slider-3715 slide-4573 msDefaultImage\" alt=\"Six blocs de marbre grav\u00e9s pos\u00e9s dans l&#039;eau d&#039;un lavoir. L&#039;eau sombre refl\u00e8te la verdure de la v\u00e9g\u00e9tation.\" rel=\"\" title=\"3-EauBot2-C.Chadourne-Web72\" style=\"margin: 0 auto; width: 60.80615942029%\" srcset=\"https:\/\/www.lenquetedessens.dealersdescience.com\/wp-content\/uploads\/2021\/01\/3-EauBot2-C.Chadourne-Web72.png 959w, https:\/\/www.lenquetedessens.dealersdescience.com\/wp-content\/uploads\/2021\/01\/3-EauBot2-C.Chadourne-Web72-240x300.png 240w, https:\/\/www.lenquetedessens.dealersdescience.com\/wp-content\/uploads\/2021\/01\/3-EauBot2-C.Chadourne-Web72-818x1024.png 818w, https:\/\/www.lenquetedessens.dealersdescience.com\/wp-content\/uploads\/2021\/01\/3-EauBot2-C.Chadourne-Web72-768x961.png 768w\" sizes=\"(max-width: 959px) 100vw, 959px\" \/><div class=\"caption-wrap\"><div class=\"caption\">Art public, oeuvre monumentale\nLavoir de Quinsac 33\nManifestation Europ\u00e9enne Art &amp; Paysages, avril - octobre 2016. PHOTO \u00a9 C. CHADOURNE, EAGLE PHOTOGRAPHIE<\/div><\/div><\/li>\n                <li style=\"display: none; width: 100%;\" class=\"slide-4574 ms-image \" aria-roledescription=\"slide\" data-date=\"2021-01-14 12:35:07\" data-filename=\"9-Microlo59-Web96.jpg\" data-slide-type=\"image\"><img decoding=\"async\" width=\"2000\" height=\"1330\" src=\"https:\/\/www.lenquetedessens.dealersdescience.com\/wp-content\/uploads\/2021\/01\/9-Microlo59-Web96.jpg\" class=\"slider-3715 slide-4574 msDefaultImage\" alt=\"\u00c9l\u00e9ments en bois et en tissus flottant sur de l&#039;eau, qui refl\u00e8te la v\u00e9g\u00e9tation.\" rel=\"\" title=\"9-Microlo59-Web96\" style=\"margin-top: 4.7934782608696%\" srcset=\"https:\/\/www.lenquetedessens.dealersdescience.com\/wp-content\/uploads\/2021\/01\/9-Microlo59-Web96.jpg 2000w, https:\/\/www.lenquetedessens.dealersdescience.com\/wp-content\/uploads\/2021\/01\/9-Microlo59-Web96-300x200.jpg 300w, https:\/\/www.lenquetedessens.dealersdescience.com\/wp-content\/uploads\/2021\/01\/9-Microlo59-Web96-1024x681.jpg 1024w, https:\/\/www.lenquetedessens.dealersdescience.com\/wp-content\/uploads\/2021\/01\/9-Microlo59-Web96-768x511.jpg 768w, https:\/\/www.lenquetedessens.dealersdescience.com\/wp-content\/uploads\/2021\/01\/9-Microlo59-Web96-1536x1021.jpg 1536w\" sizes=\"(max-width: 2000px) 100vw, 2000px\" \/><div class=\"caption-wrap\"><div class=\"caption\">Deborah Bowman, EAU DE VIE : LAVOIRS, 2014-2016 ; Curator Patrik Marty.\nLavoir Lafuge, Pujols sur Dordogne 33.\nProjet multiforme : Installations \u00e9ph\u00e9m\u00e8res, photos, vid\u00e9os, dessins. Photo de l\u2019artiste, dimensions variables. PHOTOS : \u00a9PATRIK MARTY<\/div><\/div><\/li>\n                <li style=\"display: none; width: 100%;\" class=\"slide-4575 ms-image \" aria-roledescription=\"slide\" data-date=\"2021-01-14 12:35:07\" data-filename=\"11-LavEcole54-Web72.jpg\" data-slide-type=\"image\"><img decoding=\"async\" width=\"900\" height=\"1200\" src=\"https:\/\/www.lenquetedessens.dealersdescience.com\/wp-content\/uploads\/2021\/01\/11-LavEcole54-Web72.jpg\" class=\"slider-3715 slide-4575 msDefaultImage\" alt=\"Photographie de l&#039;artiste Deborah Bowman pendant une pr\u00e9sentation p\u00e9dagogique avec des enfants, au bord d&#039;un lavoir.\" rel=\"\" title=\"11-LavEcole54-Web72\" style=\"margin: 0 auto; width: 57.065217391304%\" srcset=\"https:\/\/www.lenquetedessens.dealersdescience.com\/wp-content\/uploads\/2021\/01\/11-LavEcole54-Web72.jpg 900w, https:\/\/www.lenquetedessens.dealersdescience.com\/wp-content\/uploads\/2021\/01\/11-LavEcole54-Web72-225x300.jpg 225w, https:\/\/www.lenquetedessens.dealersdescience.com\/wp-content\/uploads\/2021\/01\/11-LavEcole54-Web72-768x1024.jpg 768w\" sizes=\"(max-width: 900px) 100vw, 900px\" \/><div class=\"caption-wrap\"><div class=\"caption\">EAU DE VIE : LAVOIRS : Intervention p\u00e9dagogique, Ecole primaire de Pujols sur Dordogne, 2014 - 2016. PHOTOS : \u00a9PATRIK MARTY\nAvec la coordination de Nouaison R\u00e9sidence d\u2019artiste, Conseil G\u00e9n\u00e9ral de la Gironde.\nProjet multiforme : Installations \u00e9ph\u00e9m\u00e8res, photos, vid\u00e9os, dessins. Exploration des biotopes de 5 lavoirs\nautour de Pujols sur Dordogne 33. R\u00e9sidences d\u2019artiste, interventions scolaires, trois expositions,\nNouaison R\u00e9sidence d\u2019artiste, Pujols sur Dordogne 33.<\/div><\/div><\/li>\n                <li style=\"display: none; width: 100%;\" class=\"slide-4576 ms-image \" aria-roledescription=\"slide\" data-date=\"2021-01-14 12:35:07\" data-filename=\"11-LavEcole78-Web72.jpg\" data-slide-type=\"image\"><img decoding=\"async\" width=\"2000\" height=\"1333\" src=\"https:\/\/www.lenquetedessens.dealersdescience.com\/wp-content\/uploads\/2021\/01\/11-LavEcole78-Web72.jpg\" class=\"slider-3715 slide-4576 msDefaultImage\" alt=\"Photographie de l&#039;artiste Deborah Bowman, lors d&#039;une intervention p\u00e9dagogique. Elle a les pieds dans l&#039;eau d&#039;un lavoir, au milieu des lentilles d&#039;eau. Des enfants observent sur le bord du lavoir.\" rel=\"\" title=\"11-LavEcole78-Web72\" style=\"margin-top: 4.7184782608696%\" srcset=\"https:\/\/www.lenquetedessens.dealersdescience.com\/wp-content\/uploads\/2021\/01\/11-LavEcole78-Web72.jpg 2000w, https:\/\/www.lenquetedessens.dealersdescience.com\/wp-content\/uploads\/2021\/01\/11-LavEcole78-Web72-300x200.jpg 300w, https:\/\/www.lenquetedessens.dealersdescience.com\/wp-content\/uploads\/2021\/01\/11-LavEcole78-Web72-1024x682.jpg 1024w, https:\/\/www.lenquetedessens.dealersdescience.com\/wp-content\/uploads\/2021\/01\/11-LavEcole78-Web72-768x512.jpg 768w, https:\/\/www.lenquetedessens.dealersdescience.com\/wp-content\/uploads\/2021\/01\/11-LavEcole78-Web72-1536x1024.jpg 1536w\" sizes=\"(max-width: 2000px) 100vw, 2000px\" \/><div class=\"caption-wrap\"><div class=\"caption\">EAU DE VIE : LAVOIRS : Intervention p\u00e9dagogique, Ecole primaire de Pujols sur Dordogne, 2014 - 2016. PHOTOS : \u00a9PATRIK MARTY\nAvec la coordination de Nouaison R\u00e9sidence d\u2019artiste, Conseil G\u00e9n\u00e9ral de la Gironde.\nProjet multiforme : Installations \u00e9ph\u00e9m\u00e8res, photos, vid\u00e9os, dessins. Exploration des biotopes de 5 lavoirs\nautour de Pujols sur Dordogne 33. R\u00e9sidences d\u2019artiste, interventions scolaires, trois expositions,\nNouaison R\u00e9sidence d\u2019artiste, Pujols sur Dordogne 33.<\/div><\/div><\/li>\n                <li style=\"display: none; width: 100%;\" class=\"slide-4781 ms-image \" aria-roledescription=\"slide\" data-date=\"2021-01-15 08:44:59\" data-filename=\"30-Fougeres-V6-Web72.jpg\" data-slide-type=\"image\"><img decoding=\"async\" width=\"1950\" height=\"1950\" src=\"https:\/\/www.lenquetedessens.dealersdescience.com\/wp-content\/uploads\/2021\/01\/30-Fougeres-V6-Web72.jpg\" class=\"slider-3715 slide-4781 msDefaultImage\" alt=\"\u0152uvre de Deborah Bowman, Aquarelle, encres pigment, crayon couleur aquarell\u00e9 sur papier aquarelle repr\u00e9sentant des foug\u00e8res. Noir et blanc.\" rel=\"\" title=\"30-Foug\u00e8res-V6-Web72\" style=\"margin: 0 auto; width: 76.086956521739%\" srcset=\"https:\/\/www.lenquetedessens.dealersdescience.com\/wp-content\/uploads\/2021\/01\/30-Fougeres-V6-Web72.jpg 1950w, https:\/\/www.lenquetedessens.dealersdescience.com\/wp-content\/uploads\/2021\/01\/30-Fougeres-V6-Web72-300x300.jpg 300w, https:\/\/www.lenquetedessens.dealersdescience.com\/wp-content\/uploads\/2021\/01\/30-Fougeres-V6-Web72-1024x1024.jpg 1024w, https:\/\/www.lenquetedessens.dealersdescience.com\/wp-content\/uploads\/2021\/01\/30-Fougeres-V6-Web72-150x150.jpg 150w, https:\/\/www.lenquetedessens.dealersdescience.com\/wp-content\/uploads\/2021\/01\/30-Fougeres-V6-Web72-768x768.jpg 768w, https:\/\/www.lenquetedessens.dealersdescience.com\/wp-content\/uploads\/2021\/01\/30-Fougeres-V6-Web72-1536x1536.jpg 1536w\" sizes=\"(max-width: 1950px) 100vw, 1950px\" \/><div class=\"caption-wrap\"><div class=\"caption\">Deborah Bowman, \u00ab Ferns \u00bb, The \u201921 Lunar Calendar, Luna Press, 2021. Aquarelle, encres pigment, crayon couleur aquarell\u00e9 sur papier aquarelle 300 g, 20 x 20 cm. https:\/\/www.thelunapress.com\/<\/div><\/div><\/li>\n                <li style=\"display: none; width: 100%;\" class=\"slide-4782 ms-image \" aria-roledescription=\"slide\" data-date=\"2021-01-15 08:44:59\" data-filename=\"27LavDB-copie.jpg\" data-slide-type=\"image\"><img decoding=\"async\" width=\"254\" height=\"242\" src=\"https:\/\/www.lenquetedessens.dealersdescience.com\/wp-content\/uploads\/2021\/01\/27LavDB-copie.jpg\" class=\"slider-3715 slide-4782 msDefaultImage\" alt=\"Photo de l&#039;artiste Deborah Bowman pendant une intervention p\u00e9dagogique, un cahier \u00e0 la main, se tenant debout au milieu de la v\u00e9g\u00e9tation verdoyante.\" rel=\"\" title=\"27LavDB copie\" style=\"margin: 0 auto; width: 79.859863456701%\" \/><div class=\"caption-wrap\"><div class=\"caption\">EAU DE VIE : LAVOIRS : Intervention p\u00e9dagogique, Ecole primaire de Pujols sur Dordogne, 2014 - 2016. PHOTOS : \u00a9PATRIK MARTY\nAvec la coordination de Nouaison R\u00e9sidence d\u2019artiste, Conseil G\u00e9n\u00e9ral de la Gironde.\nProjet multiforme : Installations \u00e9ph\u00e9m\u00e8res, photos, vid\u00e9os, dessins. Exploration des biotopes de 5 lavoirs\nautour de Pujols sur Dordogne 33. R\u00e9sidences d\u2019artiste, interventions scolaires, trois expositions,\nNouaison R\u00e9sidence d\u2019artiste, Pujols sur Dordogne 33.<\/div><\/div><\/li>\n                <li style=\"display: none; width: 100%;\" class=\"slide-4783 ms-image \" aria-roledescription=\"slide\" data-date=\"2021-01-15 08:44:59\" data-filename=\"19-LivredArtiste-copie.jpg\" data-slide-type=\"image\"><img decoding=\"async\" width=\"492\" height=\"325\" src=\"https:\/\/www.lenquetedessens.dealersdescience.com\/wp-content\/uploads\/2021\/01\/19-LivredArtiste-copie.jpg\" class=\"slider-3715 slide-4783 msDefaultImage\" alt=\"Une double page extraite d&#039;un livre d\u2019artiste de Deborah Bowman. On peut voir des croquis repr\u00e9sentant diff\u00e9rentes plantes sur la page de gauche et un paysage sur la page de droite.\" rel=\"\" title=\"19-Livred&#039;Artiste copie\" style=\"margin-top: 5.0150229763167%\" srcset=\"https:\/\/www.lenquetedessens.dealersdescience.com\/wp-content\/uploads\/2021\/01\/19-LivredArtiste-copie.jpg 492w, https:\/\/www.lenquetedessens.dealersdescience.com\/wp-content\/uploads\/2021\/01\/19-LivredArtiste-copie-300x198.jpg 300w\" sizes=\"(max-width: 492px) 100vw, 492px\" \/><div class=\"caption-wrap\"><div class=\"caption\">\u00ab Le refuge de montagne : Figure de r\u00e9sistance, espace d\u2019immersion, h\u00e9t\u00e9rotopie dans les bois \u00bb, livre d\u2019artiste, crayon couleur et encre pigment, publie\u0301 dans Recherches &amp; Educations revue scientifique, 2020. https:\/\/doi-org.ezproxy.u-bordeaux-montaigne.fr\/10.4000\/rechercheseducations.9158<\/div><\/div><\/li>\n                <li style=\"display: none; width: 100%;\" class=\"slide-4784 ms-image \" aria-roledescription=\"slide\" data-date=\"2021-01-15 08:44:59\" data-filename=\"17-EaudeVieCarnet-copie.jpg\" data-slide-type=\"image\"><img decoding=\"async\" width=\"492\" height=\"323\" src=\"https:\/\/www.lenquetedessens.dealersdescience.com\/wp-content\/uploads\/2021\/01\/17-EaudeVieCarnet-copie.jpg\" class=\"slider-3715 slide-4784 msDefaultImage\" alt=\"Une double page extraite d&#039;un livre d\u2019artiste de Deborah Bowman. Sur la page de gauche, du texte et des croquis de v\u00e9g\u00e9taux sur la page de droite.\" rel=\"\" title=\"17-EaudeVieCarnet copie\" style=\"margin-top: 5.218275008837%\" srcset=\"https:\/\/www.lenquetedessens.dealersdescience.com\/wp-content\/uploads\/2021\/01\/17-EaudeVieCarnet-copie.jpg 492w, https:\/\/www.lenquetedessens.dealersdescience.com\/wp-content\/uploads\/2021\/01\/17-EaudeVieCarnet-copie-300x197.jpg 300w\" sizes=\"(max-width: 492px) 100vw, 492px\" \/><div class=\"caption-wrap\"><div class=\"caption\">\u00ab Le refuge de montagne : Figure de r\u00e9sistance, espace d\u2019immersion, h\u00e9t\u00e9rotopie dans les bois \u00bb, livre d\u2019artiste, crayon couleur et encre pigment, publie\u0301 dans Recherches &amp; Educations revue scientifique, 2020. https:\/\/doi-org.ezproxy.u-bordeaux-montaigne.fr\/10.4000\/rechercheseducations.9158<\/div><\/div><\/li>\n            <\/ul>\n        <\/div>\n        \n    <\/div>\n<\/div><\/div>\n\n\n\n<div style=\"height:45px\" aria-hidden=\"true\" class=\"wp-block-spacer\"><\/div>\n\n\n\n<figure class=\"wp-block-embed is-type-video is-provider-youtube wp-block-embed-youtube wp-embed-aspect-16-9 wp-has-aspect-ratio\"><div class=\"wp-block-embed__wrapper\">\nhttps:\/\/youtu.be\/PCUXPreUBWU\n<\/div><\/figure>\n\n\n\n<div style=\"height:45px\" aria-hidden=\"true\" class=\"wp-block-spacer\"><\/div>\n\n\n\n<hr class=\"wp-block-separator has-text-color has-background is-style-wide\" style=\"background-color:#1b2c31;color:#1b2c31\"\/>\n\n\n\n<h2 class=\"wp-block-heading\">Pour poursuivre la visite<\/h2>\n\n\n\n<p>Site web de Deborah Bowman : <a href=\"https:\/\/deborahbowman1.wixsite.com\/expo\">https:\/\/deborahbowman1.wixsite.com\/expo<\/a><\/p>\n\n\n\n<p>Deborah Bowman, \u00ab&nbsp;Le refuge de montagne : Figure de r\u00e9sistance, espace d\u2019immersion, h\u00e9t\u00e9rotopie dans les bois&nbsp;\u00bb, <em>Recherches &amp; Educations<\/em>. DOI&nbsp;: <a href=\"https:\/\/journals.openedition.org\/rechercheseducations\/9158\">https:\/\/journals.openedition.org\/rechercheseducations\/9158<\/a><\/p>\n\n\n\n<p><em>Eau Botanique<\/em>, vid\u00e9o documentaire (15:02) : <a href=\"https:\/\/youtu.be\/PCUXPreUBWU\">https:\/\/youtu.be\/PCUXPreUBWU<\/a><em>Eau Botanique \/ Botanical Water Trailer, <\/em>clip vid\u00e9o (2:57)&nbsp;: <a href=\"https:\/\/youtu.be\/4mq74Eq0hIs\">https:\/\/youtu.be\/4mq74Eq0hIs<\/a><\/p>\n\n\n\n<p>Deborah Bowman, \u00ab&nbsp;Urban Trek, la randonn\u00e9e artistique urbaine&nbsp;\u00bb, <em>Figures de l\u2019Art&nbsp;<\/em>: <a href=\"http:\/\/www.vrin.fr\/collection.php?code=396\">http:\/\/www.vrin.fr\/collection.php?code=396<\/a><\/p>\n\n\n\n<p>Deborah Bowman, \u00ab Ferns \u00bb, <em>The \u201821 Lunar Calendar, <\/em>Luna Press: <a href=\"https:\/\/www.thelunapress.com\/\">https:\/\/www.thelunapress.com\/<\/a><\/p>\n\n\n\n<p>Le <a href=\"https:\/\/www.projetcoal.org\/coal\/\">projet COAL<\/a> mobilise les artistes et les acteur\u00b7rices culturel\u00b7les de l\u2019art \u00e9cologique en collaboration avec les institutions, les collectivit\u00e9s, les ONG, les scientifiques et les entreprises. COAL est \u00e0 l\u2019origine d\u2019expositions, d\u2019\u00e9v\u00e9nements et remet un prix annuel.<\/p>\n\n\n\n<p><a href=\"https:\/\/plastik.univ-paris1.fr\/la-pratique-de-lart-ecologique\/\">Sacha Kagan, La pratique de l\u2019art \u00e9cologique, <em>Plastik <\/em>Nr 04 . 15 f\u00e9vrier 2014.<\/a><\/p>\n\n\n\n<p><a href=\"https:\/\/www.academia.edu\/13106942\/Digital_eco_art_transformative_possibilities\" data-type=\"URL\" data-id=\"https:\/\/www.academia.edu\/13106942\/Digital_eco_art_transformative_possibilities\">Laura Lee Coles &amp; Philippe Pasquier (2015) Digital eco-art: transformative possibilities, Digital Creativity, 26:1, 3-15, DOI: 10.1080\/14626268.2015.998683.<\/a><\/p>\n\n\n\n<p><a href=\"http:\/\/www.projetcoal.org\/coal\/wp-content\/uploads\/2011\/07\/ETUDE_COAL_2011_PARTIE1.pdf\">COAL (Coalition pour l\u2019art et le d\u00e9veloppement durable), ART, \u00c9COLOGIE ET D\u00c9VELOPPEMENT DURABLE, ETATS DES LIEUX INTERNATIONAL DES INITIATIVES (PREMI\u00c8RE PARTIE), ETUDE R\u00c9ALIS\u00c9E PAR COAL JANVIER &#8211; MARS 2011<\/a><\/p>\n\n\n\n<p><a href=\"https:\/\/www.cairn-int.info\/article-E_NSS_204_0437--ecological-art-a-mediation-agent-in.htm#\" data-type=\"URL\" data-id=\"https:\/\/www.cairn-int.info\/article-E_NSS_204_0437--ecological-art-a-mediation-agent-in.htm#\">Clavel Joanne, \u00ab L&rsquo;art \u00e9cologique : une forme de m\u00e9diation des sciences de la conservation ? \u00bb, <em>Natures Sciences Soci\u00e9t\u00e9s<\/em>, 2012\/4 (Vol. 20), p. 437-447. DOI : 10.1051\/nss\/2012044.<\/a><\/p>\n\n\n\n<p><a href=\"https:\/\/www.academia.edu\/5378329\/TO_LIFE_Eco_Art_in_Pursuit_of_a_Sustainable_Planet\">Linda Weintraubn, TO LIFE! Eco Art in Pursuit of a Sustainable Planet, Artist, curator, and lecturer at the New School, NYC. She is author of TO LIFE! Eco Art In Pursuit of a Sustainable Planet.<\/a><\/p>\n","protected":false},"excerpt":{"rendered":"<p>Art et sensibilisation \u00e9cologique \u00c0 la fois courant artistique et moyen de sensibilisation, l\u2019art \u00e9cologique r\u00e9unit des scientifiques et des artistes autour d\u2019un objectif commun : la protection et la conservation de la nature. Inspir\u00e9 de la \u00ab&nbsp;Meat Dress&nbsp;\u00bb de Jana Sterback qui d\u00e9non\u00e7ait l&rsquo;id\u00e9e de consid\u00e9rer les femmes comme du b\u00e9tail dans l\u2019industrie de &hellip;<\/p>\n<p class=\"read-more\"> <a class=\"\" href=\"https:\/\/www.lenquetedessens.dealersdescience.com\/index.php\/exposition-numerique-art-et-sensibilisation-ecologique\/\"> <span class=\"screen-reader-text\">Art et sensibilisation \u00e9cologique<\/span> Lire la suite\u00a0\u00bb<\/a><\/p>\n","protected":false},"author":16,"featured_media":2429,"parent":0,"menu_order":0,"comment_status":"closed","ping_status":"closed","template":"","meta":{"site-sidebar-layout":"default","site-content-layout":"default","ast-main-header-display":"","ast-hfb-above-header-display":"","ast-hfb-below-header-display":"","ast-hfb-mobile-header-display":"","site-post-title":"","ast-breadcrumbs-content":"","ast-featured-img":"","footer-sml-layout":"","theme-transparent-header-meta":"default","adv-header-id-meta":"","stick-header-meta":"","header-above-stick-meta":"","header-main-stick-meta":"","header-below-stick-meta":"","footnotes":""},"class_list":["post-604","page","type-page","status-publish","has-post-thumbnail","hentry"],"_links":{"self":[{"href":"https:\/\/www.lenquetedessens.dealersdescience.com\/index.php\/wp-json\/wp\/v2\/pages\/604","targetHints":{"allow":["GET"]}}],"collection":[{"href":"https:\/\/www.lenquetedessens.dealersdescience.com\/index.php\/wp-json\/wp\/v2\/pages"}],"about":[{"href":"https:\/\/www.lenquetedessens.dealersdescience.com\/index.php\/wp-json\/wp\/v2\/types\/page"}],"author":[{"embeddable":true,"href":"https:\/\/www.lenquetedessens.dealersdescience.com\/index.php\/wp-json\/wp\/v2\/users\/16"}],"replies":[{"embeddable":true,"href":"https:\/\/www.lenquetedessens.dealersdescience.com\/index.php\/wp-json\/wp\/v2\/comments?post=604"}],"version-history":[{"count":81,"href":"https:\/\/www.lenquetedessens.dealersdescience.com\/index.php\/wp-json\/wp\/v2\/pages\/604\/revisions"}],"predecessor-version":[{"id":6091,"href":"https:\/\/www.lenquetedessens.dealersdescience.com\/index.php\/wp-json\/wp\/v2\/pages\/604\/revisions\/6091"}],"wp:featuredmedia":[{"embeddable":true,"href":"https:\/\/www.lenquetedessens.dealersdescience.com\/index.php\/wp-json\/wp\/v2\/media\/2429"}],"wp:attachment":[{"href":"https:\/\/www.lenquetedessens.dealersdescience.com\/index.php\/wp-json\/wp\/v2\/media?parent=604"}],"curies":[{"name":"wp","href":"https:\/\/api.w.org\/{rel}","templated":true}]}}