{"id":71,"date":"2021-01-18T15:47:48","date_gmt":"2021-01-18T14:47:48","guid":{"rendered":"http:\/\/www.lenquetedessens.dealersdescience.com\/?page_id=71"},"modified":"2021-01-20T12:19:19","modified_gmt":"2021-01-20T11:19:19","slug":"journal","status":"publish","type":"page","link":"https:\/\/www.lenquetedessens.dealersdescience.com\/index.php\/journal\/","title":{"rendered":"Journal"},"content":{"rendered":"\n<div class=\"wp-block-cover alignfull\" style=\"background-image:url(https:\/\/www.lenquetedessens.dealersdescience.com\/wp-content\/uploads\/2021\/01\/banniere_generale-scaled.jpg)\"><div class=\"wp-block-cover__inner-container is-layout-flow wp-block-cover-is-layout-flow\">\n<h1 class=\"has-text-align-center wp-block-heading\"><\/h1>\n\n\n\n<h3 class=\"has-text-align-center wp-block-heading\"><\/h3>\n<\/div><\/div>\n\n\n\n<div style=\"height:45px\" aria-hidden=\"true\" class=\"wp-block-spacer\"><\/div>\n\n\n\n<h1 class=\"has-text-align-center has-text-color wp-block-heading\" style=\"color:#1b2c31\">Journal num\u00e9rique<\/h1>\n\n\n\n<h2 class=\"has-text-align-center has-text-color wp-block-heading\" style=\"color:#0a4bc1\">Sensationnel<\/h2>\n\n\n\n<h3 class=\"has-text-align-center has-text-color wp-block-heading\" style=\"color:#e09e2e\">Un journal accompagn\u00e9 de reportages photo<\/h3>\n\n\n\n<div style=\"height:45px\" aria-hidden=\"true\" class=\"wp-block-spacer\"><\/div>\n\n\n\n<p>Chaque ann\u00e9e, les \u00e9tudiant\u00b7es du master M\u00e9diation des sciences et l\u2019association Dealers de Sciences organisent une semaine de culture scientifique et technique \u00e0 Bordeaux. Un exercice p\u00e9dagogique autour d\u2019une grande th\u00e9matique impliquant toute une promotion, et qui se concr\u00e9tise par la rencontre avec des publics. Le journal, aboutissement de la formation aux pratiques de la r\u00e9daction et du journalisme scientifiques, accompagne l\u2019\u00e9v\u00e9nement en proposant des contenus in\u00e9dits et compl\u00e9mentaires.<\/p>\n\n\n\n<p>Pour cette cinqui\u00e8me \u00e9dition, se d\u00e9roulant dans des conditions particuli\u00e8res en raison de la pand\u00e9mie de Covid-19, la th\u00e9matique de \u00ab&nbsp;L\u2019Enqu\u00eate des Sens&nbsp;\u00bb r\u00e9affirme l\u2019ouverture pluridisciplinaire de l\u2019\u00e9v\u00e9nement. Elle nous invite \u00e0 explorer la polys\u00e9mie du mot sens puisque ce sont aussi bien les sens de la perception qui seront abord\u00e9s, que les significations dans le langage, ou le sens des activit\u00e9s humaines.<\/p>\n\n\n\n<p>Dans ces pages, les \u00e9tudiant\u00b7es ont choisi de se pencher plus particuli\u00e8rement sur la perception. I\u00b7elles se sont adress\u00e9\u00b7es \u00e0 des sp\u00e9cialistes de nombreuses disciplines de recherche. La premi\u00e8re partie est consacr\u00e9e \u00e0 la compr\u00e9hension des sens physiologiques connus en compagnie de sp\u00e9cialistes de la psychologie, des neurosciences, de l\u2019ophtalmologie\u2026 Une seconde partie consacr\u00e9e \u00e0 la perte et \u00e0 l\u2019alt\u00e9ration des sens aborde la diversit\u00e9 des sensorialit\u00e9s, leurs sp\u00e9cificit\u00e9s et leurs limites. C\u2019est enfin la place du sensible dans la culture qui vient conclure le journal avec notamment l\u2019\u00e9tude des perceptions en ethnologie, l\u2019histoire de l\u2019alimentation, et les sens au carrefour des cr\u00e9ations arts et sciences.<\/p>\n\n\n\n<p class=\"has-text-align-right\">Boris URBAS<\/p>\n\n\n<ul class=\"wp-block-latest-posts__list is-grid columns-3 aligncenter wp-block-latest-posts\"><li><div class=\"wp-block-latest-posts__featured-image aligncenter\"><a href=\"https:\/\/www.lenquetedessens.dealersdescience.com\/index.php\/2020\/10\/01\/focus-sur-la-vision\/\" aria-label=\"Focus sur la vision\"><img decoding=\"async\" width=\"150\" height=\"150\" src=\"https:\/\/www.lenquetedessens.dealersdescience.com\/wp-content\/uploads\/2021\/01\/CNRS_20170008_0104-1-150x150.jpg\" class=\"attachment-thumbnail size-thumbnail wp-post-image\" alt=\"Serge Picaud et deux de ses collaborateurs, dans un laboratoire de recherche. Ils sont en train de parler, d&#039;examiner des r\u00e9sultats devant un ordinateur et un microscope.\" style=\"\" \/><\/a><\/div><a class=\"wp-block-latest-posts__post-title\" href=\"https:\/\/www.lenquetedessens.dealersdescience.com\/index.php\/2020\/10\/01\/focus-sur-la-vision\/\">Focus sur la vision<\/a><\/li>\n<li><div class=\"wp-block-latest-posts__featured-image aligncenter\"><a href=\"https:\/\/www.lenquetedessens.dealersdescience.com\/index.php\/2020\/10\/02\/le-toucher-un-sens-interdit\/\" aria-label=\"Le toucher, un sens interdit ?\"><img decoding=\"async\" width=\"150\" height=\"150\" src=\"https:\/\/www.lenquetedessens.dealersdescience.com\/wp-content\/uploads\/2021\/01\/marco-bianchetti-vzFTmxTl0DQ-unsplash-150x150.jpg\" class=\"attachment-thumbnail size-thumbnail wp-post-image\" alt=\"Deux figurines en bois qui s&#039;enlacent. \u00ab Si les besoins pouvaient parler, il diraient \u00e0 celui qui les porte \u00ab ne me jette pas dans les bras de n\u2019importe qui, respecte-moi, \u00e9coute-moi avant. \u00bb \u00bb Citation de Jacques Salom\u00e9, choisie par Amel Bengrine-Joret pour illustrer ses propos.\" style=\"\" \/><\/a><\/div><a class=\"wp-block-latest-posts__post-title\" href=\"https:\/\/www.lenquetedessens.dealersdescience.com\/index.php\/2020\/10\/02\/le-toucher-un-sens-interdit\/\">Le toucher, un sens interdit ?<\/a><\/li>\n<li><div class=\"wp-block-latest-posts__featured-image aligncenter\"><a href=\"https:\/\/www.lenquetedessens.dealersdescience.com\/index.php\/2020\/10\/03\/les-serrures-de-lodorat\/\" aria-label=\"Les serrures de l&rsquo;odorat\"><img decoding=\"async\" width=\"150\" height=\"150\" src=\"https:\/\/www.lenquetedessens.dealersdescience.com\/wp-content\/uploads\/2021\/01\/DSCF8174_Atelier-150x150.jpg\" class=\"attachment-thumbnail size-thumbnail wp-post-image\" alt=\"\" style=\"\" \/><\/a><\/div><a class=\"wp-block-latest-posts__post-title\" href=\"https:\/\/www.lenquetedessens.dealersdescience.com\/index.php\/2020\/10\/03\/les-serrures-de-lodorat\/\">Les serrures de l&rsquo;odorat<\/a><\/li>\n<li><div class=\"wp-block-latest-posts__featured-image aligncenter\"><a href=\"https:\/\/www.lenquetedessens.dealersdescience.com\/index.php\/2020\/10\/04\/des-petites-betes-qui-sentent-fort\/\" aria-label=\"Des petites b\u00eates qui sentent fort\"><img decoding=\"async\" width=\"150\" height=\"150\" src=\"https:\/\/www.lenquetedessens.dealersdescience.com\/wp-content\/uploads\/2021\/01\/forget-me-not-hoverfly-fly-257176-150x150.jpg\" class=\"attachment-thumbnail size-thumbnail wp-post-image\" alt=\"forget me not, hoverfly, fly\" style=\"\" \/><\/a><\/div><a class=\"wp-block-latest-posts__post-title\" href=\"https:\/\/www.lenquetedessens.dealersdescience.com\/index.php\/2020\/10\/04\/des-petites-betes-qui-sentent-fort\/\">Des petites b\u00eates qui sentent fort<\/a><\/li>\n<li><div class=\"wp-block-latest-posts__featured-image aligncenter\"><a href=\"https:\/\/www.lenquetedessens.dealersdescience.com\/index.php\/2020\/10\/05\/septieme-sens\/\" aria-label=\"Septi\u00e8me sens\"><img decoding=\"async\" width=\"150\" height=\"150\" src=\"https:\/\/www.lenquetedessens.dealersdescience.com\/wp-content\/uploads\/2021\/01\/Illustration-tasse-1-150x150.png\" class=\"attachment-thumbnail size-thumbnail wp-post-image\" alt=\"Photo d&#039;une patiente priv\u00e9e de proprioception qui tient une tasse. Cette patiente est assise dans un fauteuil roulant, elle a des cheveux gris et courts et des lunettes rectangulaires noires. Elle est v\u00eatue d&#039;un T-shirt gris clair recouvert d&#039;un gilet gris et noir. Elle poss\u00e8de \u00e9galement un sac bleu clair en bandouli\u00e8re. Elle se trouve en ext\u00e9rieur \u00e0 une table sur une terrasse, on aper\u00e7oit un b\u00e2timent avec de grandes fen\u00eatres dans le fond. Elle tient une tasse de caf\u00e9 en carton marron dans la main droite le bras tendu, cette tasse est couverte par un couvercle en plastique blanc. La photo est s\u00e9par\u00e9e en deux moiti\u00e9s droite et gauche. \u00c0 gauche elle maintient sa tasse bien droite et elle la regarde, sa main se situe une trentaine de centim\u00e8tres au dessus de la table. \u00c0 droite elle ferme les yeux, son bras s&#039;est abaiss\u00e9 et sa main fr\u00f4le presque la table, la tasse penche vers la droite et est presque \u00e0 l&#039;horizontale.\" style=\"\" \/><\/a><\/div><a class=\"wp-block-latest-posts__post-title\" href=\"https:\/\/www.lenquetedessens.dealersdescience.com\/index.php\/2020\/10\/05\/septieme-sens\/\">Septi\u00e8me sens<\/a><\/li>\n<li><div class=\"wp-block-latest-posts__featured-image aligncenter\"><a href=\"https:\/\/www.lenquetedessens.dealersdescience.com\/index.php\/2020\/10\/06\/les-super-sens-des-non-voyant-es\/\" aria-label=\"Les super sens des non-voyant\u00b7es\"><img decoding=\"async\" width=\"150\" height=\"150\" src=\"https:\/\/www.lenquetedessens.dealersdescience.com\/wp-content\/uploads\/2020\/12\/Photo-article-Heloise-150x150.png\" class=\"attachment-thumbnail size-thumbnail wp-post-image\" alt=\"Photo avec 4 cerveaux vue de diff\u00e9rents angles. Dans chacun d&#039;entre eux une zone est repr\u00e9sent\u00e9 de nuance de couleur vive.\" style=\"\" \/><\/a><\/div><a class=\"wp-block-latest-posts__post-title\" href=\"https:\/\/www.lenquetedessens.dealersdescience.com\/index.php\/2020\/10\/06\/les-super-sens-des-non-voyant-es\/\">Les super sens des non-voyant\u00b7es<\/a><\/li>\n<li><div class=\"wp-block-latest-posts__featured-image aligncenter\"><a href=\"https:\/\/www.lenquetedessens.dealersdescience.com\/index.php\/2020\/11\/01\/pas-si-betes-les-jeux-video\/\" aria-label=\"Pas si b\u00eates, les jeux vid\u00e9o\"><img decoding=\"async\" width=\"150\" height=\"150\" src=\"https:\/\/www.lenquetedessens.dealersdescience.com\/wp-content\/uploads\/2020\/12\/photoEnfantEcran-150x150.jpg\" class=\"attachment-thumbnail size-thumbnail wp-post-image\" alt=\"Dans le noir, un petit gar\u00e7on en bas \u00e2ge est assis entre ses parents dans leur lit. Il y a tr\u00e8s peu de lumi\u00e8re mais le petit gar\u00e7on a le visage \u00e9clair\u00e9 par la lumi\u00e8re de son ordinateur portable qu&#039;il regarde tr\u00e8s attentivement. Il est tellement concentr\u00e9 qu&#039;il en garde la bouche entrouverte.\" style=\"\" \/><\/a><\/div><a class=\"wp-block-latest-posts__post-title\" href=\"https:\/\/www.lenquetedessens.dealersdescience.com\/index.php\/2020\/11\/01\/pas-si-betes-les-jeux-video\/\">Pas si b\u00eates, les jeux vid\u00e9o<\/a><\/li>\n<li><div class=\"wp-block-latest-posts__featured-image aligncenter\"><a href=\"https:\/\/www.lenquetedessens.dealersdescience.com\/index.php\/2020\/11\/02\/une-autre-facon-de-naitre-au-monde\/\" aria-label=\"Une autre fa\u00e7on de na\u00eetre au monde\"><img decoding=\"async\" width=\"150\" height=\"150\" src=\"https:\/\/www.lenquetedessens.dealersdescience.com\/wp-content\/uploads\/2021\/01\/ears-2545756_1920-150x150.jpg\" class=\"attachment-thumbnail size-thumbnail wp-post-image\" alt=\"En gros plan, un doigt s&#039;approche d&#039;une oreille d&#039;enfant. La lumi\u00e8re fait ressortir le duvet de la peau.\" style=\"\" \/><\/a><\/div><a class=\"wp-block-latest-posts__post-title\" href=\"https:\/\/www.lenquetedessens.dealersdescience.com\/index.php\/2020\/11\/02\/une-autre-facon-de-naitre-au-monde\/\">Une autre fa\u00e7on de na\u00eetre au monde<\/a><\/li>\n<li><div class=\"wp-block-latest-posts__featured-image aligncenter\"><a href=\"https:\/\/www.lenquetedessens.dealersdescience.com\/index.php\/2020\/11\/04\/des-maux-fantomes\/\" aria-label=\"Des maux fant\u00f4mes\"><img decoding=\"async\" width=\"150\" height=\"150\" src=\"https:\/\/www.lenquetedessens.dealersdescience.com\/wp-content\/uploads\/2020\/12\/images-150x150.jpg\" class=\"attachment-thumbnail size-thumbnail wp-post-image\" alt=\"Un homme amput\u00e9 du bras droit. On ne voit que son bras avec le dispositif invent\u00e9 par l&#039;\u00e9quipe de chercheur\u00b7es. \u00c7a ressemble \u00e0 un bracelet blanc reli\u00e9 \u00e0 de nombreux fils et un deuxi\u00e8me bracelet \u00e9pais noir au dessus. On aper\u00e7oit sa bouche et il porte comme un foulard rouge.\" style=\"\" \/><\/a><\/div><a class=\"wp-block-latest-posts__post-title\" href=\"https:\/\/www.lenquetedessens.dealersdescience.com\/index.php\/2020\/11\/04\/des-maux-fantomes\/\">Des maux fant\u00f4mes<\/a><\/li>\n<li><div class=\"wp-block-latest-posts__featured-image aligncenter\"><a href=\"https:\/\/www.lenquetedessens.dealersdescience.com\/index.php\/2020\/11\/05\/lodeur-seche-du-sahara\/\" aria-label=\"L&rsquo;odeur s\u00e8che du Sahara\"><img decoding=\"async\" width=\"150\" height=\"150\" src=\"https:\/\/www.lenquetedessens.dealersdescience.com\/wp-content\/uploads\/2020\/12\/paysage-150x150.jpg\" class=\"attachment-thumbnail size-thumbnail wp-post-image\" alt=\"Photo de d\u00e9sert rocheux du Magreb, paysage dans lequel Marie-Luce G\u00e9lard travaille.\" style=\"\" \/><\/a><\/div><a class=\"wp-block-latest-posts__post-title\" href=\"https:\/\/www.lenquetedessens.dealersdescience.com\/index.php\/2020\/11\/05\/lodeur-seche-du-sahara\/\">L&rsquo;odeur s\u00e8che du Sahara<\/a><\/li>\n<li><div class=\"wp-block-latest-posts__featured-image aligncenter\"><a href=\"https:\/\/www.lenquetedessens.dealersdescience.com\/index.php\/2020\/11\/06\/vision-de-la-cecite-en-serie\/\" aria-label=\"C\u00e9cit\u00e9 en s\u00e9rie\"><img decoding=\"async\" width=\"150\" height=\"150\" src=\"https:\/\/www.lenquetedessens.dealersdescience.com\/wp-content\/uploads\/2021\/01\/Photogr-ETh-150x150.jpg\" class=\"attachment-thumbnail size-thumbnail wp-post-image\" alt=\"Photographie d&#039;\u00c9tienne Th\u00e9venin\" style=\"\" \/><\/a><\/div><a class=\"wp-block-latest-posts__post-title\" href=\"https:\/\/www.lenquetedessens.dealersdescience.com\/index.php\/2020\/11\/06\/vision-de-la-cecite-en-serie\/\">C\u00e9cit\u00e9 en s\u00e9rie<\/a><\/li>\n<li><div class=\"wp-block-latest-posts__featured-image aligncenter\"><a href=\"https:\/\/www.lenquetedessens.dealersdescience.com\/index.php\/2020\/11\/07\/arts-et-sens\/\" aria-label=\"Arts et sens\"><img decoding=\"async\" width=\"150\" height=\"150\" src=\"https:\/\/www.lenquetedessens.dealersdescience.com\/wp-content\/uploads\/2021\/01\/91786047_205276117555948_7543233091821633536_n-150x150.jpg\" class=\"attachment-thumbnail size-thumbnail wp-post-image\" alt=\"Repr\u00e9sentation du spectacle Corps Intelligent_Corps sensibles. Les danseur\u00b7ses sont align\u00e9\u00b7es dans des positions diff\u00e9rentes.\" style=\"\" \/><\/a><\/div><a class=\"wp-block-latest-posts__post-title\" href=\"https:\/\/www.lenquetedessens.dealersdescience.com\/index.php\/2020\/11\/07\/arts-et-sens\/\">Arts et sens<\/a><\/li>\n<li><div class=\"wp-block-latest-posts__featured-image aligncenter\"><a href=\"https:\/\/www.lenquetedessens.dealersdescience.com\/index.php\/2020\/11\/08\/les-echos-de-la-memoire\/\" aria-label=\"Les \u00e9chos de la m\u00e9moire\"><img decoding=\"async\" width=\"150\" height=\"150\" src=\"https:\/\/www.lenquetedessens.dealersdescience.com\/wp-content\/uploads\/2021\/01\/Image-par-ElisaRiva-de-Pixabay-150x150.jpg\" class=\"attachment-thumbnail size-thumbnail wp-post-image\" alt=\"L&#039;image repr\u00e9sente un cerveau dessin\u00e9 vu du dessus. Ses deux h\u00e9misph\u00e8res sont s\u00e9par\u00e9s l&#039;un de l&#039;autre. Du c\u00f4t\u00e9 gauche, on trouve un enchev\u00eatrement de chiffres, de lettres, de formules math\u00e9matiques et de figures g\u00e9om\u00e9triques et scientifiques, qui symbolisent l&#039;esprit scientifique. Le c\u00f4t\u00e9 droit, quant \u00e0 lui, pr\u00e9sente des t\u00e2ches de couleur de toutes formes, comme de la peinture jet\u00e9e sur cet h\u00e9misph\u00e8re. Cela repr\u00e9sente la cr\u00e9ativit\u00e9, l&#039;inventivit\u00e9, le c\u00f4t\u00e9 artistique du cerveau.\" style=\"\" \/><\/a><\/div><a class=\"wp-block-latest-posts__post-title\" href=\"https:\/\/www.lenquetedessens.dealersdescience.com\/index.php\/2020\/11\/08\/les-echos-de-la-memoire\/\">Les \u00e9chos de la m\u00e9moire<\/a><\/li>\n<li><div class=\"wp-block-latest-posts__featured-image aligncenter\"><a href=\"https:\/\/www.lenquetedessens.dealersdescience.com\/index.php\/2020\/11\/09\/le-corps-mis-en-tord\/\" aria-label=\"Le corps mis en tort\"><img decoding=\"async\" width=\"150\" height=\"150\" src=\"https:\/\/www.lenquetedessens.dealersdescience.com\/wp-content\/uploads\/2020\/12\/Parfums_des_femmes_de_France_...Pal_1855-1942_btv1b9016416p_1-150x150.jpeg\" class=\"attachment-thumbnail size-thumbnail wp-post-image\" alt=\"Biblioth\u00e8que nationale de France\" style=\"\" \/><\/a><\/div><a class=\"wp-block-latest-posts__post-title\" href=\"https:\/\/www.lenquetedessens.dealersdescience.com\/index.php\/2020\/11\/09\/le-corps-mis-en-tord\/\">Le corps mis en tort<\/a><\/li>\n<li><div class=\"wp-block-latest-posts__featured-image aligncenter\"><a href=\"https:\/\/www.lenquetedessens.dealersdescience.com\/index.php\/2020\/11\/10\/un-roquefort-rouge-et-sec\/\" aria-label=\"Un roquefort rouge et sec\"><img decoding=\"async\" width=\"150\" height=\"150\" src=\"https:\/\/www.lenquetedessens.dealersdescience.com\/wp-content\/uploads\/2020\/12\/photo-article-150x150.jpg\" class=\"attachment-thumbnail size-thumbnail wp-post-image\" alt=\"Deux bouts de roquefort\" style=\"\" \/><\/a><\/div><a class=\"wp-block-latest-posts__post-title\" href=\"https:\/\/www.lenquetedessens.dealersdescience.com\/index.php\/2020\/11\/10\/un-roquefort-rouge-et-sec\/\">Un roquefort rouge et sec<\/a><\/li>\n<li><div class=\"wp-block-latest-posts__featured-image aligncenter\"><a href=\"https:\/\/www.lenquetedessens.dealersdescience.com\/index.php\/2021\/04\/05\/la-bonne-entente\/\" aria-label=\"La bonne entente\"><img decoding=\"async\" width=\"150\" height=\"150\" src=\"https:\/\/www.lenquetedessens.dealersdescience.com\/wp-content\/uploads\/2020\/12\/paysage-150x150.jpg\" class=\"attachment-thumbnail size-thumbnail wp-post-image\" alt=\"Photo de d\u00e9sert rocheux du Magreb, paysage dans lequel Marie-Luce G\u00e9lard travaille.\" style=\"\" \/><\/a><\/div><a class=\"wp-block-latest-posts__post-title\" href=\"https:\/\/www.lenquetedessens.dealersdescience.com\/index.php\/2021\/04\/05\/la-bonne-entente\/\">La bonne entente<\/a><\/li>\n<\/ul>\n\n\n<div style=\"height:45px\" aria-hidden=\"true\" class=\"wp-block-spacer\"><\/div>\n\n\n\n<p>Pour la premi\u00e8re fois, cette ann\u00e9e, les reportages photographiques propos\u00e9s par les \u00e9tudiant\u00b7es du master M\u00e9diation des sciences ne seront pas en lien direct avec les articles du journal. Toujours sur la th\u00e9matique sensorielle, ils en offrent une vision plus personnelle : celle des \u00e9tudiant\u00b7es. <\/p>\n\n\n\n<p>Confin\u00e9\u00b7es pendant la capture de ces moments de vie, les moyens utilis\u00e9s pour la r\u00e9alisation des reportages n&rsquo;\u00e9taient pas \u00e9quivalents. Si certain\u00b7es avaient acc\u00e8s \u00e0 du mat\u00e9riel de plus haute qualit\u00e9, tous et toutes ont choisi de vous montrer une part plus intime de <em>L&rsquo;Enqu\u00eate des sens<\/em>, et ce, toujours avec la m\u00eame implication. <\/p>\n\n\n\n<p>Perte de sensations, recherche de libert\u00e9, sentiment de solitude se m\u00ealent \u00e0 l&rsquo;envie de d\u00e9couverte, l&rsquo;\u00e9bullition des sens et le capharna\u00fcm d&rsquo;\u00e9motions. \u00c0 mi-chemin entre ressenti personnel et projet p\u00e9dagogique, ces quelques photos s&rsquo;illustrent par leur approche plus introspective de la th\u00e9matique. Une plong\u00e9e en images au c\u0153ur de 17 sensibilit\u00e9s, toutes aussi atypiques les unes que les autres. <\/p>\n\n\n\n<p>Les cr\u00e9dits reviennent \u00e0 l&rsquo;auteur\u00b7rice de chaque reportage.<\/p>\n\n\n<ul class=\"wp-block-latest-posts__list is-grid columns-3 aligncenter wp-block-latest-posts\"><li><div class=\"wp-block-latest-posts__featured-image aligncenter\"><a href=\"https:\/\/www.lenquetedessens.dealersdescience.com\/index.php\/2020\/11\/23\/reportage-photos-aksel-tourte\/\" aria-label=\"Aksel : 50 nuances de contrastes\"><img decoding=\"async\" width=\"150\" height=\"150\" src=\"https:\/\/www.lenquetedessens.dealersdescience.com\/wp-content\/uploads\/2021\/01\/001-150x150.jpg\" class=\"attachment-thumbnail size-thumbnail wp-post-image\" alt=\"La photo est prise contre le mur blanc. Dans celui-ci se refl\u00e8tent les lueurs bleues, vertes et rouges de la guirlande qui court le long de celui-ci en remontant vers le haut de la photo.\" style=\"\" \/><\/a><\/div><a class=\"wp-block-latest-posts__post-title\" href=\"https:\/\/www.lenquetedessens.dealersdescience.com\/index.php\/2020\/11\/23\/reportage-photos-aksel-tourte\/\">Aksel : 50 nuances de contrastes<\/a><\/li>\n<li><div class=\"wp-block-latest-posts__featured-image aligncenter\"><a href=\"https:\/\/www.lenquetedessens.dealersdescience.com\/index.php\/2020\/11\/23\/dehors\/\" aria-label=\"Ana : dehors\"><img decoding=\"async\" width=\"150\" height=\"150\" src=\"https:\/\/www.lenquetedessens.dealersdescience.com\/wp-content\/uploads\/2021\/01\/500-2-150x150.jpg\" class=\"attachment-thumbnail size-thumbnail wp-post-image\" alt=\"Photographie d&#039;un banc vide face \u00e0 l&#039;oc\u00e9an.\" style=\"\" \/><\/a><\/div><a class=\"wp-block-latest-posts__post-title\" href=\"https:\/\/www.lenquetedessens.dealersdescience.com\/index.php\/2020\/11\/23\/dehors\/\">Ana : dehors<\/a><\/li>\n<li><div class=\"wp-block-latest-posts__featured-image aligncenter\"><a href=\"https:\/\/www.lenquetedessens.dealersdescience.com\/index.php\/2020\/11\/23\/privee-de-lumiere\/\" aria-label=\"Aurore : priv\u00e9e de lumi\u00e8re\"><img decoding=\"async\" width=\"150\" height=\"150\" src=\"https:\/\/www.lenquetedessens.dealersdescience.com\/wp-content\/uploads\/2020\/11\/1-150x150.jpg\" class=\"attachment-thumbnail size-thumbnail wp-post-image\" alt=\"Photo d&#039;une ampoule vue de pr\u00e8s.\" style=\"\" \/><\/a><\/div><a class=\"wp-block-latest-posts__post-title\" href=\"https:\/\/www.lenquetedessens.dealersdescience.com\/index.php\/2020\/11\/23\/privee-de-lumiere\/\">Aurore : priv\u00e9e de lumi\u00e8re<\/a><\/li>\n<li><div class=\"wp-block-latest-posts__featured-image aligncenter\"><a href=\"https:\/\/www.lenquetedessens.dealersdescience.com\/index.php\/2020\/11\/23\/confinement-plus-rien-na-de-sens\/\" aria-label=\"Cl\u00e9mence : confinement, plus rien n&rsquo;a de sens\"><img decoding=\"async\" width=\"150\" height=\"150\" src=\"https:\/\/www.lenquetedessens.dealersdescience.com\/wp-content\/uploads\/2021\/01\/16-1-150x150.jpg\" class=\"attachment-thumbnail size-thumbnail wp-post-image\" alt=\"Une lampe de chevet avec une tr\u00e8s grosse ampoule poussi\u00e9reuse est allum\u00e9e. L&#039;image est en noir et blanc.\" style=\"\" \/><\/a><\/div><a class=\"wp-block-latest-posts__post-title\" href=\"https:\/\/www.lenquetedessens.dealersdescience.com\/index.php\/2020\/11\/23\/confinement-plus-rien-na-de-sens\/\">Cl\u00e9mence : confinement, plus rien n&rsquo;a de sens<\/a><\/li>\n<li><div class=\"wp-block-latest-posts__featured-image aligncenter\"><a href=\"https:\/\/www.lenquetedessens.dealersdescience.com\/index.php\/2020\/11\/23\/la-petite-evasion\/\" aria-label=\"Coline : la petite \u00e9vasion\"><img decoding=\"async\" width=\"150\" height=\"150\" src=\"https:\/\/www.lenquetedessens.dealersdescience.com\/wp-content\/uploads\/2021\/01\/3-4-150x150.jpg\" class=\"attachment-thumbnail size-thumbnail wp-post-image\" alt=\"La terre du sol d&#039;une foret, sur lequel repose une feuille recouverte de ros\u00e9e. Des petites pousses de plantes entourent cette feuille.\" style=\"\" \/><\/a><\/div><a class=\"wp-block-latest-posts__post-title\" href=\"https:\/\/www.lenquetedessens.dealersdescience.com\/index.php\/2020\/11\/23\/la-petite-evasion\/\">Coline : la petite \u00e9vasion<\/a><\/li>\n<li><div class=\"wp-block-latest-posts__featured-image aligncenter\"><a href=\"https:\/\/www.lenquetedessens.dealersdescience.com\/index.php\/2020\/11\/23\/balade-confinee\/\" aria-label=\"Gwendal : balade confin\u00e9e\"><img decoding=\"async\" width=\"150\" height=\"150\" src=\"https:\/\/www.lenquetedessens.dealersdescience.com\/wp-content\/uploads\/2021\/01\/GS_001-150x150.jpg\" class=\"attachment-thumbnail size-thumbnail wp-post-image\" alt=\"Sentier en terre bord\u00e9 d&#039;herbes.\" style=\"\" \/><\/a><\/div><a class=\"wp-block-latest-posts__post-title\" href=\"https:\/\/www.lenquetedessens.dealersdescience.com\/index.php\/2020\/11\/23\/balade-confinee\/\">Gwendal : balade confin\u00e9e<\/a><\/li>\n<li><div class=\"wp-block-latest-posts__featured-image aligncenter\"><a href=\"https:\/\/www.lenquetedessens.dealersdescience.com\/index.php\/2020\/11\/23\/vue-de-l-interieur\/\" aria-label=\"Johanna : vue de l&rsquo;int\u00e9rieur\"><img decoding=\"async\" width=\"150\" height=\"150\" src=\"https:\/\/www.lenquetedessens.dealersdescience.com\/wp-content\/uploads\/2021\/01\/2-Le-petit-dejeuner-2-150x150.jpg\" class=\"attachment-thumbnail size-thumbnail wp-post-image\" alt=\"Gros plan sur un petit d\u00e9jeuner. Il est pos\u00e9 sur une table marron clair. En haut, du jus d&#039;orange, au centre, un caf\u00e9, une cuill\u00e8re dans une tasse blanche. En bas, une chocolatine.\" style=\"\" \/><\/a><\/div><a class=\"wp-block-latest-posts__post-title\" href=\"https:\/\/www.lenquetedessens.dealersdescience.com\/index.php\/2020\/11\/23\/vue-de-l-interieur\/\">Johanna : vue de l&rsquo;int\u00e9rieur<\/a><\/li>\n<li><div class=\"wp-block-latest-posts__featured-image aligncenter\"><a href=\"https:\/\/www.lenquetedessens.dealersdescience.com\/index.php\/2020\/11\/23\/les-ecrans-dans-nos-vies\/\" aria-label=\"Justine : les \u00e9crans dans nos vies\"><img decoding=\"async\" width=\"150\" height=\"150\" src=\"https:\/\/www.lenquetedessens.dealersdescience.com\/wp-content\/uploads\/2021\/01\/200-150x150.jpg\" class=\"attachment-thumbnail size-thumbnail wp-post-image\" alt=\"Sur cette photo on peut voir en premier plan, un petit gar\u00e7on avec son doudou dans les bras, en train de jouer \u00e0 un jeu d&#039;action sur un t\u00e9l\u00e9phone portable. En arri\u00e8re-plan, la t\u00e9l\u00e9vision est allum\u00e9e et joue un film d&#039;animation qui ne semble pas int\u00e9resser le gar\u00e7on.\" style=\"\" \/><\/a><\/div><a class=\"wp-block-latest-posts__post-title\" href=\"https:\/\/www.lenquetedessens.dealersdescience.com\/index.php\/2020\/11\/23\/les-ecrans-dans-nos-vies\/\">Justine : les \u00e9crans dans nos vies<\/a><\/li>\n<li><div class=\"wp-block-latest-posts__featured-image aligncenter\"><a href=\"https:\/\/www.lenquetedessens.dealersdescience.com\/index.php\/2020\/11\/23\/faire-sensblant\/\" aria-label=\"Kimberly : faire sens(blant)\"><img decoding=\"async\" width=\"150\" height=\"150\" src=\"https:\/\/www.lenquetedessens.dealersdescience.com\/wp-content\/uploads\/2020\/11\/1.-Derriere-les-volets-150x150.jpg\" class=\"attachment-thumbnail size-thumbnail wp-post-image\" alt=\"\" style=\"\" \/><\/a><\/div><a class=\"wp-block-latest-posts__post-title\" href=\"https:\/\/www.lenquetedessens.dealersdescience.com\/index.php\/2020\/11\/23\/faire-sensblant\/\">Kimberly : faire sens(blant)<\/a><\/li>\n<li><div class=\"wp-block-latest-posts__featured-image aligncenter\"><a href=\"https:\/\/www.lenquetedessens.dealersdescience.com\/index.php\/2020\/11\/23\/arts-a-la-maison\/\" aria-label=\"Lina : arts \u00e0 la maison\"><img decoding=\"async\" width=\"150\" height=\"150\" src=\"https:\/\/www.lenquetedessens.dealersdescience.com\/wp-content\/uploads\/2021\/01\/25-150x150.jpg\" class=\"attachment-thumbnail size-thumbnail wp-post-image\" alt=\"Entre les branches du sapin, une d\u00e9coration faite main. Un bonhomme de neige peint sur une rondelle de bois.\" style=\"\" \/><\/a><\/div><a class=\"wp-block-latest-posts__post-title\" href=\"https:\/\/www.lenquetedessens.dealersdescience.com\/index.php\/2020\/11\/23\/arts-a-la-maison\/\">Lina : arts \u00e0 la maison<\/a><\/li>\n<li><div class=\"wp-block-latest-posts__featured-image aligncenter\"><a href=\"https:\/\/www.lenquetedessens.dealersdescience.com\/index.php\/2020\/11\/23\/a-travers-toi\/\" aria-label=\"Nathan : \u00e0 travers toi\"><img decoding=\"async\" width=\"150\" height=\"150\" src=\"https:\/\/www.lenquetedessens.dealersdescience.com\/wp-content\/uploads\/2021\/01\/re_1-150x150.jpg\" class=\"attachment-thumbnail size-thumbnail wp-post-image\" alt=\"Photographie de la fen\u00eatre de Nathan Florent avec des rideaux et la fen\u00eatre ferm\u00e9e.\" style=\"\" \/><\/a><\/div><a class=\"wp-block-latest-posts__post-title\" href=\"https:\/\/www.lenquetedessens.dealersdescience.com\/index.php\/2020\/11\/23\/a-travers-toi\/\">Nathan : \u00e0 travers toi<\/a><\/li>\n<li><div class=\"wp-block-latest-posts__featured-image aligncenter\"><a href=\"https:\/\/www.lenquetedessens.dealersdescience.com\/index.php\/2020\/11\/23\/blanquette-memorielle\/\" aria-label=\"N\u00e9ph\u00e9lie : blanquette m\u00e9morielle\"><img decoding=\"async\" width=\"150\" height=\"150\" src=\"https:\/\/www.lenquetedessens.dealersdescience.com\/wp-content\/uploads\/2021\/01\/19-150x150.jpg\" class=\"attachment-thumbnail size-thumbnail wp-post-image\" alt=\"Gros plan sur une fourchette dans une assiette de blanquette de veau\" style=\"\" \/><\/a><\/div><a class=\"wp-block-latest-posts__post-title\" href=\"https:\/\/www.lenquetedessens.dealersdescience.com\/index.php\/2020\/11\/23\/blanquette-memorielle\/\">N\u00e9ph\u00e9lie : blanquette m\u00e9morielle<\/a><\/li>\n<li><div class=\"wp-block-latest-posts__featured-image aligncenter\"><a href=\"https:\/\/www.lenquetedessens.dealersdescience.com\/index.php\/2020\/11\/23\/le-marche-un-instant-savoureux\/\" aria-label=\"No\u00eblle : le march\u00e9, un instant savoureux\"><img decoding=\"async\" width=\"150\" height=\"150\" src=\"https:\/\/www.lenquetedessens.dealersdescience.com\/wp-content\/uploads\/2021\/01\/1-3-150x150.jpg\" class=\"attachment-thumbnail size-thumbnail wp-post-image\" alt=\"4 citrouilles dans une cagette\" style=\"\" \/><\/a><\/div><a class=\"wp-block-latest-posts__post-title\" href=\"https:\/\/www.lenquetedessens.dealersdescience.com\/index.php\/2020\/11\/23\/le-marche-un-instant-savoureux\/\">No\u00eblle : le march\u00e9, un instant savoureux<\/a><\/li>\n<li><div class=\"wp-block-latest-posts__featured-image aligncenter\"><a href=\"https:\/\/www.lenquetedessens.dealersdescience.com\/index.php\/2020\/11\/23\/petites-choses-du-quotidien\/\" aria-label=\"Typhaine : petites choses du quotidien\"><img decoding=\"async\" width=\"150\" height=\"150\" src=\"https:\/\/www.lenquetedessens.dealersdescience.com\/wp-content\/uploads\/2021\/01\/sens-6-150x150.jpg\" class=\"attachment-thumbnail size-thumbnail wp-post-image\" alt=\"Dragon d\u00e9coratif sur une jardini\u00e8re o\u00f9 pousse du lierre.\" style=\"\" \/><\/a><\/div><a class=\"wp-block-latest-posts__post-title\" href=\"https:\/\/www.lenquetedessens.dealersdescience.com\/index.php\/2020\/11\/23\/petites-choses-du-quotidien\/\">Typhaine : petites choses du quotidien<\/a><\/li>\n<\/ul>\n\n\n<p><a href=\"https:\/\/www.lenquetedessens.dealersdescience.com\/index.php\/ours\/\" data-type=\"URL\" data-id=\"https:\/\/www.lenquetedessens.dealersdescience.com\/index.php\/ours\/\">Ours<\/a><\/p>\n","protected":false},"excerpt":{"rendered":"<p>Journal num\u00e9rique Sensationnel Un journal accompagn\u00e9 de reportages photo Chaque ann\u00e9e, les \u00e9tudiant\u00b7es du master M\u00e9diation des sciences et l\u2019association Dealers de Sciences organisent une semaine de culture scientifique et technique \u00e0 Bordeaux. Un exercice p\u00e9dagogique autour d\u2019une grande th\u00e9matique impliquant toute une promotion, et qui se concr\u00e9tise par la rencontre avec des publics. Le &hellip;<\/p>\n<p class=\"read-more\"> <a class=\"\" href=\"https:\/\/www.lenquetedessens.dealersdescience.com\/index.php\/journal\/\"> <span class=\"screen-reader-text\">Journal<\/span> Lire la suite\u00a0\u00bb<\/a><\/p>\n","protected":false},"author":14,"featured_media":5784,"parent":0,"menu_order":0,"comment_status":"closed","ping_status":"closed","template":"","meta":{"site-sidebar-layout":"default","site-content-layout":"default","ast-main-header-display":"","ast-hfb-above-header-display":"","ast-hfb-below-header-display":"","ast-hfb-mobile-header-display":"","site-post-title":"","ast-breadcrumbs-content":"","ast-featured-img":"","footer-sml-layout":"","theme-transparent-header-meta":"default","adv-header-id-meta":"","stick-header-meta":"","header-above-stick-meta":"","header-main-stick-meta":"","header-below-stick-meta":"","footnotes":""},"class_list":["post-71","page","type-page","status-publish","has-post-thumbnail","hentry"],"_links":{"self":[{"href":"https:\/\/www.lenquetedessens.dealersdescience.com\/index.php\/wp-json\/wp\/v2\/pages\/71","targetHints":{"allow":["GET"]}}],"collection":[{"href":"https:\/\/www.lenquetedessens.dealersdescience.com\/index.php\/wp-json\/wp\/v2\/pages"}],"about":[{"href":"https:\/\/www.lenquetedessens.dealersdescience.com\/index.php\/wp-json\/wp\/v2\/types\/page"}],"author":[{"embeddable":true,"href":"https:\/\/www.lenquetedessens.dealersdescience.com\/index.php\/wp-json\/wp\/v2\/users\/14"}],"replies":[{"embeddable":true,"href":"https:\/\/www.lenquetedessens.dealersdescience.com\/index.php\/wp-json\/wp\/v2\/comments?post=71"}],"version-history":[{"count":55,"href":"https:\/\/www.lenquetedessens.dealersdescience.com\/index.php\/wp-json\/wp\/v2\/pages\/71\/revisions"}],"predecessor-version":[{"id":6030,"href":"https:\/\/www.lenquetedessens.dealersdescience.com\/index.php\/wp-json\/wp\/v2\/pages\/71\/revisions\/6030"}],"wp:featuredmedia":[{"embeddable":true,"href":"https:\/\/www.lenquetedessens.dealersdescience.com\/index.php\/wp-json\/wp\/v2\/media\/5784"}],"wp:attachment":[{"href":"https:\/\/www.lenquetedessens.dealersdescience.com\/index.php\/wp-json\/wp\/v2\/media?parent=71"}],"curies":[{"name":"wp","href":"https:\/\/api.w.org\/{rel}","templated":true}]}}