{"id":77,"date":"2020-11-20T10:06:23","date_gmt":"2020-11-20T09:06:23","guid":{"rendered":"http:\/\/www.lenquetedessens.dealersdescience.com\/?page_id=77"},"modified":"2024-12-09T16:02:56","modified_gmt":"2024-12-09T15:02:56","slug":"les-dealers-de-science","status":"publish","type":"page","link":"https:\/\/www.lenquetedessens.dealersdescience.com\/index.php\/les-dealers-de-science\/","title":{"rendered":"Les Dealers de Science"},"content":{"rendered":"\n<div style=\"height:45px\" aria-hidden=\"true\" class=\"wp-block-spacer\"><\/div>\n\n\n\n<h3 class=\"wp-block-heading has-text-color\" style=\"color:#e09e2e\">Qui sont les Dealers de Science ?<\/h3>\n\n\n\n<p>Dealers de Science est l\u2019association de fili\u00e8re du master IMST (Information et m\u00e9diation scientifique et technique) de l\u2019<a href=\"https:\/\/www.u-bordeaux-montaigne.fr\/fr\/index.html\">Universit\u00e9 Bordeaux Montaigne<\/a>. Ce master est \u00e9galement co-habilit\u00e9 par l\u2019<a rel=\"noreferrer noopener\" href=\"http:\/\/www.u-bordeaux.fr\/\" target=\"_blank\">universit\u00e9 de Bordeaux.<\/a> Depuis plus de dix ans, l\u2019association met en avant des th\u00e9matiques socio-scientifiques au c\u0153ur de la m\u00e9tropole bordelaise. Au-del\u00e0 de la simple diffusion et communication de connaissances, nous souhaitons avant tout engager une r\u00e9flexion transdisciplinaire sur des sujets d\u2019actualit\u00e9.<\/p>\n\n\n\n<p>Les \u00e9tudiant\u00b7es suivant cette formation sont issu\u00b7es en majorit\u00e9 de fili\u00e8res scientifiques et ont souhait\u00e9 acqu\u00e9rir une comp\u00e9tence suppl\u00e9mentaire en m\u00e9diation. Ils apprennent \u00e0 concevoir des supports adapt\u00e9s et \u00e0 \u00e9laborer des strat\u00e9gies de communication efficaces pour la&nbsp;diffusion du savoir scientifique.<\/p>\n\n\n\n<div style=\"height:45px\" aria-hidden=\"true\" class=\"wp-block-spacer\"><\/div>\n\n\n\n<h3 class=\"wp-block-heading has-text-color\" style=\"color:#e09e2e\">Les \u00e9ditions pr\u00e9c\u00e9dentes<\/h3>\n\n\n\n<p>Pour la dixi\u00e8me ann\u00e9e cons\u00e9cutive, les Dealers de Science ont con\u00e7u plusieurs \u00e9v\u00e9nements d\u00e9di\u00e9s \u00e0 la culture scientifique, le temps d&rsquo;une \u00e9dition. Un th\u00e8me commun est choisi pour chacune des \u00e9ditions :<\/p>\n\n\n\n<ul class=\"wp-block-list\">\n<li><strong>2021 : L\u2019enqu\u00eate des sens<\/strong><\/li>\n\n\n\n<li><a href=\"https:\/\/dds-evenement.wixsite.com\/coulissesdessciences\">2020 : Coulisses des sciences<\/a><\/li>\n\n\n\n<li><a href=\"https:\/\/dds-evenement.wixsite.com\/reboot\">2019 : Homme et machine<\/a><\/li>\n\n\n\n<li><a href=\"http:\/\/dealersdescience.com\/thematique-de-lannee-lordre-et-le-desordre\/\">2018 : Ordres et d\u00e9sordres<\/a><\/li>\n\n\n\n<li><a href=\"http:\/\/dds-evenement.wixsite.com\/eredutemps\/accueil\">2017 : Le temps<\/a><\/li>\n\n\n\n<li><a href=\"http:\/\/dealersdescience.com\/archives2016-arts-et-sciences\/\">2016 : Arts et sciences<\/a><\/li>\n\n\n\n<li><a href=\"http:\/\/dealersdescience.com\/archives\/2015-le-risque\/\">2015 : Le risque<\/a><\/li>\n\n\n\n<li><a href=\"http:\/\/dealersdescience.com\/archives\/evenements-2014\/\">2014 : L\u2019innovation en Aquitaine : une longue histoire<\/a><\/li>\n\n\n\n<li><a href=\"http:\/\/dealersdescience.com\/archives\/evenements-2013\/\">2013 : Les neurosciences<\/a><\/li>\n\n\n\n<li><a href=\"http:\/\/dealersdescience.com\/archives\/evenements-2012-leau\/\">2012 : L\u2019eau<\/a><\/li>\n<\/ul>\n\n\n\n<div style=\"height:45px\" aria-hidden=\"true\" class=\"wp-block-spacer\"><\/div>\n\n\n\n<h3 class=\"wp-block-heading has-text-color\" style=\"color:#e09e2e\">Portraits de Dealers de Science<\/h3>\n\n\n\n<p>Concepteur\u00b7rices, r\u00e9dacteur\u00b7rices et animateur\u00b7rices de cette Semaine de Culture Scientifique et Technique 2021, les Dealers de Science se d\u00e9voilent \u00e0 vous dans ces portraits \u00e9crits les un\u00b7es pour et par les autres. 17 opportunit\u00e9s de partir \u00e0 la rencontre de celles et ceux qui vous ont accompagn\u00e9\u00b7es sur ces \u00e9v\u00e9nements en vous ouvrant les portes de la th\u00e9matique sensorielle. <\/p>\n\n\n\n<p>Pourquoi ont-i\u00b7elles choisi la m\u00e9diation des sciences ? Quelles sont leurs passions ? Quelles sont leurs ambitions pour l&rsquo;avenir ? Prenez le temps de rencontrer les plumes derri\u00e8re les textes, les organisateur\u00b7rices derri\u00e8re les temps-forts, les humain\u00b7es derri\u00e8re l&rsquo;\u00e9cran. Naviguez entre les lignes de ces pr\u00e9sentations pour une enqu\u00eate approfondie ou concentrez-vous sur les cartes sensorielles disponibles \u00e0 la fin de chaque article afin de dresser leur portrait-robot. Toutes les informations n\u00e9cessaires vous sont ici r\u00e9unies pour mener <em>L&rsquo;Enqu\u00eate des sens<\/em>.<\/p>\n\n\n<ul class=\"wp-block-latest-posts__list is-grid columns-3 aligncenter wp-block-latest-posts\"><li><div class=\"wp-block-latest-posts__featured-image aligncenter\"><a href=\"https:\/\/www.lenquetedessens.dealersdescience.com\/index.php\/2020\/11\/23\/portrait-tourte-aksel\/\" aria-label=\"Aksel : du papier \u00e0 la plume\"><img decoding=\"async\" width=\"150\" height=\"150\" src=\"https:\/\/www.lenquetedessens.dealersdescience.com\/wp-content\/uploads\/2020\/11\/TOURTE_Aksel-150x150.png\" class=\"attachment-thumbnail size-thumbnail wp-post-image\" alt=\"Portrait souriant d&#039;Aksel Tourte. Dans le coin bas gauche, le logo des Dealers de science, et en bas \u00e0 droite, celui de l&#039;Enqu\u00eate des sens.\" style=\"\" srcset=\"https:\/\/www.lenquetedessens.dealersdescience.com\/wp-content\/uploads\/2020\/11\/TOURTE_Aksel-150x150.png 150w, https:\/\/www.lenquetedessens.dealersdescience.com\/wp-content\/uploads\/2020\/11\/TOURTE_Aksel-300x300.png 300w, https:\/\/www.lenquetedessens.dealersdescience.com\/wp-content\/uploads\/2020\/11\/TOURTE_Aksel-768x768.png 768w, https:\/\/www.lenquetedessens.dealersdescience.com\/wp-content\/uploads\/2020\/11\/TOURTE_Aksel.png 1000w\" sizes=\"(max-width: 150px) 100vw, 150px\" \/><\/a><\/div><a class=\"wp-block-latest-posts__post-title\" href=\"https:\/\/www.lenquetedessens.dealersdescience.com\/index.php\/2020\/11\/23\/portrait-tourte-aksel\/\">Aksel : du papier \u00e0 la plume<\/a><\/li>\n<li><div class=\"wp-block-latest-posts__featured-image aligncenter\"><a href=\"https:\/\/www.lenquetedessens.dealersdescience.com\/index.php\/2020\/11\/23\/portrait-hiquet-sanchez-ana\/\" aria-label=\"Ana : loin d\u2019\u00eatre H.S\"><img decoding=\"async\" width=\"150\" height=\"150\" src=\"https:\/\/www.lenquetedessens.dealersdescience.com\/wp-content\/uploads\/2020\/11\/HIQUET-SANCHEZ_Ana-150x150.png\" class=\"attachment-thumbnail size-thumbnail wp-post-image\" alt=\"Portrait de Ana. Ana a les cheveux longs et d\u00e9tach\u00e9s. Elle fixe l&#039;objectif et nous livre un tr\u00e8s beau sourire. Derri\u00e8re elle on peut voir de grandes feuilles. Dans le coin bas gauche, le logo des Dealers de science, et en bas \u00e0 droite, celui de l&#039;Enqu\u00eate des sens.\" style=\"\" srcset=\"https:\/\/www.lenquetedessens.dealersdescience.com\/wp-content\/uploads\/2020\/11\/HIQUET-SANCHEZ_Ana-150x150.png 150w, https:\/\/www.lenquetedessens.dealersdescience.com\/wp-content\/uploads\/2020\/11\/HIQUET-SANCHEZ_Ana-300x300.png 300w, https:\/\/www.lenquetedessens.dealersdescience.com\/wp-content\/uploads\/2020\/11\/HIQUET-SANCHEZ_Ana-768x768.png 768w, https:\/\/www.lenquetedessens.dealersdescience.com\/wp-content\/uploads\/2020\/11\/HIQUET-SANCHEZ_Ana.png 1000w\" sizes=\"(max-width: 150px) 100vw, 150px\" \/><\/a><\/div><a class=\"wp-block-latest-posts__post-title\" href=\"https:\/\/www.lenquetedessens.dealersdescience.com\/index.php\/2020\/11\/23\/portrait-hiquet-sanchez-ana\/\">Ana : loin d\u2019\u00eatre H.S<\/a><\/li>\n<li><div class=\"wp-block-latest-posts__featured-image aligncenter\"><a href=\"https:\/\/www.lenquetedessens.dealersdescience.com\/index.php\/2020\/11\/23\/portrait-valex-aurore\/\" aria-label=\"Aurore : l&rsquo;optimiste\"><img decoding=\"async\" width=\"150\" height=\"150\" src=\"https:\/\/www.lenquetedessens.dealersdescience.com\/wp-content\/uploads\/2021\/01\/VALEX_Aurore-150x150.png\" class=\"attachment-thumbnail size-thumbnail wp-post-image\" alt=\"L&#039;arri\u00e8re-plan de l&#039;image pr\u00e9sente des feuilles vertes et des buissons. C&#039;est une photo prise en ext\u00e9rieur. Au premier plan, au centre de l&#039;image, Aurore Valex. Elle est une jeune femme habill\u00e9e d&#039;un haut noir ray\u00e9 de blanc aux manches courtes. Des cheveux roux tombant jusqu&#039;\u00e0 la poitrine encadrent un visage souriant perc\u00e9 de deux yeux marrons. Dans le coin bas gauche, le logo des Dealers de science, et en bas \u00e0 droite, celui de l&#039;Enqu\u00eate des sens.\" style=\"\" srcset=\"https:\/\/www.lenquetedessens.dealersdescience.com\/wp-content\/uploads\/2021\/01\/VALEX_Aurore-150x150.png 150w, https:\/\/www.lenquetedessens.dealersdescience.com\/wp-content\/uploads\/2021\/01\/VALEX_Aurore-300x300.png 300w, https:\/\/www.lenquetedessens.dealersdescience.com\/wp-content\/uploads\/2021\/01\/VALEX_Aurore-768x768.png 768w, https:\/\/www.lenquetedessens.dealersdescience.com\/wp-content\/uploads\/2021\/01\/VALEX_Aurore.png 1000w\" sizes=\"(max-width: 150px) 100vw, 150px\" \/><\/a><\/div><a class=\"wp-block-latest-posts__post-title\" href=\"https:\/\/www.lenquetedessens.dealersdescience.com\/index.php\/2020\/11\/23\/portrait-valex-aurore\/\">Aurore : l&rsquo;optimiste<\/a><\/li>\n<li><div class=\"wp-block-latest-posts__featured-image aligncenter\"><a href=\"https:\/\/www.lenquetedessens.dealersdescience.com\/index.php\/2020\/11\/23\/portrait-casanova-clemence\/\" aria-label=\"Cl\u00e9mence : l&rsquo;\u00e9cho des autres\"><img decoding=\"async\" width=\"150\" height=\"150\" src=\"https:\/\/www.lenquetedessens.dealersdescience.com\/wp-content\/uploads\/2021\/01\/CASANOVA_Clemence-150x150.png\" class=\"attachment-thumbnail size-thumbnail wp-post-image\" alt=\"Cl\u00e9mence pose devant un paysage de montagne ensoleill\u00e9. Elle a les bras pos\u00e9s sur un rocher et sourit. Dans le coin bas gauche, le logo des Dealers de science, et en bas \u00e0 droite, celui de l&#039;Enqu\u00eate des sens.\" style=\"\" srcset=\"https:\/\/www.lenquetedessens.dealersdescience.com\/wp-content\/uploads\/2021\/01\/CASANOVA_Clemence-150x150.png 150w, https:\/\/www.lenquetedessens.dealersdescience.com\/wp-content\/uploads\/2021\/01\/CASANOVA_Clemence-300x300.png 300w, https:\/\/www.lenquetedessens.dealersdescience.com\/wp-content\/uploads\/2021\/01\/CASANOVA_Clemence-768x768.png 768w, https:\/\/www.lenquetedessens.dealersdescience.com\/wp-content\/uploads\/2021\/01\/CASANOVA_Clemence.png 1000w\" sizes=\"(max-width: 150px) 100vw, 150px\" \/><\/a><\/div><a class=\"wp-block-latest-posts__post-title\" href=\"https:\/\/www.lenquetedessens.dealersdescience.com\/index.php\/2020\/11\/23\/portrait-casanova-clemence\/\">Cl\u00e9mence : l&rsquo;\u00e9cho des autres<\/a><\/li>\n<li><div class=\"wp-block-latest-posts__featured-image aligncenter\"><a href=\"https:\/\/www.lenquetedessens.dealersdescience.com\/index.php\/2020\/11\/23\/portrait-surzur-gwendal\/\" aria-label=\"Gwendal : le breton\"><img decoding=\"async\" width=\"150\" height=\"150\" src=\"https:\/\/www.lenquetedessens.dealersdescience.com\/wp-content\/uploads\/2020\/11\/SURZUR_Gwendal-150x150.png\" class=\"attachment-thumbnail size-thumbnail wp-post-image\" alt=\"Portrait de Gwendal, un homme \u00e0 la barbe longue de 24 ans assis en ext\u00e9rieur sur une pelouse. Dans le coin bas gauche, le logo des Dealers de science, et en bas \u00e0 droite, celui de l&#039;Enqu\u00eate des sens.\" style=\"\" srcset=\"https:\/\/www.lenquetedessens.dealersdescience.com\/wp-content\/uploads\/2020\/11\/SURZUR_Gwendal-150x150.png 150w, https:\/\/www.lenquetedessens.dealersdescience.com\/wp-content\/uploads\/2020\/11\/SURZUR_Gwendal-300x300.png 300w, https:\/\/www.lenquetedessens.dealersdescience.com\/wp-content\/uploads\/2020\/11\/SURZUR_Gwendal-768x768.png 768w, https:\/\/www.lenquetedessens.dealersdescience.com\/wp-content\/uploads\/2020\/11\/SURZUR_Gwendal.png 1000w\" sizes=\"(max-width: 150px) 100vw, 150px\" \/><\/a><\/div><a class=\"wp-block-latest-posts__post-title\" href=\"https:\/\/www.lenquetedessens.dealersdescience.com\/index.php\/2020\/11\/23\/portrait-surzur-gwendal\/\">Gwendal : le breton<\/a><\/li>\n<li><div class=\"wp-block-latest-posts__featured-image aligncenter\"><a href=\"https:\/\/www.lenquetedessens.dealersdescience.com\/index.php\/2020\/11\/23\/portrait-bermudes-johanna\/\" aria-label=\"Johanna : des maquettes et des sciences\"><img decoding=\"async\" width=\"150\" height=\"150\" src=\"https:\/\/www.lenquetedessens.dealersdescience.com\/wp-content\/uploads\/2021\/01\/BERMUDES_Johanna-150x150.png\" class=\"attachment-thumbnail size-thumbnail wp-post-image\" alt=\"Portrait de Johanna Bermudes au bord de la plage. Elle a les cheveux longs et bruns. Elle porte des lunettes de soleil et sourit. Dans le coin bas gauche, le logo des Dealers de science, et en bas \u00e0 droite, celui de l&#039;Enqu\u00eate des sens.\" style=\"\" srcset=\"https:\/\/www.lenquetedessens.dealersdescience.com\/wp-content\/uploads\/2021\/01\/BERMUDES_Johanna-150x150.png 150w, https:\/\/www.lenquetedessens.dealersdescience.com\/wp-content\/uploads\/2021\/01\/BERMUDES_Johanna-300x300.png 300w, https:\/\/www.lenquetedessens.dealersdescience.com\/wp-content\/uploads\/2021\/01\/BERMUDES_Johanna-768x768.png 768w, https:\/\/www.lenquetedessens.dealersdescience.com\/wp-content\/uploads\/2021\/01\/BERMUDES_Johanna.png 1000w\" sizes=\"(max-width: 150px) 100vw, 150px\" \/><\/a><\/div><a class=\"wp-block-latest-posts__post-title\" href=\"https:\/\/www.lenquetedessens.dealersdescience.com\/index.php\/2020\/11\/23\/portrait-bermudes-johanna\/\">Johanna : des maquettes et des sciences<\/a><\/li>\n<li><div class=\"wp-block-latest-posts__featured-image aligncenter\"><a href=\"https:\/\/www.lenquetedessens.dealersdescience.com\/index.php\/2020\/11\/23\/portrait-renno-justine\/\" aria-label=\"Justine : l\u2019esquisse d\u2019une passion\"><img decoding=\"async\" width=\"150\" height=\"150\" src=\"https:\/\/www.lenquetedessens.dealersdescience.com\/wp-content\/uploads\/2021\/01\/RENNO_Justine-150x150.png\" class=\"attachment-thumbnail size-thumbnail wp-post-image\" alt=\"Portrait de Justine Renno, souriante, les cheveux longs et blonds sur les \u00e9paules. Dans le coin bas gauche, le logo des Dealers de science, et en bas \u00e0 droite, celui de l&#039;Enqu\u00eate des sens.\" style=\"\" srcset=\"https:\/\/www.lenquetedessens.dealersdescience.com\/wp-content\/uploads\/2021\/01\/RENNO_Justine-150x150.png 150w, https:\/\/www.lenquetedessens.dealersdescience.com\/wp-content\/uploads\/2021\/01\/RENNO_Justine-300x300.png 300w, https:\/\/www.lenquetedessens.dealersdescience.com\/wp-content\/uploads\/2021\/01\/RENNO_Justine-768x768.png 768w, https:\/\/www.lenquetedessens.dealersdescience.com\/wp-content\/uploads\/2021\/01\/RENNO_Justine.png 1000w\" sizes=\"(max-width: 150px) 100vw, 150px\" \/><\/a><\/div><a class=\"wp-block-latest-posts__post-title\" href=\"https:\/\/www.lenquetedessens.dealersdescience.com\/index.php\/2020\/11\/23\/portrait-renno-justine\/\">Justine : l\u2019esquisse d\u2019une passion<\/a><\/li>\n<li><div class=\"wp-block-latest-posts__featured-image aligncenter\"><a href=\"https:\/\/www.lenquetedessens.dealersdescience.com\/index.php\/2020\/11\/23\/portrait-bonnel-kimberly\/\" aria-label=\"Kimberly : passion et partage\"><img decoding=\"async\" width=\"150\" height=\"150\" src=\"https:\/\/www.lenquetedessens.dealersdescience.com\/wp-content\/uploads\/2021\/01\/BONNEL_Kimberly-1-150x150.png\" class=\"attachment-thumbnail size-thumbnail wp-post-image\" alt=\"Portrait de Kimberly Bonnel, souriante, ses cheveux roses et longs encadrent son visage. Dans le coin bas gauche, le logo des Dealers de science, et en bas \u00e0 droite, celui de l&#039;Enqu\u00eate des sens.\" style=\"\" srcset=\"https:\/\/www.lenquetedessens.dealersdescience.com\/wp-content\/uploads\/2021\/01\/BONNEL_Kimberly-1-150x150.png 150w, https:\/\/www.lenquetedessens.dealersdescience.com\/wp-content\/uploads\/2021\/01\/BONNEL_Kimberly-1-300x300.png 300w, https:\/\/www.lenquetedessens.dealersdescience.com\/wp-content\/uploads\/2021\/01\/BONNEL_Kimberly-1-768x768.png 768w, https:\/\/www.lenquetedessens.dealersdescience.com\/wp-content\/uploads\/2021\/01\/BONNEL_Kimberly-1.png 1000w\" sizes=\"(max-width: 150px) 100vw, 150px\" \/><\/a><\/div><a class=\"wp-block-latest-posts__post-title\" href=\"https:\/\/www.lenquetedessens.dealersdescience.com\/index.php\/2020\/11\/23\/portrait-bonnel-kimberly\/\">Kimberly : passion et partage<\/a><\/li>\n<li><div class=\"wp-block-latest-posts__featured-image aligncenter\"><a href=\"https:\/\/www.lenquetedessens.dealersdescience.com\/index.php\/2020\/11\/23\/portrait-greffet-lina\/\" aria-label=\"Lina : une pour toutes\"><img decoding=\"async\" width=\"150\" height=\"150\" src=\"https:\/\/www.lenquetedessens.dealersdescience.com\/wp-content\/uploads\/2021\/01\/GREFFET_Lina-150x150.png\" class=\"attachment-thumbnail size-thumbnail wp-post-image\" alt=\"Portrait tr\u00e8s souriant de Lina Greffet. Ses yeux disparaissent sous l&#039;effet d&#039;un large sourire. Dans le coin bas gauche, le logo des Dealers de science, et en bas \u00e0 droite, celui de l&#039;Enqu\u00eate des sens.\" style=\"\" srcset=\"https:\/\/www.lenquetedessens.dealersdescience.com\/wp-content\/uploads\/2021\/01\/GREFFET_Lina-150x150.png 150w, https:\/\/www.lenquetedessens.dealersdescience.com\/wp-content\/uploads\/2021\/01\/GREFFET_Lina-300x300.png 300w, https:\/\/www.lenquetedessens.dealersdescience.com\/wp-content\/uploads\/2021\/01\/GREFFET_Lina-768x768.png 768w, https:\/\/www.lenquetedessens.dealersdescience.com\/wp-content\/uploads\/2021\/01\/GREFFET_Lina.png 1000w\" sizes=\"(max-width: 150px) 100vw, 150px\" \/><\/a><\/div><a class=\"wp-block-latest-posts__post-title\" href=\"https:\/\/www.lenquetedessens.dealersdescience.com\/index.php\/2020\/11\/23\/portrait-greffet-lina\/\">Lina : une pour toutes<\/a><\/li>\n<li><div class=\"wp-block-latest-posts__featured-image aligncenter\"><a href=\"https:\/\/www.lenquetedessens.dealersdescience.com\/index.php\/2020\/11\/23\/portrait-florent-nathan\/\" aria-label=\"Nathan : l\u2019inconnu, sans \u00e9quation\"><img decoding=\"async\" width=\"150\" height=\"150\" src=\"https:\/\/www.lenquetedessens.dealersdescience.com\/wp-content\/uploads\/2021\/01\/FLORENT_Nathan-150x150.png\" class=\"attachment-thumbnail size-thumbnail wp-post-image\" alt=\"Portrait de Nathan Florent, un sac sur le dos, pr\u00eat \u00e0 l&#039;action ! Dans le coin bas gauche, le logo des Dealers de science, et en bas \u00e0 droite, celui de l&#039;Enqu\u00eate des sens.\" style=\"\" srcset=\"https:\/\/www.lenquetedessens.dealersdescience.com\/wp-content\/uploads\/2021\/01\/FLORENT_Nathan-150x150.png 150w, https:\/\/www.lenquetedessens.dealersdescience.com\/wp-content\/uploads\/2021\/01\/FLORENT_Nathan-300x300.png 300w, https:\/\/www.lenquetedessens.dealersdescience.com\/wp-content\/uploads\/2021\/01\/FLORENT_Nathan-768x768.png 768w, https:\/\/www.lenquetedessens.dealersdescience.com\/wp-content\/uploads\/2021\/01\/FLORENT_Nathan.png 1000w\" sizes=\"(max-width: 150px) 100vw, 150px\" \/><\/a><\/div><a class=\"wp-block-latest-posts__post-title\" href=\"https:\/\/www.lenquetedessens.dealersdescience.com\/index.php\/2020\/11\/23\/portrait-florent-nathan\/\">Nathan : l\u2019inconnu, sans \u00e9quation<\/a><\/li>\n<li><div class=\"wp-block-latest-posts__featured-image aligncenter\"><a href=\"https:\/\/www.lenquetedessens.dealersdescience.com\/index.php\/2020\/11\/23\/portrait-krajcman-noelle\/\" aria-label=\"No\u00eblle : math\u00e9maticienne mordue d\u2019art\"><img decoding=\"async\" width=\"150\" height=\"150\" src=\"https:\/\/www.lenquetedessens.dealersdescience.com\/wp-content\/uploads\/2021\/01\/KRAJMAN_Noelle-150x150.png\" class=\"attachment-thumbnail size-thumbnail wp-post-image\" alt=\"Portrait de No\u00eblle. Elle prend la pose devant de jolis arbres en fleurs. Dans le coin bas gauche, le logo des Dealers de science, et en bas \u00e0 droite, celui de l&#039;Enqu\u00eate des sens.\" style=\"\" srcset=\"https:\/\/www.lenquetedessens.dealersdescience.com\/wp-content\/uploads\/2021\/01\/KRAJMAN_Noelle-150x150.png 150w, https:\/\/www.lenquetedessens.dealersdescience.com\/wp-content\/uploads\/2021\/01\/KRAJMAN_Noelle-300x300.png 300w, https:\/\/www.lenquetedessens.dealersdescience.com\/wp-content\/uploads\/2021\/01\/KRAJMAN_Noelle-768x768.png 768w, https:\/\/www.lenquetedessens.dealersdescience.com\/wp-content\/uploads\/2021\/01\/KRAJMAN_Noelle.png 1000w\" sizes=\"(max-width: 150px) 100vw, 150px\" \/><\/a><\/div><a class=\"wp-block-latest-posts__post-title\" href=\"https:\/\/www.lenquetedessens.dealersdescience.com\/index.php\/2020\/11\/23\/portrait-krajcman-noelle\/\">No\u00eblle : math\u00e9maticienne mordue d\u2019art<\/a><\/li>\n<li><div class=\"wp-block-latest-posts__featured-image aligncenter\"><a href=\"https:\/\/www.lenquetedessens.dealersdescience.com\/index.php\/2020\/11\/23\/portrait-coste-typhaine\/\" aria-label=\"Typhaine : r\u00eave d\u2019\u00e9lans qui boivent du caf\u00e9\"><img decoding=\"async\" width=\"150\" height=\"150\" src=\"https:\/\/www.lenquetedessens.dealersdescience.com\/wp-content\/uploads\/2021\/01\/COSTE_Typhaine-150x150.png\" class=\"attachment-thumbnail size-thumbnail wp-post-image\" alt=\"Portrait espi\u00e8gle de Typhaine Coste. Ses longs cheveux noirs sont r\u00e9unis en deux petits chignons de chaque c\u00f4t\u00e9 de sa t\u00eate. Dans le coin bas gauche, le logo des Dealers de science, et en bas \u00e0 droite, celui de l&#039;Enqu\u00eate des sens.\" style=\"\" srcset=\"https:\/\/www.lenquetedessens.dealersdescience.com\/wp-content\/uploads\/2021\/01\/COSTE_Typhaine-150x150.png 150w, https:\/\/www.lenquetedessens.dealersdescience.com\/wp-content\/uploads\/2021\/01\/COSTE_Typhaine-300x300.png 300w, https:\/\/www.lenquetedessens.dealersdescience.com\/wp-content\/uploads\/2021\/01\/COSTE_Typhaine-768x768.png 768w, https:\/\/www.lenquetedessens.dealersdescience.com\/wp-content\/uploads\/2021\/01\/COSTE_Typhaine.png 1000w\" sizes=\"(max-width: 150px) 100vw, 150px\" \/><\/a><\/div><a class=\"wp-block-latest-posts__post-title\" href=\"https:\/\/www.lenquetedessens.dealersdescience.com\/index.php\/2020\/11\/23\/portrait-coste-typhaine\/\">Typhaine : r\u00eave d\u2019\u00e9lans qui boivent du caf\u00e9<\/a><\/li>\n<\/ul>\n\n\n<div style=\"height:45px\" aria-hidden=\"true\" class=\"wp-block-spacer\"><\/div>\n\n\n\n<h3 class=\"wp-block-heading has-text-color\" style=\"color:#e09e2e\">Sciences \u00e0 l\u2019antenne<\/h3>\n\n\n\n<p>Les Dealers de Science, c\u2019est aussi une \u00e9quipe qui anime de fa\u00e7on bimensuelle une \u00e9mission de radio.&nbsp;<br><em>Sciences \u00e0 l\u2019antenne<\/em> est une \u00e9mission de vulgarisation scientifique diffus\u00e9e un mercredi sur deux, de 19 h \u00e0 20 h sur <a href=\"http:\/\/www.bordeaux.radio-campus.org\/\">Radio Campus Bordeaux 88.1<\/a>.<br>Pendant cette heure, les \u00e9tudiant\u00b7es choisissent un th\u00e8me et abordent diff\u00e9rents points de vue sur ce dernier. L\u2019\u00e9mission tourne autour de l\u2019interview en direct d\u2019un\u00b7e sp\u00e9cialiste du sujet. Apr\u00e8s ce moment d\u2019\u00e9changes s\u2019articulent diff\u00e9rentes chroniques, actualit\u00e9s et m\u00eame un agenda pour ne pas rater d\u2019\u00e9v\u00e9nements de culture scientifique dans l\u2019agglom\u00e9ration bordelaise.&nbsp;<br>Les Dealers de Science mettent un point d\u2019honneur \u00e0 \u00eatre pluridisciplinaires, en traitant de sciences th\u00e9oriques et exp\u00e9rimentales.&nbsp;<\/p>\n\n\n\n<p>Si vous voulez en savoir plus, et en entendre plus, n\u2019h\u00e9sitez pas \u00e0 \u00e9couter nos derni\u00e8res \u00e9missions sur le SoundCloud de <em>Sciences \u00e0 l\u2019antenne<\/em>.<\/p>\n\n\n\n<div class=\"wp-block-columns is-layout-flex wp-container-core-columns-is-layout-9d6595d7 wp-block-columns-is-layout-flex\">\n<div class=\"wp-block-column is-layout-flow wp-block-column-is-layout-flow\">\n<figure class=\"wp-block-embed is-type-rich is-provider-soundcloud wp-block-embed-soundcloud wp-embed-aspect-4-3 wp-has-aspect-ratio\"><div class=\"wp-block-embed__wrapper\">\n<iframe title=\"Sciences \u00e0 l&#039;antenne 2020-2021 by Radio Campus Bordeaux\" width=\"500\" height=\"450\" scrolling=\"no\" frameborder=\"no\" src=\"https:\/\/w.soundcloud.com\/player\/?visual=true&#038;url=https%3A%2F%2Fapi.soundcloud.com%2Fplaylists%2F1194567433&#038;show_artwork=true&#038;maxheight=750&#038;maxwidth=500\"><\/iframe>\n<\/div><\/figure>\n<\/div>\n\n\n\n<div class=\"wp-block-column is-layout-flow wp-block-column-is-layout-flow\">\n<figure class=\"wp-block-embed is-type-rich is-provider-soundcloud wp-block-embed-soundcloud wp-embed-aspect-4-3 wp-has-aspect-ratio\"><div class=\"wp-block-embed__wrapper\">\n<iframe title=\"Sciences \u00e0 l&#039;antenne 2019-2020 by Radio Campus Bordeaux\" width=\"500\" height=\"450\" scrolling=\"no\" frameborder=\"no\" src=\"https:\/\/w.soundcloud.com\/player\/?visual=true&#038;url=https%3A%2F%2Fapi.soundcloud.com%2Fplaylists%2F911797078&#038;show_artwork=true&#038;maxheight=750&#038;maxwidth=500\"><\/iframe>\n<\/div><\/figure>\n<\/div>\n<\/div>\n\n\n\n<div style=\"height:45px\" aria-hidden=\"true\" class=\"wp-block-spacer\"><\/div>\n\n\n\n<h3 class=\"wp-block-heading has-text-color\" style=\"color:#e09e2e\">Nous contacter<\/h3>\n\n\n<div class=\"wpforms-container wpforms-container-full cntctfrm_contact_form margin auto width 400px  wpforms-block wpforms-block-c593fc12-2757-4e44-b8e1-09d15da98971\" id=\"wpforms-297\"><form id=\"wpforms-form-297\" class=\"wpforms-validate wpforms-form\" data-formid=\"297\" method=\"post\" enctype=\"multipart\/form-data\" action=\"\/index.php\/wp-json\/wp\/v2\/pages\/77\" data-token=\"924896388c8f89189ce4db9961a2898c\" data-token-time=\"1777609527\"><noscript class=\"wpforms-error-noscript\">Veuillez activer JavaScript dans votre navigateur pour remplir ce formulaire.<\/noscript><div class=\"wpforms-field-container\"><div id=\"wpforms-297-field_0-container\" class=\"wpforms-field wpforms-field-name\" data-field-id=\"0\"><label class=\"wpforms-field-label\">Nom <span class=\"wpforms-required-label\">*<\/span><\/label><div class=\"wpforms-field-row wpforms-field-large\"><div class=\"wpforms-field-row-block wpforms-first wpforms-one-half\"><input type=\"text\" id=\"wpforms-297-field_0\" class=\"wpforms-field-name-first wpforms-field-required\" name=\"wpforms[fields][0][first]\" required><label for=\"wpforms-297-field_0\" class=\"wpforms-field-sublabel after\">Pr\u00e9nom<\/label><\/div><div class=\"wpforms-field-row-block wpforms-one-half\"><input type=\"text\" id=\"wpforms-297-field_0-last\" class=\"wpforms-field-name-last wpforms-field-required\" name=\"wpforms[fields][0][last]\" required><label for=\"wpforms-297-field_0-last\" class=\"wpforms-field-sublabel after\">Nom<\/label><\/div><\/div><\/div><div id=\"wpforms-297-field_1-container\" class=\"wpforms-field wpforms-field-email\" data-field-id=\"1\"><label class=\"wpforms-field-label\" for=\"wpforms-297-field_1\">E-mail <span class=\"wpforms-required-label\">*<\/span><\/label><input type=\"email\" id=\"wpforms-297-field_1\" class=\"wpforms-field-large wpforms-field-required\" name=\"wpforms[fields][1]\" spellcheck=\"false\" required><\/div><div id=\"wpforms-297-field_2-container\" class=\"wpforms-field wpforms-field-textarea\" data-field-id=\"2\"><label class=\"wpforms-field-label\" for=\"wpforms-297-field_2\">Commentaire ou message <span class=\"wpforms-required-label\">*<\/span><\/label><textarea id=\"wpforms-297-field_2\" class=\"wpforms-field-medium wpforms-field-required\" name=\"wpforms[fields][2]\" required><\/textarea><\/div><\/div><!-- .wpforms-field-container --><div class=\"wpforms-submit-container\" ><input type=\"hidden\" name=\"wpforms[id]\" value=\"297\"><input type=\"hidden\" name=\"page_title\" value=\"\"><input type=\"hidden\" name=\"page_url\" value=\"https:\/\/www.lenquetedessens.dealersdescience.com\/index.php\/wp-json\/wp\/v2\/pages\/77\"><input type=\"hidden\" name=\"url_referer\" value=\"\"><button type=\"submit\" name=\"wpforms[submit]\" id=\"wpforms-submit-297\" class=\"wpforms-submit\" data-alt-text=\"Envoi...\" data-submit-text=\"Envoyer\" aria-live=\"assertive\" value=\"wpforms-submit\">Envoyer<\/button><\/div><\/form><\/div>  <!-- .wpforms-container -->","protected":false},"excerpt":{"rendered":"<p>Qui sont les Dealers de Science ? Dealers de Science est l\u2019association de fili\u00e8re du master IMST (Information et m\u00e9diation scientifique et technique) de l\u2019Universit\u00e9 Bordeaux Montaigne. Ce master est \u00e9galement co-habilit\u00e9 par l\u2019universit\u00e9 de Bordeaux. Depuis plus de dix ans, l\u2019association met en avant des th\u00e9matiques socio-scientifiques au c\u0153ur de la m\u00e9tropole bordelaise. Au-del\u00e0 &hellip;<\/p>\n<p class=\"read-more\"> <a class=\"\" href=\"https:\/\/www.lenquetedessens.dealersdescience.com\/index.php\/les-dealers-de-science\/\"> <span class=\"screen-reader-text\">Les Dealers de Science<\/span> Lire la suite\u00a0\u00bb<\/a><\/p>\n","protected":false},"author":4,"featured_media":122,"parent":0,"menu_order":0,"comment_status":"closed","ping_status":"closed","template":"","meta":{"site-sidebar-layout":"default","site-content-layout":"default","ast-main-header-display":"","ast-hfb-above-header-display":"","ast-hfb-below-header-display":"","ast-hfb-mobile-header-display":"","site-post-title":"","ast-breadcrumbs-content":"","ast-featured-img":"","footer-sml-layout":"","theme-transparent-header-meta":"default","adv-header-id-meta":"","stick-header-meta":"","header-above-stick-meta":"","header-main-stick-meta":"","header-below-stick-meta":"","footnotes":""},"class_list":["post-77","page","type-page","status-publish","has-post-thumbnail","hentry"],"_links":{"self":[{"href":"https:\/\/www.lenquetedessens.dealersdescience.com\/index.php\/wp-json\/wp\/v2\/pages\/77","targetHints":{"allow":["GET"]}}],"collection":[{"href":"https:\/\/www.lenquetedessens.dealersdescience.com\/index.php\/wp-json\/wp\/v2\/pages"}],"about":[{"href":"https:\/\/www.lenquetedessens.dealersdescience.com\/index.php\/wp-json\/wp\/v2\/types\/page"}],"author":[{"embeddable":true,"href":"https:\/\/www.lenquetedessens.dealersdescience.com\/index.php\/wp-json\/wp\/v2\/users\/4"}],"replies":[{"embeddable":true,"href":"https:\/\/www.lenquetedessens.dealersdescience.com\/index.php\/wp-json\/wp\/v2\/comments?post=77"}],"version-history":[{"count":82,"href":"https:\/\/www.lenquetedessens.dealersdescience.com\/index.php\/wp-json\/wp\/v2\/pages\/77\/revisions"}],"predecessor-version":[{"id":6120,"href":"https:\/\/www.lenquetedessens.dealersdescience.com\/index.php\/wp-json\/wp\/v2\/pages\/77\/revisions\/6120"}],"wp:featuredmedia":[{"embeddable":true,"href":"https:\/\/www.lenquetedessens.dealersdescience.com\/index.php\/wp-json\/wp\/v2\/media\/122"}],"wp:attachment":[{"href":"https:\/\/www.lenquetedessens.dealersdescience.com\/index.php\/wp-json\/wp\/v2\/media?parent=77"}],"curies":[{"name":"wp","href":"https:\/\/api.w.org\/{rel}","templated":true}]}}